{"id":1029,"date":"2016-08-25T13:52:30","date_gmt":"2016-08-25T12:52:30","guid":{"rendered":"http:\/\/pressetaux.fr\/cambrai\/?page_id=1029"},"modified":"2022-01-31T15:54:35","modified_gmt":"2022-01-31T14:54:35","slug":"contact","status":"publish","type":"page","link":"https:\/\/pressetaux.fr\/cambrai\/contact\/","title":{"rendered":"Nous contacter"},"content":{"rendered":"<p>[vc_row][vc_column offset=\u00a0\u00bbvc_hidden-sm vc_hidden-xs\u00a0\u00bb][vc_single_image image=\u00a0\u00bb1336&Prime; img_size=\u00a0\u00bbfull\u00a0\u00bb alignment=\u00a0\u00bbcenter\u00a0\u00bb][\/vc_column][\/vc_row][vc_row][vc_column offset=\u00a0\u00bbvc_hidden-lg vc_hidden-md\u00a0\u00bb][vc_column_text]Les diff\u00e9rents moyens de nous <strong>contacter<\/strong>.[\/vc_column_text][\/vc_column][\/vc_row][vc_row][vc_column][vc_empty_space height=\u00a0\u00bb50px\u00a0\u00bb][\/vc_column][\/vc_row][vc_row][vc_column][vc_column_text]<\/p>\n<p style=\"text-align: center;\"><strong>Vous souhaitez \u00eatre contact\u00e9 par un de nos conseillers PresseTaux, cliquez ici :<\/strong><\/p>\n<p>[\/vc_column_text][vc_column_text]<\/p>\n<p style=\"text-align: center;\"><a href=\"https:\/\/pressetaux.fr\/cambrai\/contactez\/\"><img loading=\"lazy\" class=\"alignnone size-medium wp-image-1339\" src=\"https:\/\/pressetaux.fr\/cambrai\/wp-content\/uploads\/sites\/3\/2016\/08\/contacter-mail-pressetaux-300x77.png\" alt=\"\" width=\"300\" height=\"77\" srcset=\"https:\/\/pressetaux.fr\/cambrai\/wp-content\/uploads\/sites\/3\/2016\/08\/contacter-mail-pressetaux-300x77.png 300w, https:\/\/pressetaux.fr\/cambrai\/wp-content\/uploads\/sites\/3\/2016\/08\/contacter-mail-pressetaux-24x6.png 24w, https:\/\/pressetaux.fr\/cambrai\/wp-content\/uploads\/sites\/3\/2016\/08\/contacter-mail-pressetaux-36x9.png 36w, https:\/\/pressetaux.fr\/cambrai\/wp-content\/uploads\/sites\/3\/2016\/08\/contacter-mail-pressetaux-48x12.png 48w, https:\/\/pressetaux.fr\/cambrai\/wp-content\/uploads\/sites\/3\/2016\/08\/contacter-mail-pressetaux.png 365w\" sizes=\"(max-width: 300px) 100vw, 300px\" \/><\/a><\/p>\n<p>[\/vc_column_text][\/vc_column][\/vc_row][vc_row][vc_column][vc_column_text]<\/p>\n<p style=\"text-align: center;\"><strong>Vous souhaitez devenir partenaire de PresseTaux, cliquez ici :<\/strong><\/p>\n<p>[\/vc_column_text][vc_column_text]<\/p>\n<p style=\"text-align: center;\"><a href=\"https:\/\/pressetaux.fr\/cambrai\/devenir-partenaire-2\"><img loading=\"lazy\" class=\"alignnone size-medium wp-image-1340\" src=\"https:\/\/pressetaux.fr\/cambrai\/wp-content\/uploads\/sites\/3\/2016\/08\/devenir-partenaire-reseau-pressetaux-300x77.png\" alt=\"\" width=\"300\" height=\"77\" srcset=\"https:\/\/pressetaux.fr\/cambrai\/wp-content\/uploads\/sites\/3\/2016\/08\/devenir-partenaire-reseau-pressetaux-300x77.png 300w, https:\/\/pressetaux.fr\/cambrai\/wp-content\/uploads\/sites\/3\/2016\/08\/devenir-partenaire-reseau-pressetaux-24x6.png 24w, https:\/\/pressetaux.fr\/cambrai\/wp-content\/uploads\/sites\/3\/2016\/08\/devenir-partenaire-reseau-pressetaux-36x9.png 36w, https:\/\/pressetaux.fr\/cambrai\/wp-content\/uploads\/sites\/3\/2016\/08\/devenir-partenaire-reseau-pressetaux-48x12.png 48w, https:\/\/pressetaux.fr\/cambrai\/wp-content\/uploads\/sites\/3\/2016\/08\/devenir-partenaire-reseau-pressetaux.png 365w\" sizes=\"(max-width: 300px) 100vw, 300px\" \/><\/a><\/p>\n<p>[\/vc_column_text][\/vc_column][\/vc_row][vc_row][vc_column][vc_column_text]<\/p>\n<p style=\"text-align: center;\"><strong>Vous \u00eates d\u00e9j\u00e0 Partenaire et vous souhaitez nous transmettre un contact, cliquez ici :<\/strong><\/p>\n<p>[\/vc_column_text][vc_column_text]<\/p>\n<p style=\"text-align: center;\"><a href=\"https:\/\/pressetaux.fr\/cambrai\/contact-partenaire-2\"><img loading=\"lazy\" class=\"alignnone size-medium wp-image-1338\" src=\"https:\/\/pressetaux.fr\/cambrai\/wp-content\/uploads\/sites\/3\/2016\/08\/contact-partenaire-reseau-pressetaux-300x77.png\" alt=\"\" width=\"300\" height=\"77\" srcset=\"https:\/\/pressetaux.fr\/cambrai\/wp-content\/uploads\/sites\/3\/2016\/08\/contact-partenaire-reseau-pressetaux-300x77.png 300w, https:\/\/pressetaux.fr\/cambrai\/wp-content\/uploads\/sites\/3\/2016\/08\/contact-partenaire-reseau-pressetaux-24x6.png 24w, https:\/\/pressetaux.fr\/cambrai\/wp-content\/uploads\/sites\/3\/2016\/08\/contact-partenaire-reseau-pressetaux-36x9.png 36w, https:\/\/pressetaux.fr\/cambrai\/wp-content\/uploads\/sites\/3\/2016\/08\/contact-partenaire-reseau-pressetaux-48x12.png 48w, https:\/\/pressetaux.fr\/cambrai\/wp-content\/uploads\/sites\/3\/2016\/08\/contact-partenaire-reseau-pressetaux.png 365w\" sizes=\"(max-width: 300px) 100vw, 300px\" \/><\/a><\/p>\n<p>[\/vc_column_text][\/vc_column][\/vc_row][vc_row][vc_column][vc_text_separator title=\u00a0\u00bbSatisfaction de nos clients\u00a0\u00bb color=\u00a0\u00bborange\u00a0\u00bb][\/vc_column][\/vc_row][vc_row][vc_column][vc_column_text]Ils nous ont fait confiance, retrouvez leurs avis et t\u00e9moignages sur : <a href=\"https:\/\/www.google.fr\/search?q=PresseTaux+Cambrai&amp;source=hp&amp;ei=jZW4YfWbEtGRlwTbzpOQAQ&amp;iflsig=ALs-wAMAAAAAYbijnSSuFrAn5ygdes8O44PmpX28DVdT&amp;ved=0ahUKEwi1lu2_rOP0AhXRyIUKHVvnBBIQ4dUDCAs&amp;uact=5&amp;oq=PresseTaux+Cambrai&amp;gs_lcp=Cgdnd3Mtd2l6EAMyCwguEIAEEMcBEK8BMgIIJjoLCAAQgAQQsQMQgwE6EQguEIAEELEDEIMBEMcBEKMCOg4ILhCABBCxAxDHARDRAzoLCC4QgAQQxwEQowI6CwguEIAEELEDEIMBOggIABCABBCxAzoOCC4QgAQQsQMQxwEQowI6BQgAEIAEOggIABCxAxCDAToICC4QgAQQsQM6BQguEIAEOgQILhADOgsIABCxAxCDARDJAzoHCAAQgAQQCjoGCAAQFhAeUABYyxxg0CBoAHAAeAGAAcABiAGnD5IBBDcuMTGYAQCgAQE&amp;sclient=gws-wiz#lrd=0x47c2bc97da2d3b45:0x92fbe297ac21b3e,1,,,\" target=\"blank\" rel=\"noopener noreferrer\">Google<\/a>, <a href=\"https:\/\/pressetaux.fr\/cambrai\/category\/temoignagesblog\/\">Nos t\u00e9moignages<\/a> et <a href=\"https:\/\/www.facebook.com\/pressetauxcambrai\/reviews\/?ref=page_internal&amp;locale=fr_FR\" target=\"blank\" rel=\"noopener noreferrer\">Facebook<\/a>[\/vc_column_text][\/vc_column][\/vc_row][vc_row][vc_column][vc_text_separator title=\u00a0\u00bbNotre programme de parrainage\u00a0\u00bb color=\u00a0\u00bborange\u00a0\u00bb][\/vc_column][\/vc_row][vc_row][vc_column][vc_column_text]Nos clients nous ont fait confiance, leur satisfaction est notre priorit\u00e9.<br \/>\nGr\u00e2ce \u00e0 notre programme de parrainage, nos clients b\u00e9n\u00e9ficient d&rsquo;un bon d&rsquo;achat pour tout dossier finalis\u00e9.<br \/>\n<strong>Parrainez un de vos proches, c&rsquo;est tr\u00e8s simple, <a href=\"https:\/\/pressetaux.fr\/cambrai\/parrainez-vos-amis\/\">cliquez-ici !<\/a><\/strong>[\/vc_column_text][\/vc_column][\/vc_row]<\/p>\n","protected":false},"excerpt":{"rendered":"<p>[vc_row][vc_column offset=\u00a0\u00bbvc_hidden-sm vc_hidden-xs\u00a0\u00bb][vc_single_image image=\u00a0\u00bb1336&Prime; img_size=\u00a0\u00bbfull\u00a0\u00bb alignment=\u00a0\u00bbcenter\u00a0\u00bb][\/vc_column][\/vc_row][vc_row][vc_column offset=\u00a0\u00bbvc_hidden-lg vc_hidden-md\u00a0\u00bb][vc_column_text]Les diff\u00e9rents moyens de nous contacter.[\/vc_column_text][\/vc_column][\/vc_row][vc_row][vc_column][vc_empty_space height=\u00a0\u00bb50px\u00a0\u00bb][\/vc_column][\/vc_row][vc_row][vc_column][vc_column_text] Vous souhaitez \u00eatre contact\u00e9 par un de nos conseillers PresseTaux, cliquez ici : [\/vc_column_text][vc_column_text] [\/vc_column_text][\/vc_column][\/vc_row][vc_row][vc_column][vc_column_text] Vous souhaitez devenir partenaire de PresseTaux, cliquez ici : [\/vc_column_text][vc_column_text] [\/vc_column_text][\/vc_column][\/vc_row][vc_row][vc_column][vc_column_text] Vous \u00eates d\u00e9j\u00e0 Partenaire et vous souhaitez nous transmettre un contact, cliquez ici : [\/vc_column_text][vc_column_text] [\/vc_column_text][\/vc_column][\/vc_row][vc_row][vc_column][vc_text_separator title=\u00a0\u00bbSatisfaction de nos clients\u00a0\u00bb color=\u00a0\u00bborange\u00a0\u00bb][\/vc_column][\/vc_row][vc_row][vc_column][vc_column_text]Ils nous ont fait confiance, retrouvez leurs avis et t\u00e9moignages sur : Google, Nos t\u00e9moignages et Facebook[\/vc_column_text][\/vc_column][\/vc_row][vc_row][vc_column][vc_text_separator title=\u00a0\u00bbNotre programme de parrainage\u00a0\u00bb color=\u00a0\u00bborange\u00a0\u00bb][\/vc_column][\/vc_row][vc_row][vc_column][vc_column_text]Nos clients nous ont fait confiance, leur satisfaction est notre priorit\u00e9. Gr\u00e2ce \u00e0 notre programme de parrainage, nos clients b\u00e9n\u00e9ficient d&rsquo;un bon d&rsquo;achat pour tout dossier finalis\u00e9. Parrainez un de vos proches, c&rsquo;est tr\u00e8s simple, cliquez-ici ![\/vc_column_text][\/vc_column][\/vc_row]<\/p>\n","protected":false},"author":8,"featured_media":0,"parent":0,"menu_order":0,"comment_status":"closed","ping_status":"closed","template":"","meta":{"_genesis_hide_title":false,"_genesis_hide_breadcrumbs":false,"_genesis_hide_singular_image":false,"_genesis_hide_footer_widgets":false,"_genesis_custom_body_class":"nous-contacter","_genesis_custom_post_class":"","_genesis_layout":""},"yoast_head":"<!-- This site is optimized with the Yoast SEO plugin v17.8 - https:\/\/yoast.com\/wordpress\/plugins\/seo\/ -->\n<title>Contactez-nous pour une \u00e9tude personnalis\u00e9e gratuite<\/title>\n<meta name=\"description\" content=\"Contactez-nous : PresseTaux : courtiers en cr\u00e9dit n\u00e9goci\u00e9 \u00e0 travers toute la France. Profitez de leur exp\u00e9rience pour vos futurs projets.\" \/>\n<meta name=\"robots\" content=\"index, follow, max-snippet:-1, max-image-preview:large, max-video-preview:-1\" \/>\n<link rel=\"canonical\" href=\"https:\/\/pressetaux.fr\/cambrai\/contact\/\" \/>\n<meta property=\"og:locale\" content=\"fr_FR\" \/>\n<meta property=\"og:type\" content=\"article\" \/>\n<meta property=\"og:title\" content=\"Contactez-nous pour une \u00e9tude personnalis\u00e9e gratuite\" \/>\n<meta property=\"og:description\" content=\"Contactez-nous : PresseTaux : courtiers en cr\u00e9dit n\u00e9goci\u00e9 \u00e0 travers toute la France. Profitez de leur exp\u00e9rience pour vos futurs projets.\" \/>\n<meta property=\"og:url\" content=\"https:\/\/pressetaux.fr\/cambrai\/contact\/\" \/>\n<meta property=\"og:site_name\" content=\"PresseTaux Cambrai\" \/>\n<meta property=\"article:publisher\" content=\"https:\/\/www.facebook.com\/pressetauxcambrai?locale=fr_FR\" \/>\n<meta property=\"article:modified_time\" content=\"2022-01-31T14:54:35+00:00\" \/>\n<meta property=\"og:image\" content=\"https:\/\/pressetaux.fr\/cambrai\/wp-content\/uploads\/sites\/3\/2016\/08\/contacter-mail-pressetaux-300x77.png\" \/>\n<meta name=\"twitter:label1\" content=\"Dur\u00e9e de lecture estim\u00e9e\" \/>\n\t<meta name=\"twitter:data1\" content=\"2 minutes\" \/>\n<script type=\"application\/ld+json\" class=\"yoast-schema-graph\">{\"@context\":\"https:\/\/schema.org\",\"@graph\":[{\"@type\":\"Organization\",\"@id\":\"https:\/\/pressetaux.fr\/cambrai\/#organization\",\"name\":\"PresseTaux Cambrai\",\"url\":\"https:\/\/pressetaux.fr\/cambrai\/\",\"sameAs\":[\"https:\/\/www.facebook.com\/pressetauxcambrai?locale=fr_FR\"],\"logo\":{\"@type\":\"ImageObject\",\"@id\":\"https:\/\/pressetaux.fr\/cambrai\/#logo\",\"inLanguage\":\"fr-FR\",\"url\":\"https:\/\/pressetaux.fr\/cambrai\/wp-content\/uploads\/sites\/3\/2020\/11\/LogoPressetaux.png\",\"contentUrl\":\"https:\/\/pressetaux.fr\/cambrai\/wp-content\/uploads\/sites\/3\/2020\/11\/LogoPressetaux.png\",\"width\":488,\"height\":278,\"caption\":\"PresseTaux Cambrai\"},\"image\":{\"@id\":\"https:\/\/pressetaux.fr\/cambrai\/#logo\"}},{\"@type\":\"WebSite\",\"@id\":\"https:\/\/pressetaux.fr\/cambrai\/#website\",\"url\":\"https:\/\/pressetaux.fr\/cambrai\/\",\"name\":\"PresseTaux Cambrai\",\"description\":\"COURTIER EN CREDIT\",\"publisher\":{\"@id\":\"https:\/\/pressetaux.fr\/cambrai\/#organization\"},\"potentialAction\":[{\"@type\":\"SearchAction\",\"target\":{\"@type\":\"EntryPoint\",\"urlTemplate\":\"https:\/\/pressetaux.fr\/cambrai\/?s={search_term_string}\"},\"query-input\":\"required name=search_term_string\"}],\"inLanguage\":\"fr-FR\"},{\"@type\":\"ImageObject\",\"@id\":\"https:\/\/pressetaux.fr\/cambrai\/contact\/#primaryimage\",\"inLanguage\":\"fr-FR\",\"url\":\"https:\/\/pressetaux.fr\/cambrai\/wp-content\/uploads\/sites\/3\/2016\/08\/contacter-mail-pressetaux.png\",\"contentUrl\":\"https:\/\/pressetaux.fr\/cambrai\/wp-content\/uploads\/sites\/3\/2016\/08\/contacter-mail-pressetaux.png\",\"width\":365,\"height\":94},{\"@type\":\"WebPage\",\"@id\":\"https:\/\/pressetaux.fr\/cambrai\/contact\/#webpage\",\"url\":\"https:\/\/pressetaux.fr\/cambrai\/contact\/\",\"name\":\"Contactez-nous pour une \\u00e9tude personnalis\\u00e9e gratuite\",\"isPartOf\":{\"@id\":\"https:\/\/pressetaux.fr\/cambrai\/#website\"},\"primaryImageOfPage\":{\"@id\":\"https:\/\/pressetaux.fr\/cambrai\/contact\/#primaryimage\"},\"datePublished\":\"2016-08-25T12:52:30+00:00\",\"dateModified\":\"2022-01-31T14:54:35+00:00\",\"description\":\"Contactez-nous : PresseTaux : courtiers en cr\\u00e9dit n\\u00e9goci\\u00e9 \\u00e0 travers toute la France. Profitez de leur exp\\u00e9rience pour vos futurs projets.\",\"breadcrumb\":{\"@id\":\"https:\/\/pressetaux.fr\/cambrai\/contact\/#breadcrumb\"},\"inLanguage\":\"fr-FR\",\"potentialAction\":[{\"@type\":\"ReadAction\",\"target\":[\"https:\/\/pressetaux.fr\/cambrai\/contact\/\"]}]},{\"@type\":\"BreadcrumbList\",\"@id\":\"https:\/\/pressetaux.fr\/cambrai\/contact\/#breadcrumb\",\"itemListElement\":[{\"@type\":\"ListItem\",\"position\":1,\"name\":\"Nous contacter\"}]}]}<\/script>\n<!-- \/ Yoast SEO plugin. -->","yoast_head_json":{"title":"Contactez-nous pour une \u00e9tude personnalis\u00e9e gratuite","description":"Contactez-nous : PresseTaux : courtiers en cr\u00e9dit n\u00e9goci\u00e9 \u00e0 travers toute la France. Profitez de leur exp\u00e9rience pour vos futurs projets.","robots":{"index":"index","follow":"follow","max-snippet":"max-snippet:-1","max-image-preview":"max-image-preview:large","max-video-preview":"max-video-preview:-1"},"canonical":"https:\/\/pressetaux.fr\/cambrai\/contact\/","og_locale":"fr_FR","og_type":"article","og_title":"Contactez-nous pour une \u00e9tude personnalis\u00e9e gratuite","og_description":"Contactez-nous : PresseTaux : courtiers en cr\u00e9dit n\u00e9goci\u00e9 \u00e0 travers toute la France. Profitez de leur exp\u00e9rience pour vos futurs projets.","og_url":"https:\/\/pressetaux.fr\/cambrai\/contact\/","og_site_name":"PresseTaux Cambrai","article_publisher":"https:\/\/www.facebook.com\/pressetauxcambrai?locale=fr_FR","article_modified_time":"2022-01-31T14:54:35+00:00","og_image":[{"url":"https:\/\/pressetaux.fr\/cambrai\/wp-content\/uploads\/sites\/3\/2016\/08\/contacter-mail-pressetaux-300x77.png"}],"twitter_misc":{"Dur\u00e9e de lecture estim\u00e9e":"2 minutes"},"schema":{"@context":"https:\/\/schema.org","@graph":[{"@type":"Organization","@id":"https:\/\/pressetaux.fr\/cambrai\/#organization","name":"PresseTaux Cambrai","url":"https:\/\/pressetaux.fr\/cambrai\/","sameAs":["https:\/\/www.facebook.com\/pressetauxcambrai?locale=fr_FR"],"logo":{"@type":"ImageObject","@id":"https:\/\/pressetaux.fr\/cambrai\/#logo","inLanguage":"fr-FR","url":"https:\/\/pressetaux.fr\/cambrai\/wp-content\/uploads\/sites\/3\/2020\/11\/LogoPressetaux.png","contentUrl":"https:\/\/pressetaux.fr\/cambrai\/wp-content\/uploads\/sites\/3\/2020\/11\/LogoPressetaux.png","width":488,"height":278,"caption":"PresseTaux Cambrai"},"image":{"@id":"https:\/\/pressetaux.fr\/cambrai\/#logo"}},{"@type":"WebSite","@id":"https:\/\/pressetaux.fr\/cambrai\/#website","url":"https:\/\/pressetaux.fr\/cambrai\/","name":"PresseTaux Cambrai","description":"COURTIER EN CREDIT","publisher":{"@id":"https:\/\/pressetaux.fr\/cambrai\/#organization"},"potentialAction":[{"@type":"SearchAction","target":{"@type":"EntryPoint","urlTemplate":"https:\/\/pressetaux.fr\/cambrai\/?s={search_term_string}"},"query-input":"required name=search_term_string"}],"inLanguage":"fr-FR"},{"@type":"ImageObject","@id":"https:\/\/pressetaux.fr\/cambrai\/contact\/#primaryimage","inLanguage":"fr-FR","url":"https:\/\/pressetaux.fr\/cambrai\/wp-content\/uploads\/sites\/3\/2016\/08\/contacter-mail-pressetaux.png","contentUrl":"https:\/\/pressetaux.fr\/cambrai\/wp-content\/uploads\/sites\/3\/2016\/08\/contacter-mail-pressetaux.png","width":365,"height":94},{"@type":"WebPage","@id":"https:\/\/pressetaux.fr\/cambrai\/contact\/#webpage","url":"https:\/\/pressetaux.fr\/cambrai\/contact\/","name":"Contactez-nous pour une \u00e9tude personnalis\u00e9e gratuite","isPartOf":{"@id":"https:\/\/pressetaux.fr\/cambrai\/#website"},"primaryImageOfPage":{"@id":"https:\/\/pressetaux.fr\/cambrai\/contact\/#primaryimage"},"datePublished":"2016-08-25T12:52:30+00:00","dateModified":"2022-01-31T14:54:35+00:00","description":"Contactez-nous : PresseTaux : courtiers en cr\u00e9dit n\u00e9goci\u00e9 \u00e0 travers toute la France. Profitez de leur exp\u00e9rience pour vos futurs projets.","breadcrumb":{"@id":"https:\/\/pressetaux.fr\/cambrai\/contact\/#breadcrumb"},"inLanguage":"fr-FR","potentialAction":[{"@type":"ReadAction","target":["https:\/\/pressetaux.fr\/cambrai\/contact\/"]}]},{"@type":"BreadcrumbList","@id":"https:\/\/pressetaux.fr\/cambrai\/contact\/#breadcrumb","itemListElement":[{"@type":"ListItem","position":1,"name":"Nous contacter"}]}]}},"_links":{"self":[{"href":"https:\/\/pressetaux.fr\/cambrai\/wp-json\/wp\/v2\/pages\/1029"}],"collection":[{"href":"https:\/\/pressetaux.fr\/cambrai\/wp-json\/wp\/v2\/pages"}],"about":[{"href":"https:\/\/pressetaux.fr\/cambrai\/wp-json\/wp\/v2\/types\/page"}],"author":[{"embeddable":true,"href":"https:\/\/pressetaux.fr\/cambrai\/wp-json\/wp\/v2\/users\/8"}],"replies":[{"embeddable":true,"href":"https:\/\/pressetaux.fr\/cambrai\/wp-json\/wp\/v2\/comments?post=1029"}],"version-history":[{"count":0,"href":"https:\/\/pressetaux.fr\/cambrai\/wp-json\/wp\/v2\/pages\/1029\/revisions"}],"wp:attachment":[{"href":"https:\/\/pressetaux.fr\/cambrai\/wp-json\/wp\/v2\/media?parent=1029"}],"curies":[{"name":"wp","href":"https:\/\/api.w.org\/{rel}","templated":true}]}}