{"id":2421,"date":"2022-03-30T10:08:08","date_gmt":"2022-03-30T09:08:08","guid":{"rendered":"https:\/\/pressetaux.fr\/cambrai\/?page_id=2421"},"modified":"2022-04-05T13:02:04","modified_gmt":"2022-04-05T12:02:04","slug":"assurance-pret-immobilier","status":"publish","type":"page","link":"https:\/\/pressetaux.fr\/cambrai\/assurance-pret-immobilier\/","title":{"rendered":"Assurance de pr\u00eat"},"content":{"rendered":"<p>[vc_row][vc_column][vc_empty_space height=\u00a0\u00bb15px\u00a0\u00bb][\/vc_column][\/vc_row][vc_row][vc_column width=\u00a0\u00bb1\/2&Prime;][vc_empty_space][vc_column_text]<\/p>\n<h5 style=\"text-align: center;\"><strong>Loi Lemoine\u00a0<\/strong><em>n\u00b02022-270 du 28 f\u00e9vrier 2022<\/em><\/h5>\n<p>[\/vc_column_text][\/vc_column][vc_column width=\u00a0\u00bb1\/2&Prime;][vc_column_text]<\/p>\n<p style=\"text-align: center;\"><img loading=\"lazy\" class=\"aligncenter wp-image-2674 size-full\" src=\"https:\/\/pressetaux.fr\/cambrai\/wp-content\/uploads\/sites\/3\/2022\/03\/Economie-Assurance.jpg\" alt=\"\" width=\"492\" height=\"97\" \/><\/p>\n<p>[\/vc_column_text][\/vc_column][\/vc_row][vc_row][vc_column][vc_column_text]<strong><em>Cette r\u00e9forme historique destin\u00e9e \u00e0 favoriser le pouvoirs d&rsquo;achats des m\u00e9nages est enfin arriv\u00e9e.\u00a0<\/em><\/strong><br \/>\n<strong><em>Voici les changements \u00e0 venir au 1<sup><span style=\"font-size: 0,8em;\">er<\/span><\/sup> juin 2022 date de mise en vigueur du dispositif :<\/em><\/strong>[\/vc_column_text][\/vc_column][\/vc_row][vc_row][vc_column width=\u00a0\u00bb1\/2&Prime;][vc_column_text]<\/p>\n<p style=\"color: #00000; font-size: 18px;\"><strong>La r\u00e9siliation \u00e0 tout moment des contrats d&rsquo;assurance emprunteur :<\/strong><\/p>\n<p><em>les emprunteurs pourront changer de contrat, sans frais, d\u00e8s le mois suivant sa signature.<\/em><\/p>\n<ul>\n<li>1<sup><span style=\"font-size: 0,8em;\">er<\/span><\/sup> juin 2022 pour tous les nouveaux contrats<\/li>\n<li>1<sup><span style=\"font-size: 0,8em;\">er<\/span><\/sup> septembre 2022 pour les contrats en cours<\/li>\n<\/ul>\n<p>[\/vc_column_text][\/vc_column][vc_column width=\u00a0\u00bb1\/2&Prime;][vc_column_text]<\/p>\n<p style=\"color: #00000; font-size: 18px;\"><strong>Le droit \u00e0 l&rsquo;oubli r\u00e9duit \u00e0 5 ans pour les pathologies canc\u00e9reuses et l&rsquo;h\u00e9patite C :<\/strong><\/p>\n<p><em>il leur faudra attendre d\u00e9sormais 5 ans apr\u00e8s la fin du protocole et sans rechute, au lieu de 10, pour ne plus avoir \u00e0 d\u00e9clarer leur ancienne maladie dans le questionnaire de sant\u00e9.<\/em>[\/vc_column_text][\/vc_column][\/vc_row][vc_row][vc_column width=\u00a0\u00bb1\/2&Prime;][vc_column_text]<strong>Le questionnaire m\u00e9dical<\/strong> supprim\u00e9 pour les cr\u00e9dits inf\u00e9rieurs \u00e0 200 000 \u20ac qui se terminent avec les 60 ans de l&#8217;emprunteur.<\/p>\n<p><em>Attention : ce plafond s&rsquo;entend par quotit\u00e9 assur\u00e9e et sur la totalit\u00e9 de l&rsquo;encours de cr\u00e9dit.<\/em>[\/vc_column_text][\/vc_column][vc_column width=\u00a0\u00bb1\/2&Prime;][vc_column_text]<strong>Le co\u00fbt sur 8 ans affich\u00e9<\/strong> dans les documents r\u00e9glementaires remis \u00e0 l&#8217;emprunteur.<\/p>\n<p><em>Cela leur permettra de mieux \u00e9valuer le choix de l&rsquo;assurance selon leur projet immobilier.<\/em>[\/vc_column_text][\/vc_column][\/vc_row][vc_row][vc_column][vc_column_text]<\/p>\n<h6><em>Les informations recueillies sur ce formulaire sont enregistr\u00e9es dans un fichier informatis\u00e9 par la SAS SM COM et sont destin\u00e9es exclusivement au r\u00e9seau PresseTaux.<\/em><br \/>\n<em> Conform\u00e9ment \u00e0 la loi \u00ab\u00a0informatique et libert\u00e9s\u00a0\u00bb du 06 janvier 1978, vous pouvez exercer votre droit d&rsquo;acc\u00e8s aux donn\u00e9es vous concernant et les faire rectifier (voir modalit\u00e9s dans les mentions l\u00e9gales (<a href=\"https:\/\/pressetaux.fr\/cambrai\/mentions-legales\/\" target=\"_blank\" rel=\"noopener noreferrer\"><span style=\"color: #ff9900;\"><strong><strong>Cliquez-ici<\/strong><\/strong><\/span><\/a>)).<\/em><\/h6>\n<p>[\/vc_column_text][\/vc_column][\/vc_row][vc_row][vc_column][vc_column_text]<\/p>\n<h2 style=\"text-align: center;\">Faites des \u00e9conomies sur votre assurance cr\u00e9dit gr\u00e2ce \u00e0 la loi Lemoine <em>(N\u00b02022-270)<img loading=\"lazy\" class=\"alignnone wp-image-2658\" src=\"https:\/\/pressetaux.fr\/cambrai\/wp-content\/uploads\/sites\/3\/2022\/03\/PICTO-TIRELIRE.jpg\" alt=\"\" width=\"44\" height=\"42\" \/><\/em><\/h2>\n<p>[\/vc_column_text][\/vc_column][\/vc_row][vc_row][vc_column width=\u00a0\u00bb1\/2&Prime;]\n                <div class='gf_browser_gecko gform_wrapper' id='gform_wrapper_15' ><form method='post' enctype='multipart\/form-data'  id='gform_15'  action='\/cambrai\/wp-json\/wp\/v2\/pages\/2421'>\n                        <div class='gform_body'><ul id='gform_fields_15' class='gform_fields top_label form_sublabel_below description_below'><li id='field_15_12' class='gfield note gfield_html gfield_html_formatted gfield_no_follows_desc field_sublabel_below field_description_below gfield_visibility_visible' >* Tous les champs suivis d'un ast\u00e9risque doivent \u00eatre renseign\u00e9s.<\/li><li id='field_15_1' class='gfield gf_left_half gfield_contains_required field_sublabel_below field_description_below gfield_visibility_visible' ><label class='gfield_label' for='input_15_1' >Civilit\u00e9<span class='gfield_required'>*<\/span><\/label><div class='ginput_container ginput_container_select'><select name='input_1' id='input_15_1'  class='medium gfield_select' tabindex='1'  aria-required=\"true\" aria-invalid=\"false\"><option value='' ><\/option><option value='Monsieur' >Monsieur<\/option><option value='Madame' >Madame<\/option><\/select><\/div><\/li><li id='field_15_2' class='gfield gf_left_half gfield_contains_required field_sublabel_below field_description_below gfield_visibility_visible' ><label class='gfield_label' for='input_15_2' >Nom<span class='gfield_required'>*<\/span><\/label><div class='ginput_container ginput_container_text'><input name='input_2' id='input_15_2' type='text' value='' class='medium'  tabindex='2'   aria-required=\"true\" aria-invalid=\"false\" \/><\/div><\/li><li id='field_15_3' class='gfield gf_left_half field_sublabel_below field_description_below gfield_visibility_visible' ><label class='gfield_label' for='input_15_3' >Pr\u00e9nom<\/label><div class='ginput_container ginput_container_text'><input name='input_3' id='input_15_3' type='text' value='' class='medium'  tabindex='3'    aria-invalid=\"false\" \/><\/div><\/li><li id='field_15_4' class='gfield gf_left_half gfield_contains_required field_sublabel_below field_description_below gfield_visibility_visible' ><label class='gfield_label' for='input_15_4' >E-mail<span class='gfield_required'>*<\/span><\/label><div class='ginput_container ginput_container_email'>\n                            <input name='input_4' id='input_15_4' type='text' value='' class='medium' tabindex='4'   \/>\n                        <\/div><\/li><li id='field_15_15' class='gfield gf_left_half gfield_contains_required field_sublabel_below field_description_below gfield_visibility_visible' ><label class='gfield_label' for='input_15_15' >T\u00e9l\u00e9phone<span class='gfield_required'>*<\/span><\/label><div class='ginput_container ginput_container_text'><input name='input_15' id='input_15_15' type='text' value='' class='medium'  tabindex='5'   aria-required=\"true\" aria-invalid=\"false\" \/><\/div><\/li><li id='field_15_7' class='gfield gf_left_half gfield_contains_required field_sublabel_below field_description_below gfield_visibility_visible' ><label class='gfield_label' for='input_15_7' >Code Postal<span class='gfield_required'>*<\/span><\/label><div class='ginput_container ginput_container_text'><input name='input_7' id='input_15_7' type='text' value='' class='medium'  tabindex='6'   aria-required=\"true\" aria-invalid=\"false\" \/><\/div><\/li><li id='field_15_6' class='gfield gf_left_half gfield_contains_required field_sublabel_below field_description_below gfield_visibility_visible' ><label class='gfield_label' for='input_15_6' >Ville<span class='gfield_required'>*<\/span><\/label><div class='ginput_container ginput_container_text'><input name='input_6' id='input_15_6' type='text' value='' class='medium'  tabindex='7'   aria-required=\"true\" aria-invalid=\"false\" \/><\/div><\/li><li id='field_15_10' class='gfield field_sublabel_below field_description_above hidden_label gfield_visibility_visible' ><label class='gfield_label' for='input_15_10' ><\/label><div class='gfield_description'>Cryptogramme Anti-spam<\/div><div class='gfield_captcha_container'><img class='gfield_captcha' src='https:\/\/pressetaux.fr\/cambrai\/wp-content\/uploads\/sites\/3\/gravity_forms\/0-60d762a3e00d6bee00eef10ce7701d88\/647122037.png' alt='' width='23' height='28' \/><img class='gfield_captcha' src='https:\/\/pressetaux.fr\/cambrai\/wp-content\/uploads\/sites\/3\/gravity_forms\/0-60d762a3e00d6bee00eef10ce7701d88\/208137799.png' alt='' width='23' height='28' \/><img class='gfield_captcha' src='https:\/\/pressetaux.fr\/cambrai\/wp-content\/uploads\/sites\/3\/gravity_forms\/0-60d762a3e00d6bee00eef10ce7701d88\/1008745169.png' alt='' width='23' height='28' \/><div class='gfield_captcha_input_container math_small'><input type='text' name='input_10' id='input_15_10' tabindex='8'\/><input type='hidden' name='input_captcha_prefix_10' value='647122037,208137799,1008745169' \/><\/div><\/div><\/li><li id='field_15_11' class='gfield note gfield_html gfield_html_formatted field_sublabel_below field_description_below gfield_visibility_visible' >Merci de faire le calcul avant de valider.<\/li>\n                            <\/ul><\/div>\n        <div class='gform_footer top_label'> <input type='image' src='https:\/\/pressetaux.fr\/wp-content\/themes\/pressetaux\/images\/envoyer.png' id='gform_submit_button_15' class='gform_button gform_image_button' alt='Envoyer' tabindex='9' onclick='if(window[\"gf_submitting_15\"]){return false;}  window[\"gf_submitting_15\"]=true;  ' onkeypress='if( event.keyCode == 13 ){ if(window[\"gf_submitting_15\"]){return false;} window[\"gf_submitting_15\"]=true;  jQuery(\"#gform_15\").trigger(\"submit\",[true]); }' \/> \n            <input type='hidden' class='gform_hidden' name='is_submit_15' value='1' \/>\n            <input type='hidden' class='gform_hidden' name='gform_submit' value='15' \/>\n            \n            <input type='hidden' class='gform_hidden' name='gform_unique_id' value='' \/>\n            <input type='hidden' class='gform_hidden' name='state_15' value='WyJbXSIsImVmNTFkODU0NGU0ZmRhYmRmOTM0ZWQ1MGU2ODk2NjQ3Il0=' \/>\n            <input type='hidden' class='gform_hidden' name='gform_target_page_number_15' id='gform_target_page_number_15' value='0' \/>\n            <input type='hidden' class='gform_hidden' name='gform_source_page_number_15' id='gform_source_page_number_15' value='1' \/>\n            <input type='hidden' name='gform_field_values' value='' \/>\n            \n        <\/div>\n                        <p style=\"display: none !important;\"><label>&#916;<textarea name=\"ak_hp_textarea\" cols=\"45\" rows=\"8\" maxlength=\"100\"><\/textarea><\/label><input type=\"hidden\" id=\"ak_js\" name=\"ak_js\" value=\"84\"\/><script>document.getElementById( \"ak_js\" ).setAttribute( \"value\", ( new Date() ).getTime() );<\/script><\/p><\/form>\n                        <\/div><script type='text\/javascript'> jQuery(document).bind('gform_post_render', function(event, formId, currentPage){if(formId == 15) {if(!\/(android)\/i.test(navigator.userAgent)){jQuery('#input_15_15').mask('99 99 99 99 99').bind('keypress', function(e){if(e.which == 13){jQuery(this).blur();} } );}jQuery( document ).on( 'submit.gravityforms', '.gform_wrapper form', function( event ) {\n\tjQuery( '<input>' ).attr( 'type', 'hidden' )\n\t\t.attr( 'name', 'gf_zero_spam_key' )\n\t\t.attr( 'value', 'LnT11uc#B))7Qd6QDs1XXJHvQncdVo&amp;!n%@uGZZE0ljxb*WRycr%GtJBU^ad)1yv' )\n\t\t.appendTo( jQuery( this ) );\n} );} } );jQuery(document).bind('gform_post_conditional_logic', function(event, formId, fields, isInit){} );<\/script><script type='text\/javascript'> jQuery(document).ready(function(){jQuery(document).trigger('gform_post_render', [15, 1]) } ); <\/script>[\/vc_column][vc_column width=\u00a0\u00bb1\/2&Prime;][vc_column_text]Ce <strong>formulaire<\/strong> simple et tr\u00e8s rapide \u00e0 remplir vous permet de prendre contact avec votre courtier en cr\u00e9dit n\u00e9goci\u00e9 du r\u00e9seau <strong>PresseTaux<\/strong>. Vos demandes seront trait\u00e9es dans le plus strict respect du secret bancaire par votre courtier le plus proche.[\/vc_column_text][vc_column_text]<\/p>\n<ul>\n<li><em><strong>Un accompagnement personnalis\u00e9<\/strong><\/em> : <em>Vous envisagez de changer d&rsquo;assurance de pr\u00eat immobilier &#8230; Nos Courtiers vous accompagnent dans les d\u00e9marches.<\/em><\/li>\n<li><em><strong>Une assurance adapt\u00e9e \u00e0 vos besoins<\/strong><\/em> : <em>L&rsquo;assurance de pr\u00eat a pour vocation de vous prot\u00e9ger en cas d&rsquo;accidents de la vie. La souscription de l&rsquo;assurance de pr\u00eat est obligatoire. Vous pensez que votre assurance de cr\u00e9dit vous co\u00fbte trop ch\u00e8re et\/ou est inadapt\u00e9e ? Demandez-nous une \u00e9tude personnalis\u00e9e !<\/em><\/li>\n<li><strong><em>Une r\u00e9siliation en toute simplicit\u00e9<\/em> <\/strong>: <em>aujourd&rsquo;hui gr\u00e2ce \u00e0 la loi Lemoine, les emprunteurs pourront changer de contrat, sans frais, d\u00e8s le mois suivant sa signature.<\/em>\n<ul>\n<li><em>1<sup><span style=\"font-size: 0,8em;\">er<\/span><\/sup> juin 2022 pour tous les nouveaux contrats<\/em><\/li>\n<li><em>1<sup><span style=\"font-size: 0,8em;\">er<\/span><\/sup> septembre 2022 pour les contrats en cours<\/em><\/li>\n<\/ul>\n<\/li>\n<\/ul>\n<p><strong>PresseTaux vous accompagne dans les d\u00e9marches. Demandez votre \u00e9tude personnalis\u00e9e gratuite !<\/strong>[\/vc_column_text][\/vc_column][\/vc_row][vc_row][vc_column][vc_text_separator title=\u00a0\u00bbNotre programme de parrainage\u00a0\u00bb color=\u00a0\u00bborange\u00a0\u00bb][\/vc_column][\/vc_row][vc_row][vc_column][vc_column_text]Nos clients nous ont fait confiance, leur satisfaction est notre priorit\u00e9.<br \/>\nGr\u00e2ce \u00e0 notre programme de parrainage, nos clients b\u00e9n\u00e9ficient d&rsquo;un bon d&rsquo;achat pour tout dossier finalis\u00e9.<br \/>\n<strong>Parrainez un de vos proches, c&rsquo;est tr\u00e8s simple, <a href=\"https:\/\/pressetaux.fr\/cambrai\/parrainez-vos-amis\/\">cliquez-ici !<\/a><\/strong>[\/vc_column_text][\/vc_column][\/vc_row][vc_row][vc_column][vc_text_separator title=\u00a0\u00bbSatisfaction de nos clients\u00a0\u00bb color=\u00a0\u00bborange\u00a0\u00bb][\/vc_column][\/vc_row][vc_row][vc_column][vc_column_text]Ils nous ont fait confiance, retrouvez leurs avis et t\u00e9moignages sur : <a href=\"https:\/\/www.google.fr\/search?q=PresseTaux+Cambrai&amp;source=hp&amp;ei=jZW4YfWbEtGRlwTbzpOQAQ&amp;iflsig=ALs-wAMAAAAAYbijnSSuFrAn5ygdes8O44PmpX28DVdT&amp;ved=0ahUKEwi1lu2_rOP0AhXRyIUKHVvnBBIQ4dUDCAs&amp;uact=5&amp;oq=PresseTaux+Cambrai&amp;gs_lcp=Cgdnd3Mtd2l6EAMyCwguEIAEEMcBEK8BMgIIJjoLCAAQgAQQsQMQgwE6EQguEIAEELEDEIMBEMcBEKMCOg4ILhCABBCxAxDHARDRAzoLCC4QgAQQxwEQowI6CwguEIAEELEDEIMBOggIABCABBCxAzoOCC4QgAQQsQMQxwEQowI6BQgAEIAEOggIABCxAxCDAToICC4QgAQQsQM6BQguEIAEOgQILhADOgsIABCxAxCDARDJAzoHCAAQgAQQCjoGCAAQFhAeUABYyxxg0CBoAHAAeAGAAcABiAGnD5IBBDcuMTGYAQCgAQE&amp;sclient=gws-wiz#lrd=0x47c2bc97da2d3b45:0x92fbe297ac21b3e,1,,,\" target=\"blank\" rel=\"noopener noreferrer\">Google<\/a>, <a href=\"https:\/\/pressetaux.fr\/cambrai\/category\/temoignagesblog\/\">Nos t\u00e9moignages<\/a> et <a href=\"https:\/\/www.facebook.com\/pressetauxcambrai\/reviews\/?ref=page_internal&amp;locale=fr_FR\" target=\"blank\" rel=\"noopener noreferrer\">Facebook<\/a>[\/vc_column_text][\/vc_column][\/vc_row]<\/p>\n","protected":false},"excerpt":{"rendered":"<p>[vc_row][vc_column][vc_empty_space height=\u00a0\u00bb15px\u00a0\u00bb][\/vc_column][\/vc_row][vc_row][vc_column width=\u00a0\u00bb1\/2&Prime;][vc_empty_space][vc_column_text] Loi Lemoine\u00a0n\u00b02022-270 du 28 f\u00e9vrier 2022 [\/vc_column_text][\/vc_column][vc_column width=\u00a0\u00bb1\/2&Prime;][vc_column_text] [\/vc_column_text][\/vc_column][\/vc_row][vc_row][vc_column][vc_column_text]Cette r\u00e9forme historique destin\u00e9e \u00e0 favoriser le pouvoirs d&rsquo;achats des m\u00e9nages est enfin arriv\u00e9e.\u00a0 Voici les changements \u00e0 venir au 1er juin 2022 date de mise en vigueur du dispositif :[\/vc_column_text][\/vc_column][\/vc_row][vc_row][vc_column width=\u00a0\u00bb1\/2&Prime;][vc_column_text] La r\u00e9siliation \u00e0 tout moment des contrats d&rsquo;assurance emprunteur : les emprunteurs pourront changer de contrat, sans frais, d\u00e8s le mois suivant sa signature. 1er juin 2022 pour tous les nouveaux contrats 1er septembre 2022 pour les contrats en cours [\/vc_column_text][\/vc_column][vc_column width=\u00a0\u00bb1\/2&Prime;][vc_column_text] Le droit \u00e0 l&rsquo;oubli r\u00e9duit \u00e0 5 ans pour les pathologies canc\u00e9reuses et l&rsquo;h\u00e9patite C : il leur faudra attendre d\u00e9sormais 5 ans apr\u00e8s la fin du protocole et sans rechute, au lieu de 10, pour ne plus avoir \u00e0 d\u00e9clarer leur ancienne maladie dans le questionnaire de sant\u00e9.[\/vc_column_text][\/vc_column][\/vc_row][vc_row][vc_column width=\u00a0\u00bb1\/2&Prime;][vc_column_text]Le questionnaire m\u00e9dical supprim\u00e9 pour les cr\u00e9dits inf\u00e9rieurs \u00e0 200 000 \u20ac qui se terminent avec les 60 ans de l&#8217;emprunteur. Attention : ce plafond s&rsquo;entend par quotit\u00e9 assur\u00e9e et sur la totalit\u00e9 de l&rsquo;encours de cr\u00e9dit.[\/vc_column_text][\/vc_column][vc_column width=\u00a0\u00bb1\/2&Prime;][vc_column_text]Le co\u00fbt sur 8 ans affich\u00e9 dans les documents r\u00e9glementaires remis \u00e0 l&#8217;emprunteur. Cela leur permettra de mieux \u00e9valuer le choix de l&rsquo;assurance selon leur projet immobilier.[\/vc_column_text][\/vc_column][\/vc_row][vc_row][vc_column][vc_column_text] Les informations recueillies sur ce formulaire sont enregistr\u00e9es dans un fichier informatis\u00e9 par la SAS SM COM et sont destin\u00e9es exclusivement au r\u00e9seau PresseTaux. Conform\u00e9ment \u00e0 la loi \u00ab\u00a0informatique et libert\u00e9s\u00a0\u00bb du 06 janvier 1978, vous pouvez exercer votre droit d&rsquo;acc\u00e8s aux donn\u00e9es vous concernant et les faire rectifier (voir modalit\u00e9s dans les mentions l\u00e9gales (Cliquez-ici)). [\/vc_column_text][\/vc_column][\/vc_row][vc_row][vc_column][vc_column_text] Faites des \u00e9conomies sur votre assurance cr\u00e9dit gr\u00e2ce \u00e0 la loi Lemoine (N\u00b02022-270) [\/vc_column_text][\/vc_column][\/vc_row][vc_row][vc_column width=\u00a0\u00bb1\/2&Prime;][\/vc_column][vc_column width=\u00a0\u00bb1\/2&Prime;][vc_column_text]Ce formulaire simple et tr\u00e8s rapide \u00e0 remplir vous permet de prendre contact avec votre courtier en cr\u00e9dit n\u00e9goci\u00e9 du r\u00e9seau PresseTaux. Vos demandes seront trait\u00e9es dans le plus strict respect du secret bancaire par votre courtier le plus proche.[\/vc_column_text][vc_column_text] Un accompagnement personnalis\u00e9 : Vous envisagez de changer d&rsquo;assurance de pr\u00eat immobilier &#8230; Nos Courtiers vous accompagnent dans les d\u00e9marches. Une assurance adapt\u00e9e \u00e0 vos besoins : L&rsquo;assurance de pr\u00eat a pour vocation de vous prot\u00e9ger en cas d&rsquo;accidents de la vie. La souscription de l&rsquo;assurance de pr\u00eat est obligatoire. Vous pensez que votre assurance de cr\u00e9dit vous co\u00fbte trop ch\u00e8re et\/ou est inadapt\u00e9e ? Demandez-nous une \u00e9tude personnalis\u00e9e ! Une r\u00e9siliation en toute simplicit\u00e9 : aujourd&rsquo;hui gr\u00e2ce \u00e0 la loi Lemoine, les emprunteurs pourront changer de contrat, sans frais, d\u00e8s le mois suivant sa signature. 1er juin 2022 pour tous les nouveaux contrats 1er septembre 2022 pour les contrats en cours PresseTaux vous accompagne dans les d\u00e9marches. Demandez votre \u00e9tude personnalis\u00e9e gratuite ![\/vc_column_text][\/vc_column][\/vc_row][vc_row][vc_column][vc_text_separator title=\u00a0\u00bbNotre programme de parrainage\u00a0\u00bb color=\u00a0\u00bborange\u00a0\u00bb][\/vc_column][\/vc_row][vc_row][vc_column][vc_column_text]Nos clients nous ont fait confiance, leur satisfaction est notre priorit\u00e9. Gr\u00e2ce \u00e0 notre programme de parrainage, nos clients b\u00e9n\u00e9ficient d&rsquo;un bon d&rsquo;achat pour tout dossier finalis\u00e9. Parrainez un de vos proches, c&rsquo;est tr\u00e8s simple, cliquez-ici ![\/vc_column_text][\/vc_column][\/vc_row][vc_row][vc_column][vc_text_separator title=\u00a0\u00bbSatisfaction de nos clients\u00a0\u00bb color=\u00a0\u00bborange\u00a0\u00bb][\/vc_column][\/vc_row][vc_row][vc_column][vc_column_text]Ils nous ont fait confiance, retrouvez leurs avis et t\u00e9moignages sur : Google, Nos t\u00e9moignages et Facebook[\/vc_column_text][\/vc_column][\/vc_row]<\/p>\n","protected":false},"author":8,"featured_media":0,"parent":0,"menu_order":0,"comment_status":"closed","ping_status":"closed","template":"","meta":{"_genesis_hide_title":false,"_genesis_hide_breadcrumbs":false,"_genesis_hide_singular_image":false,"_genesis_hide_footer_widgets":false,"_genesis_custom_body_class":"","_genesis_custom_post_class":"","_genesis_layout":""},"yoast_head":"<!-- This site is optimized with the Yoast SEO plugin v17.8 - https:\/\/yoast.com\/wordpress\/plugins\/seo\/ -->\n<title>Ren\u00e9gociez votre assurance de pr\u00eat immobilier<\/title>\n<meta name=\"description\" content=\"PresseTaux Cambrai vous accompagne dans les d\u00e9marches pour ren\u00e9gocier votre assurance de pr\u00eat. Contactez-nous d\u00e8s maintenant !\" \/>\n<meta name=\"robots\" content=\"index, follow, max-snippet:-1, max-image-preview:large, max-video-preview:-1\" \/>\n<link rel=\"canonical\" href=\"https:\/\/pressetaux.fr\/cambrai\/assurance-pret-immobilier\/\" \/>\n<meta property=\"og:locale\" content=\"fr_FR\" \/>\n<meta property=\"og:type\" content=\"article\" \/>\n<meta property=\"og:title\" content=\"Ren\u00e9gociez votre assurance de pr\u00eat immobilier\" \/>\n<meta property=\"og:description\" content=\"PresseTaux Cambrai vous accompagne dans les d\u00e9marches pour ren\u00e9gocier votre assurance de pr\u00eat. Contactez-nous d\u00e8s maintenant !\" \/>\n<meta property=\"og:url\" content=\"https:\/\/pressetaux.fr\/cambrai\/assurance-pret-immobilier\/\" \/>\n<meta property=\"og:site_name\" content=\"PresseTaux Cambrai\" \/>\n<meta property=\"article:publisher\" content=\"https:\/\/www.facebook.com\/pressetauxcambrai?locale=fr_FR\" \/>\n<meta property=\"article:modified_time\" content=\"2022-04-05T12:02:04+00:00\" \/>\n<meta property=\"og:image\" content=\"https:\/\/pressetaux.fr\/cambrai\/wp-content\/uploads\/sites\/3\/2022\/03\/Economie-Assurance.jpg\" \/>\n<meta name=\"twitter:label1\" content=\"Dur\u00e9e de lecture estim\u00e9e\" \/>\n\t<meta name=\"twitter:data1\" content=\"3 minutes\" \/>\n<script type=\"application\/ld+json\" class=\"yoast-schema-graph\">{\"@context\":\"https:\/\/schema.org\",\"@graph\":[{\"@type\":\"Organization\",\"@id\":\"https:\/\/pressetaux.fr\/cambrai\/#organization\",\"name\":\"PresseTaux Cambrai\",\"url\":\"https:\/\/pressetaux.fr\/cambrai\/\",\"sameAs\":[\"https:\/\/www.facebook.com\/pressetauxcambrai?locale=fr_FR\"],\"logo\":{\"@type\":\"ImageObject\",\"@id\":\"https:\/\/pressetaux.fr\/cambrai\/#logo\",\"inLanguage\":\"fr-FR\",\"url\":\"https:\/\/pressetaux.fr\/cambrai\/wp-content\/uploads\/sites\/3\/2020\/11\/LogoPressetaux.png\",\"contentUrl\":\"https:\/\/pressetaux.fr\/cambrai\/wp-content\/uploads\/sites\/3\/2020\/11\/LogoPressetaux.png\",\"width\":488,\"height\":278,\"caption\":\"PresseTaux Cambrai\"},\"image\":{\"@id\":\"https:\/\/pressetaux.fr\/cambrai\/#logo\"}},{\"@type\":\"WebSite\",\"@id\":\"https:\/\/pressetaux.fr\/cambrai\/#website\",\"url\":\"https:\/\/pressetaux.fr\/cambrai\/\",\"name\":\"PresseTaux Cambrai\",\"description\":\"COURTIER EN CREDIT\",\"publisher\":{\"@id\":\"https:\/\/pressetaux.fr\/cambrai\/#organization\"},\"potentialAction\":[{\"@type\":\"SearchAction\",\"target\":{\"@type\":\"EntryPoint\",\"urlTemplate\":\"https:\/\/pressetaux.fr\/cambrai\/?s={search_term_string}\"},\"query-input\":\"required name=search_term_string\"}],\"inLanguage\":\"fr-FR\"},{\"@type\":\"ImageObject\",\"@id\":\"https:\/\/pressetaux.fr\/cambrai\/assurance-pret-immobilier\/#primaryimage\",\"inLanguage\":\"fr-FR\",\"url\":\"https:\/\/pressetaux.fr\/cambrai\/wp-content\/uploads\/sites\/3\/2022\/03\/Economie-Assurance.jpg\",\"contentUrl\":\"https:\/\/pressetaux.fr\/cambrai\/wp-content\/uploads\/sites\/3\/2022\/03\/Economie-Assurance.jpg\",\"width\":492,\"height\":97},{\"@type\":\"WebPage\",\"@id\":\"https:\/\/pressetaux.fr\/cambrai\/assurance-pret-immobilier\/#webpage\",\"url\":\"https:\/\/pressetaux.fr\/cambrai\/assurance-pret-immobilier\/\",\"name\":\"Ren\\u00e9gociez votre assurance de pr\\u00eat immobilier\",\"isPartOf\":{\"@id\":\"https:\/\/pressetaux.fr\/cambrai\/#website\"},\"primaryImageOfPage\":{\"@id\":\"https:\/\/pressetaux.fr\/cambrai\/assurance-pret-immobilier\/#primaryimage\"},\"datePublished\":\"2022-03-30T09:08:08+00:00\",\"dateModified\":\"2022-04-05T12:02:04+00:00\",\"description\":\"PresseTaux Cambrai vous accompagne dans les d\\u00e9marches pour ren\\u00e9gocier votre assurance de pr\\u00eat. Contactez-nous d\\u00e8s maintenant !\",\"breadcrumb\":{\"@id\":\"https:\/\/pressetaux.fr\/cambrai\/assurance-pret-immobilier\/#breadcrumb\"},\"inLanguage\":\"fr-FR\",\"potentialAction\":[{\"@type\":\"ReadAction\",\"target\":[\"https:\/\/pressetaux.fr\/cambrai\/assurance-pret-immobilier\/\"]}]},{\"@type\":\"BreadcrumbList\",\"@id\":\"https:\/\/pressetaux.fr\/cambrai\/assurance-pret-immobilier\/#breadcrumb\",\"itemListElement\":[{\"@type\":\"ListItem\",\"position\":1,\"name\":\"Assurance de pr\\u00eat\"}]}]}<\/script>\n<!-- \/ Yoast SEO plugin. -->","yoast_head_json":{"title":"Ren\u00e9gociez votre assurance de pr\u00eat immobilier","description":"PresseTaux Cambrai vous accompagne dans les d\u00e9marches pour ren\u00e9gocier votre assurance de pr\u00eat. Contactez-nous d\u00e8s maintenant !","robots":{"index":"index","follow":"follow","max-snippet":"max-snippet:-1","max-image-preview":"max-image-preview:large","max-video-preview":"max-video-preview:-1"},"canonical":"https:\/\/pressetaux.fr\/cambrai\/assurance-pret-immobilier\/","og_locale":"fr_FR","og_type":"article","og_title":"Ren\u00e9gociez votre assurance de pr\u00eat immobilier","og_description":"PresseTaux Cambrai vous accompagne dans les d\u00e9marches pour ren\u00e9gocier votre assurance de pr\u00eat. Contactez-nous d\u00e8s maintenant !","og_url":"https:\/\/pressetaux.fr\/cambrai\/assurance-pret-immobilier\/","og_site_name":"PresseTaux Cambrai","article_publisher":"https:\/\/www.facebook.com\/pressetauxcambrai?locale=fr_FR","article_modified_time":"2022-04-05T12:02:04+00:00","og_image":[{"url":"https:\/\/pressetaux.fr\/cambrai\/wp-content\/uploads\/sites\/3\/2022\/03\/Economie-Assurance.jpg"}],"twitter_misc":{"Dur\u00e9e de lecture estim\u00e9e":"3 minutes"},"schema":{"@context":"https:\/\/schema.org","@graph":[{"@type":"Organization","@id":"https:\/\/pressetaux.fr\/cambrai\/#organization","name":"PresseTaux Cambrai","url":"https:\/\/pressetaux.fr\/cambrai\/","sameAs":["https:\/\/www.facebook.com\/pressetauxcambrai?locale=fr_FR"],"logo":{"@type":"ImageObject","@id":"https:\/\/pressetaux.fr\/cambrai\/#logo","inLanguage":"fr-FR","url":"https:\/\/pressetaux.fr\/cambrai\/wp-content\/uploads\/sites\/3\/2020\/11\/LogoPressetaux.png","contentUrl":"https:\/\/pressetaux.fr\/cambrai\/wp-content\/uploads\/sites\/3\/2020\/11\/LogoPressetaux.png","width":488,"height":278,"caption":"PresseTaux Cambrai"},"image":{"@id":"https:\/\/pressetaux.fr\/cambrai\/#logo"}},{"@type":"WebSite","@id":"https:\/\/pressetaux.fr\/cambrai\/#website","url":"https:\/\/pressetaux.fr\/cambrai\/","name":"PresseTaux Cambrai","description":"COURTIER EN CREDIT","publisher":{"@id":"https:\/\/pressetaux.fr\/cambrai\/#organization"},"potentialAction":[{"@type":"SearchAction","target":{"@type":"EntryPoint","urlTemplate":"https:\/\/pressetaux.fr\/cambrai\/?s={search_term_string}"},"query-input":"required name=search_term_string"}],"inLanguage":"fr-FR"},{"@type":"ImageObject","@id":"https:\/\/pressetaux.fr\/cambrai\/assurance-pret-immobilier\/#primaryimage","inLanguage":"fr-FR","url":"https:\/\/pressetaux.fr\/cambrai\/wp-content\/uploads\/sites\/3\/2022\/03\/Economie-Assurance.jpg","contentUrl":"https:\/\/pressetaux.fr\/cambrai\/wp-content\/uploads\/sites\/3\/2022\/03\/Economie-Assurance.jpg","width":492,"height":97},{"@type":"WebPage","@id":"https:\/\/pressetaux.fr\/cambrai\/assurance-pret-immobilier\/#webpage","url":"https:\/\/pressetaux.fr\/cambrai\/assurance-pret-immobilier\/","name":"Ren\u00e9gociez votre assurance de pr\u00eat immobilier","isPartOf":{"@id":"https:\/\/pressetaux.fr\/cambrai\/#website"},"primaryImageOfPage":{"@id":"https:\/\/pressetaux.fr\/cambrai\/assurance-pret-immobilier\/#primaryimage"},"datePublished":"2022-03-30T09:08:08+00:00","dateModified":"2022-04-05T12:02:04+00:00","description":"PresseTaux Cambrai vous accompagne dans les d\u00e9marches pour ren\u00e9gocier votre assurance de pr\u00eat. Contactez-nous d\u00e8s maintenant !","breadcrumb":{"@id":"https:\/\/pressetaux.fr\/cambrai\/assurance-pret-immobilier\/#breadcrumb"},"inLanguage":"fr-FR","potentialAction":[{"@type":"ReadAction","target":["https:\/\/pressetaux.fr\/cambrai\/assurance-pret-immobilier\/"]}]},{"@type":"BreadcrumbList","@id":"https:\/\/pressetaux.fr\/cambrai\/assurance-pret-immobilier\/#breadcrumb","itemListElement":[{"@type":"ListItem","position":1,"name":"Assurance de pr\u00eat"}]}]}},"_links":{"self":[{"href":"https:\/\/pressetaux.fr\/cambrai\/wp-json\/wp\/v2\/pages\/2421"}],"collection":[{"href":"https:\/\/pressetaux.fr\/cambrai\/wp-json\/wp\/v2\/pages"}],"about":[{"href":"https:\/\/pressetaux.fr\/cambrai\/wp-json\/wp\/v2\/types\/page"}],"author":[{"embeddable":true,"href":"https:\/\/pressetaux.fr\/cambrai\/wp-json\/wp\/v2\/users\/8"}],"replies":[{"embeddable":true,"href":"https:\/\/pressetaux.fr\/cambrai\/wp-json\/wp\/v2\/comments?post=2421"}],"version-history":[{"count":0,"href":"https:\/\/pressetaux.fr\/cambrai\/wp-json\/wp\/v2\/pages\/2421\/revisions"}],"wp:attachment":[{"href":"https:\/\/pressetaux.fr\/cambrai\/wp-json\/wp\/v2\/media?parent=2421"}],"curies":[{"name":"wp","href":"https:\/\/api.w.org\/{rel}","templated":true}]}}