{"id":566,"date":"2015-10-02T10:39:59","date_gmt":"2015-10-02T09:39:59","guid":{"rendered":"http:\/\/test.pressetaux.fr\/cambrai\/?page_id=566"},"modified":"2017-03-20T14:32:59","modified_gmt":"2017-03-20T13:32:59","slug":"zone-interventions-sm-com","status":"publish","type":"page","link":"https:\/\/pressetaux.fr\/cambrai\/zone-interventions-sm-com\/","title":{"rendered":"Les zones d&rsquo;interventions"},"content":{"rendered":"<p>[vc_row][vc_column offset=\u00a0\u00bbvc_hidden-sm vc_hidden-xs\u00a0\u00bb][vc_single_image image=\u00a0\u00bb1320&Prime; img_size=\u00a0\u00bbfull\u00a0\u00bb][\/vc_column][\/vc_row][vc_row][vc_column offset=\u00a0\u00bbvc_hidden-lg vc_hidden-md\u00a0\u00bb][vc_column_text]Les diff\u00e9rentes zones <strong>d&rsquo;interventions<\/strong>.[\/vc_column_text][\/vc_column][\/vc_row][vc_row][vc_column][vc_single_image image=\u00a0\u00bb450&Prime; img_size=\u00a0\u00bbfull\u00a0\u00bb][\/vc_column][\/vc_row][vc_row][vc_column][vc_single_image image=\u00a0\u00bb569&Prime; img_size=\u00a0\u00bbmedium\u00a0\u00bb alignment=\u00a0\u00bbcenter\u00a0\u00bb onclick=\u00a0\u00bbimg_link_large\u00a0\u00bb img_link_target=\u00a0\u00bb_blank\u00a0\u00bb][\/vc_column][\/vc_row][vc_row][vc_column][vc_single_image image=\u00a0\u00bb450&Prime; img_size=\u00a0\u00bbfull\u00a0\u00bb][\/vc_column][\/vc_row][vc_row][vc_column][vc_column_text]<\/p>\n<p style=\"text-align: center;\"><strong>Nord<\/strong><\/p>\n<p>[\/vc_column_text][\/vc_column][\/vc_row][vc_row][vc_column][vc_column_text]<\/p>\n<table style=\"font-size: 10px;\" border=\"0\" cellspacing=\"0\">\n<tbody>\n<tr>\n<td>Abancourt<\/td>\n<td>Anhiers<\/td>\n<td>Anneux<\/td>\n<td>Arleux<\/td>\n<td>Aubencheul-au-Bac<\/td>\n<td>Auberchicourt<\/td>\n<\/tr>\n<tr>\n<td>Aubigny-au-Bac<\/td>\n<td>Auby<\/td>\n<td>Avesnes-le-Sec<\/td>\n<td>Avesnes-les-Aubert<\/td>\n<td>Awoingt<\/td>\n<td>Bantigny<\/td>\n<\/tr>\n<tr>\n<td>Beaumont-en-Cambr\u00e9sis<\/td>\n<td>Beauvois-en-Cambr\u00e9sis<\/td>\n<td>Bertry<\/td>\n<td>B\u00e9thencourt<\/td>\n<td>B\u00e9villers<\/td>\n<td>Bl\u00e9court<\/td>\n<\/tr>\n<tr>\n<td>Boussi\u00e8res-en-Cambr\u00e9sis<\/td>\n<td>Briastre<\/td>\n<td>Brun\u00e9mont<\/td>\n<td>Bugnicourt<\/td>\n<td>Busigny<\/td>\n<td>Cagnoncles<\/td>\n<\/tr>\n<tr>\n<td>Cambrai<\/td>\n<td>Cantaing-sur-Escaut<\/td>\n<td>Cantin<\/td>\n<td>Carni\u00e8res<\/td>\n<td>Catteni\u00e8res<\/td>\n<td>Caudry<\/td>\n<\/tr>\n<tr>\n<td>Caullery<\/td>\n<td>Cauroir<\/td>\n<td>Clary<\/td>\n<td>Courchelettes<\/td>\n<td>Cr\u00e8vecoeur-sur-l&rsquo;Escaut<\/td>\n<td>Cuincy<\/td>\n<\/tr>\n<tr>\n<td>Cuvillers<\/td>\n<td>Dechy<\/td>\n<td>Deh\u00e9ries<\/td>\n<td>Douai<\/td>\n<td>\u00c9caillon<\/td>\n<td>\u00c9lincourt<\/td>\n<\/tr>\n<tr>\n<td>Erchin<\/td>\n<td>Escaudoeuvres<\/td>\n<td>Esnes<\/td>\n<td>Esquerchin<\/td>\n<td>Estourmel<\/td>\n<td>Estr\u00e9es<\/td>\n<\/tr>\n<tr>\n<td>Estrun<\/td>\n<td>Eswars<\/td>\n<td>F\u00e9chain<\/td>\n<td>F\u00e9rin<\/td>\n<td>Flers-en-Escrebieux<\/td>\n<td>Flines-lez-Raches<\/td>\n<\/tr>\n<tr>\n<td>Fontaine-au-Pire<\/td>\n<td>Fontaine-Notre-Dame<\/td>\n<td>Fressain<\/td>\n<td>Fressies<\/td>\n<td>Goeulzin<\/td>\n<td>Guesnain<\/td>\n<\/tr>\n<tr>\n<td>Hamel<\/td>\n<td>Haucourt-en-Cambr\u00e9sis<\/td>\n<td>Haynecourt<\/td>\n<td>Hem-Lenglet<\/td>\n<td>Honnechy<\/td>\n<td>Inchy<\/td>\n<\/tr>\n<tr>\n<td>Lallaing<\/td>\n<td>Lambres-lez-Douai<\/td>\n<td>Lauwin-Planque<\/td>\n<td>Le Cateau-Cambr\u00e9sis<\/td>\n<td>L\u00e9cluse<\/td>\n<td>Les Rues-des-Vignes<\/td>\n<\/tr>\n<tr>\n<td>Lesdain<\/td>\n<td>Lewarde<\/td>\n<td>Ligny-en-Cambr\u00e9sis<\/td>\n<td>Loffre<\/td>\n<td>Malincourt<\/td>\n<td>Marchiennes<\/td>\n<\/tr>\n<tr>\n<td>Marcoing<\/td>\n<td>Marcq-en-Ostrevent<\/td>\n<td>Maretz<\/td>\n<td>Marquette-en-Ostrevant<\/td>\n<td>Masni\u00e8res<\/td>\n<td>Masny<\/td>\n<\/tr>\n<tr>\n<td>Maurois<\/td>\n<td>Monchecourt<\/td>\n<td>Montigny-en-Cambr\u00e9sis<\/td>\n<td>Montigny-en-Ostrevent<\/td>\n<td>Naves<\/td>\n<td>Neuville-Saint-R\u00e9my<\/td>\n<\/tr>\n<tr>\n<td>Niergnies<\/td>\n<td>Noyelles-sur-Escaut<\/td>\n<td>Paillencourt<\/td>\n<td>Pecquencourt<\/td>\n<td>Proville<\/td>\n<td>R\u00e2ches<\/td>\n<\/tr>\n<tr>\n<td>Raillencourt-Sainte-Olle<\/td>\n<td>Ramillies<\/td>\n<td>Reumont<\/td>\n<td>Rieulay<\/td>\n<td>Roost-Warendin<\/td>\n<td>Roucourt<\/td>\n<\/tr>\n<tr>\n<td>Rumilly-en-Cambr\u00e9sis<\/td>\n<td>Sailly-lez-Cambrai<\/td>\n<td>Saint-Benin<\/td>\n<td>Saint-Souplet<\/td>\n<td>Sancourt<\/td>\n<td>S\u00e9ranvillers-Forenville<\/td>\n<\/tr>\n<tr>\n<td>Sin-le-Noble<\/td>\n<td>Thun-l&rsquo;\u00c9v\u00eaque<\/td>\n<td>Thun-Saint-Martin<\/td>\n<td>Tilloy-lez-Cambrai<\/td>\n<td>Troisvilles<\/td>\n<td>Villers-au-Tertre<\/td>\n<\/tr>\n<tr>\n<td>Villers-Outr\u00e9aux<\/td>\n<td>Vred<\/td>\n<td>Walincourt-Selvigny<\/td>\n<td>Wambaix<\/td>\n<td>Wasnes-au-Bac<\/td>\n<td>Wavrechain-sous-Faulx<\/td>\n<\/tr>\n<tr>\n<td>Waziers<\/td>\n<\/tr>\n<\/tbody>\n<\/table>\n<p>[\/vc_column_text][\/vc_column][\/vc_row][vc_row][vc_column][vc_column_text]<\/p>\n<p style=\"text-align: center;\"><strong>Pas-de-Calais<\/strong><\/p>\n<p>[\/vc_column_text][\/vc_column][\/vc_row][vc_row][vc_column][vc_column_text]<\/p>\n<table style=\"font-size: 10px;\" border=\"0\" cellspacing=\"0\">\n<tbody>\n<tr>\n<td>Bellonne<\/td>\n<td>Bourlon<\/td>\n<td>Brebi\u00e8res<\/td>\n<td>Corbehem<\/td>\n<td>Courcelles-l\u00e8s-Lens<\/td>\n<td>\u00c9court-Saint-Quentin<\/td>\n<\/tr>\n<tr>\n<td>\u00c9pinoy<\/td>\n<td>Gouy-sous-Bellonne<\/td>\n<td>Marquion<\/td>\n<td>Noyelles-sous-Bellonne<\/td>\n<td>Oisy-le-Verger<\/td>\n<td>Palluel<\/td>\n<\/tr>\n<tr>\n<td>Qui\u00e9ry-la-Motte<\/td>\n<td>Rumaucourt<\/td>\n<td>Sailly-en-Ostrevent<\/td>\n<td>Sauchy-Cauchy<\/td>\n<td>Sauchy-Lestr\u00e9e<\/td>\n<td>Tortequesne<\/td>\n<\/tr>\n<tr>\n<td>Vitry-en-Artois<\/td>\n<\/tr>\n<\/tbody>\n<\/table>\n<p>[\/vc_column_text][\/vc_column][\/vc_row]<\/p>\n","protected":false},"excerpt":{"rendered":"<p>[vc_row][vc_column offset=\u00a0\u00bbvc_hidden-sm vc_hidden-xs\u00a0\u00bb][vc_single_image image=\u00a0\u00bb1320&Prime; img_size=\u00a0\u00bbfull\u00a0\u00bb][\/vc_column][\/vc_row][vc_row][vc_column offset=\u00a0\u00bbvc_hidden-lg vc_hidden-md\u00a0\u00bb][vc_column_text]Les diff\u00e9rentes zones d&rsquo;interventions.[\/vc_column_text][\/vc_column][\/vc_row][vc_row][vc_column][vc_single_image image=\u00a0\u00bb450&Prime; img_size=\u00a0\u00bbfull\u00a0\u00bb][\/vc_column][\/vc_row][vc_row][vc_column][vc_single_image image=\u00a0\u00bb569&Prime; img_size=\u00a0\u00bbmedium\u00a0\u00bb alignment=\u00a0\u00bbcenter\u00a0\u00bb onclick=\u00a0\u00bbimg_link_large\u00a0\u00bb img_link_target=\u00a0\u00bb_blank\u00a0\u00bb][\/vc_column][\/vc_row][vc_row][vc_column][vc_single_image image=\u00a0\u00bb450&Prime; img_size=\u00a0\u00bbfull\u00a0\u00bb][\/vc_column][\/vc_row][vc_row][vc_column][vc_column_text] Nord [\/vc_column_text][\/vc_column][\/vc_row][vc_row][vc_column][vc_column_text] Abancourt Anhiers Anneux Arleux Aubencheul-au-Bac Auberchicourt Aubigny-au-Bac Auby Avesnes-le-Sec Avesnes-les-Aubert Awoingt Bantigny Beaumont-en-Cambr\u00e9sis Beauvois-en-Cambr\u00e9sis Bertry B\u00e9thencourt B\u00e9villers Bl\u00e9court Boussi\u00e8res-en-Cambr\u00e9sis Briastre Brun\u00e9mont Bugnicourt Busigny Cagnoncles Cambrai Cantaing-sur-Escaut Cantin Carni\u00e8res Catteni\u00e8res Caudry Caullery Cauroir Clary Courchelettes Cr\u00e8vecoeur-sur-l&rsquo;Escaut Cuincy Cuvillers Dechy Deh\u00e9ries Douai \u00c9caillon \u00c9lincourt Erchin Escaudoeuvres Esnes Esquerchin Estourmel Estr\u00e9es Estrun Eswars F\u00e9chain F\u00e9rin Flers-en-Escrebieux Flines-lez-Raches Fontaine-au-Pire Fontaine-Notre-Dame Fressain Fressies Goeulzin Guesnain Hamel Haucourt-en-Cambr\u00e9sis Haynecourt Hem-Lenglet Honnechy Inchy Lallaing Lambres-lez-Douai Lauwin-Planque Le Cateau-Cambr\u00e9sis L\u00e9cluse Les Rues-des-Vignes Lesdain Lewarde Ligny-en-Cambr\u00e9sis Loffre Malincourt Marchiennes Marcoing Marcq-en-Ostrevent Maretz Marquette-en-Ostrevant Masni\u00e8res Masny Maurois Monchecourt Montigny-en-Cambr\u00e9sis Montigny-en-Ostrevent Naves Neuville-Saint-R\u00e9my Niergnies Noyelles-sur-Escaut Paillencourt Pecquencourt Proville R\u00e2ches Raillencourt-Sainte-Olle Ramillies Reumont Rieulay Roost-Warendin Roucourt Rumilly-en-Cambr\u00e9sis Sailly-lez-Cambrai Saint-Benin Saint-Souplet Sancourt S\u00e9ranvillers-Forenville Sin-le-Noble Thun-l&rsquo;\u00c9v\u00eaque Thun-Saint-Martin Tilloy-lez-Cambrai Troisvilles Villers-au-Tertre Villers-Outr\u00e9aux Vred Walincourt-Selvigny Wambaix Wasnes-au-Bac Wavrechain-sous-Faulx Waziers [\/vc_column_text][\/vc_column][\/vc_row][vc_row][vc_column][vc_column_text] Pas-de-Calais [\/vc_column_text][\/vc_column][\/vc_row][vc_row][vc_column][vc_column_text] Bellonne Bourlon Brebi\u00e8res Corbehem Courcelles-l\u00e8s-Lens \u00c9court-Saint-Quentin \u00c9pinoy Gouy-sous-Bellonne Marquion Noyelles-sous-Bellonne Oisy-le-Verger Palluel Qui\u00e9ry-la-Motte Rumaucourt Sailly-en-Ostrevent Sauchy-Cauchy Sauchy-Lestr\u00e9e Tortequesne Vitry-en-Artois [\/vc_column_text][\/vc_column][\/vc_row]<\/p>\n","protected":false},"author":8,"featured_media":0,"parent":0,"menu_order":0,"comment_status":"closed","ping_status":"closed","template":"","meta":{"_genesis_hide_title":false,"_genesis_hide_breadcrumbs":false,"_genesis_hide_singular_image":false,"_genesis_hide_footer_widgets":false,"_genesis_custom_body_class":"","_genesis_custom_post_class":"","_genesis_layout":""},"yoast_head":"<!-- This site is optimized with the Yoast SEO plugin v17.8 - https:\/\/yoast.com\/wordpress\/plugins\/seo\/ -->\n<title>Les zones d&#039;interventions - Courtiers en cr\u00e9dit n\u00e9goci\u00e9 PresseTaux Cambrai<\/title>\n<meta name=\"description\" content=\"Retrouvez les diff\u00e9rentes zones d&#039;interventions de vos courtiers en cr\u00e9dit n\u00e9goci\u00e9 PresseTaux Cambrai. Contactez nous d\u00e8s maintenant.\" \/>\n<meta name=\"robots\" content=\"index, follow, max-snippet:-1, max-image-preview:large, max-video-preview:-1\" \/>\n<link rel=\"canonical\" href=\"https:\/\/pressetaux.fr\/cambrai\/zone-interventions-sm-com\/\" \/>\n<meta property=\"og:locale\" content=\"fr_FR\" \/>\n<meta property=\"og:type\" content=\"article\" \/>\n<meta property=\"og:title\" content=\"Les zones d&#039;interventions - Courtiers en cr\u00e9dit n\u00e9goci\u00e9 PresseTaux Cambrai\" \/>\n<meta property=\"og:description\" content=\"Retrouvez les diff\u00e9rentes zones d&#039;interventions de vos courtiers en cr\u00e9dit n\u00e9goci\u00e9 PresseTaux Cambrai. Contactez nous d\u00e8s maintenant.\" \/>\n<meta property=\"og:url\" content=\"https:\/\/pressetaux.fr\/cambrai\/zone-interventions-sm-com\/\" \/>\n<meta property=\"og:site_name\" content=\"PresseTaux Cambrai\" \/>\n<meta property=\"article:publisher\" content=\"https:\/\/www.facebook.com\/pressetauxcambrai?locale=fr_FR\" \/>\n<meta property=\"article:modified_time\" content=\"2017-03-20T13:32:59+00:00\" \/>\n<meta property=\"og:image\" content=\"https:\/\/pressetaux.fr\/cambrai\/wp-content\/uploads\/sites\/3\/2020\/11\/LogoPressetaux.png\" \/>\n\t<meta property=\"og:image:width\" content=\"488\" \/>\n\t<meta property=\"og:image:height\" content=\"278\" \/>\n<meta name=\"twitter:label1\" content=\"Dur\u00e9e de lecture estim\u00e9e\" \/>\n\t<meta name=\"twitter:data1\" content=\"2 minutes\" \/>\n<script type=\"application\/ld+json\" class=\"yoast-schema-graph\">{\"@context\":\"https:\/\/schema.org\",\"@graph\":[{\"@type\":\"Organization\",\"@id\":\"https:\/\/pressetaux.fr\/cambrai\/#organization\",\"name\":\"PresseTaux Cambrai\",\"url\":\"https:\/\/pressetaux.fr\/cambrai\/\",\"sameAs\":[\"https:\/\/www.facebook.com\/pressetauxcambrai?locale=fr_FR\"],\"logo\":{\"@type\":\"ImageObject\",\"@id\":\"https:\/\/pressetaux.fr\/cambrai\/#logo\",\"inLanguage\":\"fr-FR\",\"url\":\"https:\/\/pressetaux.fr\/cambrai\/wp-content\/uploads\/sites\/3\/2020\/11\/LogoPressetaux.png\",\"contentUrl\":\"https:\/\/pressetaux.fr\/cambrai\/wp-content\/uploads\/sites\/3\/2020\/11\/LogoPressetaux.png\",\"width\":488,\"height\":278,\"caption\":\"PresseTaux Cambrai\"},\"image\":{\"@id\":\"https:\/\/pressetaux.fr\/cambrai\/#logo\"}},{\"@type\":\"WebSite\",\"@id\":\"https:\/\/pressetaux.fr\/cambrai\/#website\",\"url\":\"https:\/\/pressetaux.fr\/cambrai\/\",\"name\":\"PresseTaux Cambrai\",\"description\":\"COURTIER EN CREDIT\",\"publisher\":{\"@id\":\"https:\/\/pressetaux.fr\/cambrai\/#organization\"},\"potentialAction\":[{\"@type\":\"SearchAction\",\"target\":{\"@type\":\"EntryPoint\",\"urlTemplate\":\"https:\/\/pressetaux.fr\/cambrai\/?s={search_term_string}\"},\"query-input\":\"required name=search_term_string\"}],\"inLanguage\":\"fr-FR\"},{\"@type\":\"WebPage\",\"@id\":\"https:\/\/pressetaux.fr\/cambrai\/zone-interventions-sm-com\/#webpage\",\"url\":\"https:\/\/pressetaux.fr\/cambrai\/zone-interventions-sm-com\/\",\"name\":\"Les zones d'interventions - Courtiers en cr\\u00e9dit n\\u00e9goci\\u00e9 PresseTaux Cambrai\",\"isPartOf\":{\"@id\":\"https:\/\/pressetaux.fr\/cambrai\/#website\"},\"datePublished\":\"2015-10-02T09:39:59+00:00\",\"dateModified\":\"2017-03-20T13:32:59+00:00\",\"description\":\"Retrouvez les diff\\u00e9rentes zones d'interventions de vos courtiers en cr\\u00e9dit n\\u00e9goci\\u00e9 PresseTaux Cambrai. Contactez nous d\\u00e8s maintenant.\",\"breadcrumb\":{\"@id\":\"https:\/\/pressetaux.fr\/cambrai\/zone-interventions-sm-com\/#breadcrumb\"},\"inLanguage\":\"fr-FR\",\"potentialAction\":[{\"@type\":\"ReadAction\",\"target\":[\"https:\/\/pressetaux.fr\/cambrai\/zone-interventions-sm-com\/\"]}]},{\"@type\":\"BreadcrumbList\",\"@id\":\"https:\/\/pressetaux.fr\/cambrai\/zone-interventions-sm-com\/#breadcrumb\",\"itemListElement\":[{\"@type\":\"ListItem\",\"position\":1,\"name\":\"Les zones d&rsquo;interventions\"}]}]}<\/script>\n<!-- \/ Yoast SEO plugin. -->","yoast_head_json":{"title":"Les zones d'interventions - Courtiers en cr\u00e9dit n\u00e9goci\u00e9 PresseTaux Cambrai","description":"Retrouvez les diff\u00e9rentes zones d'interventions de vos courtiers en cr\u00e9dit n\u00e9goci\u00e9 PresseTaux Cambrai. Contactez nous d\u00e8s maintenant.","robots":{"index":"index","follow":"follow","max-snippet":"max-snippet:-1","max-image-preview":"max-image-preview:large","max-video-preview":"max-video-preview:-1"},"canonical":"https:\/\/pressetaux.fr\/cambrai\/zone-interventions-sm-com\/","og_locale":"fr_FR","og_type":"article","og_title":"Les zones d'interventions - Courtiers en cr\u00e9dit n\u00e9goci\u00e9 PresseTaux Cambrai","og_description":"Retrouvez les diff\u00e9rentes zones d'interventions de vos courtiers en cr\u00e9dit n\u00e9goci\u00e9 PresseTaux Cambrai. Contactez nous d\u00e8s maintenant.","og_url":"https:\/\/pressetaux.fr\/cambrai\/zone-interventions-sm-com\/","og_site_name":"PresseTaux Cambrai","article_publisher":"https:\/\/www.facebook.com\/pressetauxcambrai?locale=fr_FR","article_modified_time":"2017-03-20T13:32:59+00:00","og_image":[{"width":488,"height":278,"url":"https:\/\/pressetaux.fr\/cambrai\/wp-content\/uploads\/sites\/3\/2020\/11\/LogoPressetaux.png","type":"image\/png"}],"twitter_misc":{"Dur\u00e9e de lecture estim\u00e9e":"2 minutes"},"schema":{"@context":"https:\/\/schema.org","@graph":[{"@type":"Organization","@id":"https:\/\/pressetaux.fr\/cambrai\/#organization","name":"PresseTaux Cambrai","url":"https:\/\/pressetaux.fr\/cambrai\/","sameAs":["https:\/\/www.facebook.com\/pressetauxcambrai?locale=fr_FR"],"logo":{"@type":"ImageObject","@id":"https:\/\/pressetaux.fr\/cambrai\/#logo","inLanguage":"fr-FR","url":"https:\/\/pressetaux.fr\/cambrai\/wp-content\/uploads\/sites\/3\/2020\/11\/LogoPressetaux.png","contentUrl":"https:\/\/pressetaux.fr\/cambrai\/wp-content\/uploads\/sites\/3\/2020\/11\/LogoPressetaux.png","width":488,"height":278,"caption":"PresseTaux Cambrai"},"image":{"@id":"https:\/\/pressetaux.fr\/cambrai\/#logo"}},{"@type":"WebSite","@id":"https:\/\/pressetaux.fr\/cambrai\/#website","url":"https:\/\/pressetaux.fr\/cambrai\/","name":"PresseTaux Cambrai","description":"COURTIER EN CREDIT","publisher":{"@id":"https:\/\/pressetaux.fr\/cambrai\/#organization"},"potentialAction":[{"@type":"SearchAction","target":{"@type":"EntryPoint","urlTemplate":"https:\/\/pressetaux.fr\/cambrai\/?s={search_term_string}"},"query-input":"required name=search_term_string"}],"inLanguage":"fr-FR"},{"@type":"WebPage","@id":"https:\/\/pressetaux.fr\/cambrai\/zone-interventions-sm-com\/#webpage","url":"https:\/\/pressetaux.fr\/cambrai\/zone-interventions-sm-com\/","name":"Les zones d'interventions - Courtiers en cr\u00e9dit n\u00e9goci\u00e9 PresseTaux Cambrai","isPartOf":{"@id":"https:\/\/pressetaux.fr\/cambrai\/#website"},"datePublished":"2015-10-02T09:39:59+00:00","dateModified":"2017-03-20T13:32:59+00:00","description":"Retrouvez les diff\u00e9rentes zones d'interventions de vos courtiers en cr\u00e9dit n\u00e9goci\u00e9 PresseTaux Cambrai. Contactez nous d\u00e8s maintenant.","breadcrumb":{"@id":"https:\/\/pressetaux.fr\/cambrai\/zone-interventions-sm-com\/#breadcrumb"},"inLanguage":"fr-FR","potentialAction":[{"@type":"ReadAction","target":["https:\/\/pressetaux.fr\/cambrai\/zone-interventions-sm-com\/"]}]},{"@type":"BreadcrumbList","@id":"https:\/\/pressetaux.fr\/cambrai\/zone-interventions-sm-com\/#breadcrumb","itemListElement":[{"@type":"ListItem","position":1,"name":"Les zones d&rsquo;interventions"}]}]}},"_links":{"self":[{"href":"https:\/\/pressetaux.fr\/cambrai\/wp-json\/wp\/v2\/pages\/566"}],"collection":[{"href":"https:\/\/pressetaux.fr\/cambrai\/wp-json\/wp\/v2\/pages"}],"about":[{"href":"https:\/\/pressetaux.fr\/cambrai\/wp-json\/wp\/v2\/types\/page"}],"author":[{"embeddable":true,"href":"https:\/\/pressetaux.fr\/cambrai\/wp-json\/wp\/v2\/users\/8"}],"replies":[{"embeddable":true,"href":"https:\/\/pressetaux.fr\/cambrai\/wp-json\/wp\/v2\/comments?post=566"}],"version-history":[{"count":0,"href":"https:\/\/pressetaux.fr\/cambrai\/wp-json\/wp\/v2\/pages\/566\/revisions"}],"wp:attachment":[{"href":"https:\/\/pressetaux.fr\/cambrai\/wp-json\/wp\/v2\/media?parent=566"}],"curies":[{"name":"wp","href":"https:\/\/api.w.org\/{rel}","templated":true}]}}