{"id":685,"date":"2013-07-09T08:36:49","date_gmt":"2013-07-09T07:36:49","guid":{"rendered":"http:\/\/www.pressetaux.fr\/cambrai\/?page_id=12"},"modified":"2023-11-30T10:22:30","modified_gmt":"2023-11-30T09:22:30","slug":"courtier-cambrai","status":"publish","type":"page","link":"https:\/\/pressetaux.fr\/cambrai\/courtier-cambrai\/","title":{"rendered":"Courtier en cr\u00e9dit \u00e0 Cambrai"},"content":{"rendered":"<p>[vc_row][vc_column offset=\u00a0\u00bbvc_hidden-sm vc_hidden-xs\u00a0\u00bb][vc_single_image image=\u00a0\u00bb729&Prime; img_size=\u00a0\u00bbfull\u00a0\u00bb alignment=\u00a0\u00bbcenter\u00a0\u00bb][\/vc_column][\/vc_row][vc_row][vc_column offset=\u00a0\u00bbvc_hidden-lg vc_hidden-md\u00a0\u00bb][vc_column_text]Votre <strong>courtier<\/strong> PresseTaux sur Cambrai.[\/vc_column_text][\/vc_column][\/vc_row][vc_row][vc_column][vc_single_image image=\u00a0\u00bb450&Prime; img_size=\u00a0\u00bbfull\u00a0\u00bb alignment=\u00a0\u00bbcenter\u00a0\u00bb][\/vc_column][\/vc_row][vc_row][vc_column width=\u00a0\u00bb1\/2&Prime;][vc_single_image image=\u00a0\u00bb1306&Prime; img_size=\u00a0\u00bbfull\u00a0\u00bb][\/vc_column][vc_column width=\u00a0\u00bb1\/2&Prime;][vc_column_text]<a href=\"mailto:ericb@pressetaux.fr\"><img loading=\"lazy\" class=\"size-full wp-image-2670 alignleft\" src=\"https:\/\/pressetaux.fr\/wp-content\/uploads\/2015\/04\/contacter-conseiller.png\" alt=\"contacter-conseiller\" width=\"350\" height=\"80\" \/><\/a>[\/vc_column_text][\/vc_column][\/vc_row][vc_row][vc_column offset=\u00a0\u00bbvc_hidden-sm vc_hidden-xs\u00a0\u00bb][vc_single_image image=\u00a0\u00bb2545&Prime; img_size=\u00a0\u00bbfull\u00a0\u00bb onclick=\u00a0\u00bbcustom_link\u00a0\u00bb link=\u00a0\u00bbhttps:\/\/pressetaux.fr\/cambrai\/\u00a0\u00bb][\/vc_column][\/vc_row][vc_row el_class=\u00a0\u00bbmobile-only\u00a0\u00bb][vc_column offset=\u00a0\u00bbvc_hidden-lg vc_hidden-md\u00a0\u00bb el_class=\u00a0\u00bbcourtage\u00a0\u00bb][vc_column_text]<\/p>\n<h3>PRESSETAUX CAMBRAI<\/h3>\n<p>SAS SM COM<br \/>\nN\u00b0 SIRET : 451 977 789 00051<br \/>\nCourtier ind\u00e9pendant immatricul\u00e9 \u00e0 l&rsquo;ORIAS N\u00b013002388<\/p>\n<p>rue du Canal &#8211; Place Marcellin Berthelot<br \/>\n59400 &#8211;\u00a0Cambrai<br \/>\nT\u00e9l.: 03 27 47 75 74<br \/>\nPort. : 06 27 35 24 96[\/vc_column_text][vc_btn title=\u00a0\u00bbAppeler\u00a0\u00bb style=\u00a0\u00bbclassic\u00a0\u00bb color=\u00a0\u00bbblack\u00a0\u00bb align=\u00a0\u00bbcenter\u00a0\u00bb button_block=\u00a0\u00bbtrue\u00a0\u00bb link=\u00a0\u00bburl:tel%3A0627352496|||rel:nofollow\u00a0\u00bb][\/vc_column][\/vc_row][vc_row][vc_column][vc_single_image image=\u00a0\u00bb450&Prime; img_size=\u00a0\u00bbfull\u00a0\u00bb alignment=\u00a0\u00bbcenter\u00a0\u00bb][\/vc_column][\/vc_row][vc_row][vc_column][vc_column_text]<\/p>\n<h2 style=\"text-align: center;\"><strong>Eric Bossaert, votre courtier cr\u00e9dit \u00e0 Cambrai.<\/strong><\/h2>\n<p>[\/vc_column_text][\/vc_column][\/vc_row][vc_row][vc_column][vc_column_text]<strong>\u00c9ric Bossaert<\/strong>, cambr\u00e9sien d&rsquo;origine, j&rsquo;ai suivi des \u00e9tudes juridiques puis commerciales. Apr\u00e8s une exp\u00e9rience dans un cabinet d&rsquo;assurances (deux ans), j&rsquo;ai poursuivi mon parcours au sein de plusieurs \u00e9tablissements bancaires (8 ans). Tout d&rsquo;abord en tant que conseiller puis \u00e0 la direction commerciale pour la cr\u00e9ation de nouvelles agences.<\/p>\n<p>Ainsi fort de ces exp\u00e9riences, je suis de retour \u00e0 Cambrai en 2006 avec\u00a0<span style=\"color: #000000;\"><strong>PRESSETAUX,<\/strong><\/span>\u00a0tout d&rsquo;abord comme salari\u00e9 et ensuite en tant que responsable de l&rsquo;agence de Cambrai en 2009.<\/p>\n<p>Ainsi mes diverses exp\u00e9riences tant dans les assurances que dans la banque m&rsquo;ont permis de ma\u00eetriser parfaitement l&rsquo;environnement du courtage financier dans la recherche des financements\u00a0<strong>aux particuliers et aux professionnels<\/strong>.<\/p>\n<h4>En bref, je suis \u00e0 votre disposition pour diff\u00e9rents <strong>types de pr\u00eats<\/strong> :<\/h4>\n<p><strong>&#8211; Pr\u00eat immobilier :<\/strong>\u00a0Vous avez un projet immobilier ? Je\u00a0vous accompagne pour devenir propri\u00e9taire sereinement et au meilleur co\u00fbt&#8230;<br \/>\n<strong>&#8211; Ren\u00e9gociation de cr\u00e9dit :<\/strong>\u00a0Vous avez un emprunt immobilier en cours ? Obtenez des conditions de pr\u00eat plus avantageuses en r\u00e9duisant votre dur\u00e9e de cr\u00e9dit ou en all\u00e9geant votre mensualit\u00e9&#8230;<br \/>\n<strong>&#8211; Financement de travaux :<\/strong>\u00a0Vous souhaitez r\u00e9aliser des travaux\u2026<br \/>\n&#8211;\u00a0<strong>Regroupement de cr\u00e9dit :\u00a0<\/strong>Vous avez plusieurs cr\u00e9dits en cours, regrouper l&rsquo;ensemble de vos cr\u00e9dits en un seul afin de diminuer la mensualit\u00e9 globale et donner de l\u2019air \u00e0 votre budget.<br \/>\n<strong>&#8211; Pr\u00eat professionnel :\u00a0<\/strong>financement pour votre entreprise, aide \u00e0 la cr\u00e9ation de votre entreprise, d\u00e9veloppement de votre activit\u00e9, nos courtiers en cr\u00e9dit n\u00e9goci\u00e9 dans le\u00a0<b>Nord<\/b>\u00a0trouvent les meilleurs opportunit\u00e9s que vous soyez entrepreneur individuel, en soci\u00e9t\u00e9 (SARL, SAS, etc..) ou m\u00eame install\u00e9 en profession lib\u00e9rale.<\/p>\n<p>Donc n\u2019h\u00e9sitez pas \u00e0 me contacter, que ce soit pour <a href=\"https:\/\/pressetaux.fr\/cambrai\/etude-personnalisee\/\">une \u00e9tude de budget gratuite personnalis\u00e9e<\/a>, ou si vous avez d\u00e9j\u00e0 sign\u00e9, pour votre compromis.<\/p>\n<p>Eric Bossaert au <a href=\"tel:0627352496\">06\u00a027 35 24 96<\/a>[\/vc_column_text][\/vc_column][\/vc_row][vc_row][vc_column][vc_column_text]Enfin, ils nous ont fait confiance, retrouvez leurs avis et t\u00e9moignages sur : <a href=\"https:\/\/www.google.fr\/search?q=PresseTaux+Cambrai&amp;source=hp&amp;ei=jZW4YfWbEtGRlwTbzpOQAQ&amp;iflsig=ALs-wAMAAAAAYbijnSSuFrAn5ygdes8O44PmpX28DVdT&amp;ved=0ahUKEwi1lu2_rOP0AhXRyIUKHVvnBBIQ4dUDCAs&amp;uact=5&amp;oq=PresseTaux+Cambrai&amp;gs_lcp=Cgdnd3Mtd2l6EAMyCwguEIAEEMcBEK8BMgIIJjoLCAAQgAQQsQMQgwE6EQguEIAEELEDEIMBEMcBEKMCOg4ILhCABBCxAxDHARDRAzoLCC4QgAQQxwEQowI6CwguEIAEELEDEIMBOggIABCABBCxAzoOCC4QgAQQsQMQxwEQowI6BQgAEIAEOggIABCxAxCDAToICC4QgAQQsQM6BQguEIAEOgQILhADOgsIABCxAxCDARDJAzoHCAAQgAQQCjoGCAAQFhAeUABYyxxg0CBoAHAAeAGAAcABiAGnD5IBBDcuMTGYAQCgAQE&amp;sclient=gws-wiz#lrd=0x47c2bc97da2d3b45:0x92fbe297ac21b3e,1,,,\" target=\"blank\" rel=\"noopener noreferrer\">Google<\/a>, <a href=\"https:\/\/pressetaux.fr\/cambrai\/category\/temoignagesblog\/\">Nos t\u00e9moignages<\/a> et <a href=\"https:\/\/www.facebook.com\/pressetauxcambrai\/reviews\/?ref=page_internal&amp;locale=fr_FR\" target=\"blank\" rel=\"noopener noreferrer\">Facebook<\/a>[\/vc_column_text][\/vc_column][\/vc_row][vc_row][vc_column][vc_single_image image=\u00a0\u00bb450&Prime; img_size=\u00a0\u00bbfull\u00a0\u00bb alignment=\u00a0\u00bbcenter\u00a0\u00bb][\/vc_column][\/vc_row][vc_row][vc_column][vc_column_text]<\/p>\n<p style=\"text-align: center;\"><strong>Les diff\u00e9rentes zones d&rsquo;intervention de votre courtier :<\/strong><\/p>\n<p>[\/vc_column_text][\/vc_column][\/vc_row][vc_row][vc_column][vc_column_text]Douai &#8211; Waziers &#8211; Flers En Escrebieux &#8211; Lambres Lez Douai Arleux &#8211; F\u00e9chain &#8211; Sancourt &#8211; Mastaing &#8211; Aniche &#8211; Lewarde &#8211; Pecquencourt &#8211; Sin Le Noble &#8211; Flines Lez Raches &#8211; Cambrai &#8211; Caudry &#8211; Le Cateau &#8211; Maretz &#8211; Villers Outr\u00e9aux &#8211; Masni\u00e8res &#8211; Noyelle Sur Escaut &#8211; Proville[\/vc_column_text][vc_single_image image=\u00a0\u00bb452&Prime; img_size=\u00a0\u00bbfull\u00a0\u00bb alignment=\u00a0\u00bbcenter\u00a0\u00bb onclick=\u00a0\u00bbcustom_link\u00a0\u00bb link=\u00a0\u00bbhttps:\/\/pressetaux.fr\/cambrai\/zone-interventions-sm-com\u00a0\u00bb][\/vc_column][\/vc_row][vc_row][vc_column][vc_single_image image=\u00a0\u00bb450&Prime; img_size=\u00a0\u00bbfull\u00a0\u00bb alignment=\u00a0\u00bbcenter\u00a0\u00bb][\/vc_column][\/vc_row]<\/p>\n","protected":false},"excerpt":{"rendered":"<p>[vc_row][vc_column offset=\u00a0\u00bbvc_hidden-sm vc_hidden-xs\u00a0\u00bb][vc_single_image image=\u00a0\u00bb729&Prime; img_size=\u00a0\u00bbfull\u00a0\u00bb alignment=\u00a0\u00bbcenter\u00a0\u00bb][\/vc_column][\/vc_row][vc_row][vc_column offset=\u00a0\u00bbvc_hidden-lg vc_hidden-md\u00a0\u00bb][vc_column_text]Votre courtier PresseTaux sur Cambrai.[\/vc_column_text][\/vc_column][\/vc_row][vc_row][vc_column][vc_single_image image=\u00a0\u00bb450&Prime; img_size=\u00a0\u00bbfull\u00a0\u00bb alignment=\u00a0\u00bbcenter\u00a0\u00bb][\/vc_column][\/vc_row][vc_row][vc_column width=\u00a0\u00bb1\/2&Prime;][vc_single_image image=\u00a0\u00bb1306&Prime; img_size=\u00a0\u00bbfull\u00a0\u00bb][\/vc_column][vc_column width=\u00a0\u00bb1\/2&Prime;][vc_column_text][\/vc_column_text][\/vc_column][\/vc_row][vc_row][vc_column offset=\u00a0\u00bbvc_hidden-sm vc_hidden-xs\u00a0\u00bb][vc_single_image image=\u00a0\u00bb2545&Prime; img_size=\u00a0\u00bbfull\u00a0\u00bb onclick=\u00a0\u00bbcustom_link\u00a0\u00bb link=\u00a0\u00bbhttps:\/\/pressetaux.fr\/cambrai\/\u00a0\u00bb][\/vc_column][\/vc_row][vc_row el_class=\u00a0\u00bbmobile-only\u00a0\u00bb][vc_column offset=\u00a0\u00bbvc_hidden-lg vc_hidden-md\u00a0\u00bb el_class=\u00a0\u00bbcourtage\u00a0\u00bb][vc_column_text] PRESSETAUX CAMBRAI SAS SM COM N\u00b0 SIRET : 451 977 789 00051 Courtier ind\u00e9pendant immatricul\u00e9 \u00e0 l&rsquo;ORIAS N\u00b013002388 rue du Canal &#8211; Place Marcellin Berthelot 59400 &#8211;\u00a0Cambrai T\u00e9l.: 03 27 47 75 74 Port. : 06 27 35 24 96[\/vc_column_text][vc_btn title=\u00a0\u00bbAppeler\u00a0\u00bb style=\u00a0\u00bbclassic\u00a0\u00bb color=\u00a0\u00bbblack\u00a0\u00bb align=\u00a0\u00bbcenter\u00a0\u00bb button_block=\u00a0\u00bbtrue\u00a0\u00bb link=\u00a0\u00bburl:tel%3A0627352496|||rel:nofollow\u00a0\u00bb][\/vc_column][\/vc_row][vc_row][vc_column][vc_single_image image=\u00a0\u00bb450&Prime; img_size=\u00a0\u00bbfull\u00a0\u00bb alignment=\u00a0\u00bbcenter\u00a0\u00bb][\/vc_column][\/vc_row][vc_row][vc_column][vc_column_text] Eric Bossaert, votre courtier cr\u00e9dit \u00e0 Cambrai. [\/vc_column_text][\/vc_column][\/vc_row][vc_row][vc_column][vc_column_text]\u00c9ric Bossaert, cambr\u00e9sien d&rsquo;origine, j&rsquo;ai suivi des \u00e9tudes juridiques puis commerciales. Apr\u00e8s une exp\u00e9rience dans un cabinet d&rsquo;assurances (deux ans), j&rsquo;ai poursuivi mon parcours au sein de plusieurs \u00e9tablissements bancaires (8 ans). Tout d&rsquo;abord en tant que conseiller puis \u00e0 la direction commerciale pour la cr\u00e9ation de nouvelles agences. Ainsi fort de ces exp\u00e9riences, je suis de retour \u00e0 Cambrai en 2006 avec\u00a0PRESSETAUX,\u00a0tout d&rsquo;abord comme salari\u00e9 et ensuite en tant que responsable de l&rsquo;agence de Cambrai en 2009. Ainsi mes diverses exp\u00e9riences tant dans les assurances que dans la banque m&rsquo;ont permis de ma\u00eetriser parfaitement l&rsquo;environnement du courtage financier dans la recherche des financements\u00a0aux particuliers et aux professionnels. En bref, je suis \u00e0 votre disposition pour diff\u00e9rents types de pr\u00eats : &#8211; Pr\u00eat immobilier :\u00a0Vous avez un projet immobilier ? Je\u00a0vous accompagne pour devenir propri\u00e9taire sereinement et au meilleur co\u00fbt&#8230; &#8211; Ren\u00e9gociation de cr\u00e9dit :\u00a0Vous avez un emprunt immobilier en cours ? Obtenez des conditions de pr\u00eat plus avantageuses en r\u00e9duisant votre dur\u00e9e de cr\u00e9dit ou en all\u00e9geant votre mensualit\u00e9&#8230; &#8211; Financement de travaux :\u00a0Vous souhaitez r\u00e9aliser des travaux\u2026 &#8211;\u00a0Regroupement de cr\u00e9dit :\u00a0Vous avez plusieurs cr\u00e9dits en cours, regrouper l&rsquo;ensemble de vos cr\u00e9dits en un seul afin de diminuer la mensualit\u00e9 globale et donner de l\u2019air \u00e0 votre budget. &#8211; Pr\u00eat professionnel :\u00a0financement pour votre entreprise, aide \u00e0 la cr\u00e9ation de votre entreprise, d\u00e9veloppement de votre activit\u00e9, nos courtiers en cr\u00e9dit n\u00e9goci\u00e9 dans le\u00a0Nord\u00a0trouvent les meilleurs opportunit\u00e9s que vous soyez entrepreneur individuel, en soci\u00e9t\u00e9 (SARL, SAS, etc..) ou m\u00eame install\u00e9 en profession lib\u00e9rale. Donc n\u2019h\u00e9sitez pas \u00e0 me contacter, que ce soit pour une \u00e9tude de budget gratuite personnalis\u00e9e, ou si vous avez d\u00e9j\u00e0 sign\u00e9, pour votre compromis. Eric Bossaert au 06\u00a027 35 24 96[\/vc_column_text][\/vc_column][\/vc_row][vc_row][vc_column][vc_column_text]Enfin, ils nous ont fait confiance, retrouvez leurs avis et t\u00e9moignages sur : Google, Nos t\u00e9moignages et Facebook[\/vc_column_text][\/vc_column][\/vc_row][vc_row][vc_column][vc_single_image image=\u00a0\u00bb450&Prime; img_size=\u00a0\u00bbfull\u00a0\u00bb alignment=\u00a0\u00bbcenter\u00a0\u00bb][\/vc_column][\/vc_row][vc_row][vc_column][vc_column_text] Les diff\u00e9rentes zones d&rsquo;intervention de votre courtier : [\/vc_column_text][\/vc_column][\/vc_row][vc_row][vc_column][vc_column_text]Douai &#8211; Waziers &#8211; Flers En Escrebieux &#8211; Lambres Lez Douai Arleux &#8211; F\u00e9chain &#8211; Sancourt &#8211; Mastaing &#8211; Aniche &#8211; Lewarde &#8211; Pecquencourt &#8211; Sin Le Noble &#8211; Flines Lez Raches &#8211; Cambrai &#8211; Caudry &#8211; Le Cateau &#8211; Maretz &#8211; Villers Outr\u00e9aux &#8211; Masni\u00e8res &#8211; Noyelle Sur Escaut &#8211; Proville[\/vc_column_text][vc_single_image image=\u00a0\u00bb452&Prime; img_size=\u00a0\u00bbfull\u00a0\u00bb alignment=\u00a0\u00bbcenter\u00a0\u00bb onclick=\u00a0\u00bbcustom_link\u00a0\u00bb link=\u00a0\u00bbhttps:\/\/pressetaux.fr\/cambrai\/zone-interventions-sm-com\u00a0\u00bb][\/vc_column][\/vc_row][vc_row][vc_column][vc_single_image image=\u00a0\u00bb450&Prime; img_size=\u00a0\u00bbfull\u00a0\u00bb alignment=\u00a0\u00bbcenter\u00a0\u00bb][\/vc_column][\/vc_row]<\/p>\n","protected":false},"author":8,"featured_media":0,"parent":0,"menu_order":0,"comment_status":"closed","ping_status":"closed","template":"","meta":{"_genesis_hide_title":false,"_genesis_hide_breadcrumbs":false,"_genesis_hide_singular_image":false,"_genesis_hide_footer_widgets":false,"_genesis_custom_body_class":"","_genesis_custom_post_class":"","_genesis_layout":""},"yoast_head":"<!-- This site is optimized with the Yoast SEO plugin v17.8 - https:\/\/yoast.com\/wordpress\/plugins\/seo\/ -->\n<title>Contactez votre courtier en cr\u00e9dit \u00e0 Cambrai - PresseTaux<\/title>\n<meta name=\"description\" content=\"Eric Bossaert, je suis votre courtier en cr\u00e9dit \u00e0 Cambrai. Venez me rencontrer afin que je vous fasse ECONOMISER de l&#039;argent !\" \/>\n<meta name=\"robots\" content=\"index, follow, max-snippet:-1, max-image-preview:large, max-video-preview:-1\" \/>\n<link rel=\"canonical\" href=\"https:\/\/pressetaux.fr\/cambrai\/courtier-cambrai\/\" \/>\n<meta property=\"og:locale\" content=\"fr_FR\" \/>\n<meta property=\"og:type\" content=\"article\" \/>\n<meta property=\"og:title\" content=\"Contactez votre courtier en cr\u00e9dit \u00e0 Cambrai - PresseTaux\" \/>\n<meta property=\"og:description\" content=\"Eric Bossaert, je suis votre courtier en cr\u00e9dit \u00e0 Cambrai. Venez me rencontrer afin que je vous fasse ECONOMISER de l&#039;argent !\" \/>\n<meta property=\"og:url\" content=\"https:\/\/pressetaux.fr\/cambrai\/courtier-cambrai\/\" \/>\n<meta property=\"og:site_name\" content=\"PresseTaux Cambrai\" \/>\n<meta property=\"article:publisher\" content=\"https:\/\/www.facebook.com\/pressetauxcambrai?locale=fr_FR\" \/>\n<meta property=\"article:modified_time\" content=\"2023-11-30T09:22:30+00:00\" \/>\n<meta property=\"og:image\" content=\"https:\/\/pressetaux.fr\/wp-content\/uploads\/2015\/04\/contacter-conseiller.png\" \/>\n<meta name=\"twitter:label1\" content=\"Dur\u00e9e de lecture estim\u00e9e\" \/>\n\t<meta name=\"twitter:data1\" content=\"3 minutes\" \/>\n<script type=\"application\/ld+json\" class=\"yoast-schema-graph\">{\"@context\":\"https:\/\/schema.org\",\"@graph\":[{\"@type\":\"Organization\",\"@id\":\"https:\/\/pressetaux.fr\/cambrai\/#organization\",\"name\":\"PresseTaux Cambrai\",\"url\":\"https:\/\/pressetaux.fr\/cambrai\/\",\"sameAs\":[\"https:\/\/www.facebook.com\/pressetauxcambrai?locale=fr_FR\"],\"logo\":{\"@type\":\"ImageObject\",\"@id\":\"https:\/\/pressetaux.fr\/cambrai\/#logo\",\"inLanguage\":\"fr-FR\",\"url\":\"https:\/\/pressetaux.fr\/cambrai\/wp-content\/uploads\/sites\/3\/2020\/11\/LogoPressetaux.png\",\"contentUrl\":\"https:\/\/pressetaux.fr\/cambrai\/wp-content\/uploads\/sites\/3\/2020\/11\/LogoPressetaux.png\",\"width\":488,\"height\":278,\"caption\":\"PresseTaux Cambrai\"},\"image\":{\"@id\":\"https:\/\/pressetaux.fr\/cambrai\/#logo\"}},{\"@type\":\"WebSite\",\"@id\":\"https:\/\/pressetaux.fr\/cambrai\/#website\",\"url\":\"https:\/\/pressetaux.fr\/cambrai\/\",\"name\":\"PresseTaux Cambrai\",\"description\":\"COURTIER EN CREDIT\",\"publisher\":{\"@id\":\"https:\/\/pressetaux.fr\/cambrai\/#organization\"},\"potentialAction\":[{\"@type\":\"SearchAction\",\"target\":{\"@type\":\"EntryPoint\",\"urlTemplate\":\"https:\/\/pressetaux.fr\/cambrai\/?s={search_term_string}\"},\"query-input\":\"required name=search_term_string\"}],\"inLanguage\":\"fr-FR\"},{\"@type\":\"ImageObject\",\"@id\":\"https:\/\/pressetaux.fr\/cambrai\/courtier-cambrai\/#primaryimage\",\"inLanguage\":\"fr-FR\",\"url\":\"https:\/\/pressetaux.fr\/wp-content\/uploads\/2015\/04\/contacter-conseiller.png\",\"contentUrl\":\"https:\/\/pressetaux.fr\/wp-content\/uploads\/2015\/04\/contacter-conseiller.png\"},{\"@type\":\"WebPage\",\"@id\":\"https:\/\/pressetaux.fr\/cambrai\/courtier-cambrai\/#webpage\",\"url\":\"https:\/\/pressetaux.fr\/cambrai\/courtier-cambrai\/\",\"name\":\"Contactez votre courtier en cr\\u00e9dit \\u00e0 Cambrai - PresseTaux\",\"isPartOf\":{\"@id\":\"https:\/\/pressetaux.fr\/cambrai\/#website\"},\"primaryImageOfPage\":{\"@id\":\"https:\/\/pressetaux.fr\/cambrai\/courtier-cambrai\/#primaryimage\"},\"datePublished\":\"2013-07-09T07:36:49+00:00\",\"dateModified\":\"2023-11-30T09:22:30+00:00\",\"description\":\"Eric Bossaert, je suis votre courtier en cr\\u00e9dit \\u00e0 Cambrai. Venez me rencontrer afin que je vous fasse ECONOMISER de l'argent !\",\"breadcrumb\":{\"@id\":\"https:\/\/pressetaux.fr\/cambrai\/courtier-cambrai\/#breadcrumb\"},\"inLanguage\":\"fr-FR\",\"potentialAction\":[{\"@type\":\"ReadAction\",\"target\":[\"https:\/\/pressetaux.fr\/cambrai\/courtier-cambrai\/\"]}]},{\"@type\":\"BreadcrumbList\",\"@id\":\"https:\/\/pressetaux.fr\/cambrai\/courtier-cambrai\/#breadcrumb\",\"itemListElement\":[{\"@type\":\"ListItem\",\"position\":1,\"name\":\"Courtier en cr\\u00e9dit \\u00e0 Cambrai\"}]}]}<\/script>\n<!-- \/ Yoast SEO plugin. -->","yoast_head_json":{"title":"Contactez votre courtier en cr\u00e9dit \u00e0 Cambrai - PresseTaux","description":"Eric Bossaert, je suis votre courtier en cr\u00e9dit \u00e0 Cambrai. Venez me rencontrer afin que je vous fasse ECONOMISER de l'argent !","robots":{"index":"index","follow":"follow","max-snippet":"max-snippet:-1","max-image-preview":"max-image-preview:large","max-video-preview":"max-video-preview:-1"},"canonical":"https:\/\/pressetaux.fr\/cambrai\/courtier-cambrai\/","og_locale":"fr_FR","og_type":"article","og_title":"Contactez votre courtier en cr\u00e9dit \u00e0 Cambrai - PresseTaux","og_description":"Eric Bossaert, je suis votre courtier en cr\u00e9dit \u00e0 Cambrai. Venez me rencontrer afin que je vous fasse ECONOMISER de l'argent !","og_url":"https:\/\/pressetaux.fr\/cambrai\/courtier-cambrai\/","og_site_name":"PresseTaux Cambrai","article_publisher":"https:\/\/www.facebook.com\/pressetauxcambrai?locale=fr_FR","article_modified_time":"2023-11-30T09:22:30+00:00","og_image":[{"url":"https:\/\/pressetaux.fr\/wp-content\/uploads\/2015\/04\/contacter-conseiller.png"}],"twitter_misc":{"Dur\u00e9e de lecture estim\u00e9e":"3 minutes"},"schema":{"@context":"https:\/\/schema.org","@graph":[{"@type":"Organization","@id":"https:\/\/pressetaux.fr\/cambrai\/#organization","name":"PresseTaux Cambrai","url":"https:\/\/pressetaux.fr\/cambrai\/","sameAs":["https:\/\/www.facebook.com\/pressetauxcambrai?locale=fr_FR"],"logo":{"@type":"ImageObject","@id":"https:\/\/pressetaux.fr\/cambrai\/#logo","inLanguage":"fr-FR","url":"https:\/\/pressetaux.fr\/cambrai\/wp-content\/uploads\/sites\/3\/2020\/11\/LogoPressetaux.png","contentUrl":"https:\/\/pressetaux.fr\/cambrai\/wp-content\/uploads\/sites\/3\/2020\/11\/LogoPressetaux.png","width":488,"height":278,"caption":"PresseTaux Cambrai"},"image":{"@id":"https:\/\/pressetaux.fr\/cambrai\/#logo"}},{"@type":"WebSite","@id":"https:\/\/pressetaux.fr\/cambrai\/#website","url":"https:\/\/pressetaux.fr\/cambrai\/","name":"PresseTaux Cambrai","description":"COURTIER EN CREDIT","publisher":{"@id":"https:\/\/pressetaux.fr\/cambrai\/#organization"},"potentialAction":[{"@type":"SearchAction","target":{"@type":"EntryPoint","urlTemplate":"https:\/\/pressetaux.fr\/cambrai\/?s={search_term_string}"},"query-input":"required name=search_term_string"}],"inLanguage":"fr-FR"},{"@type":"ImageObject","@id":"https:\/\/pressetaux.fr\/cambrai\/courtier-cambrai\/#primaryimage","inLanguage":"fr-FR","url":"https:\/\/pressetaux.fr\/wp-content\/uploads\/2015\/04\/contacter-conseiller.png","contentUrl":"https:\/\/pressetaux.fr\/wp-content\/uploads\/2015\/04\/contacter-conseiller.png"},{"@type":"WebPage","@id":"https:\/\/pressetaux.fr\/cambrai\/courtier-cambrai\/#webpage","url":"https:\/\/pressetaux.fr\/cambrai\/courtier-cambrai\/","name":"Contactez votre courtier en cr\u00e9dit \u00e0 Cambrai - PresseTaux","isPartOf":{"@id":"https:\/\/pressetaux.fr\/cambrai\/#website"},"primaryImageOfPage":{"@id":"https:\/\/pressetaux.fr\/cambrai\/courtier-cambrai\/#primaryimage"},"datePublished":"2013-07-09T07:36:49+00:00","dateModified":"2023-11-30T09:22:30+00:00","description":"Eric Bossaert, je suis votre courtier en cr\u00e9dit \u00e0 Cambrai. Venez me rencontrer afin que je vous fasse ECONOMISER de l'argent !","breadcrumb":{"@id":"https:\/\/pressetaux.fr\/cambrai\/courtier-cambrai\/#breadcrumb"},"inLanguage":"fr-FR","potentialAction":[{"@type":"ReadAction","target":["https:\/\/pressetaux.fr\/cambrai\/courtier-cambrai\/"]}]},{"@type":"BreadcrumbList","@id":"https:\/\/pressetaux.fr\/cambrai\/courtier-cambrai\/#breadcrumb","itemListElement":[{"@type":"ListItem","position":1,"name":"Courtier en cr\u00e9dit \u00e0 Cambrai"}]}]}},"_links":{"self":[{"href":"https:\/\/pressetaux.fr\/cambrai\/wp-json\/wp\/v2\/pages\/685"}],"collection":[{"href":"https:\/\/pressetaux.fr\/cambrai\/wp-json\/wp\/v2\/pages"}],"about":[{"href":"https:\/\/pressetaux.fr\/cambrai\/wp-json\/wp\/v2\/types\/page"}],"author":[{"embeddable":true,"href":"https:\/\/pressetaux.fr\/cambrai\/wp-json\/wp\/v2\/users\/8"}],"replies":[{"embeddable":true,"href":"https:\/\/pressetaux.fr\/cambrai\/wp-json\/wp\/v2\/comments?post=685"}],"version-history":[{"count":0,"href":"https:\/\/pressetaux.fr\/cambrai\/wp-json\/wp\/v2\/pages\/685\/revisions"}],"wp:attachment":[{"href":"https:\/\/pressetaux.fr\/cambrai\/wp-json\/wp\/v2\/media?parent=685"}],"curies":[{"name":"wp","href":"https:\/\/api.w.org\/{rel}","templated":true}]}}