{"id":108,"date":"2014-01-06T10:00:31","date_gmt":"2014-01-06T09:00:31","guid":{"rendered":"http:\/\/www.pressetaux.fr\/franchise\/?page_id=108"},"modified":"2022-07-05T15:15:57","modified_gmt":"2022-07-05T14:15:57","slug":"historique-pressetaux","status":"publish","type":"page","link":"https:\/\/pressetaux.fr\/franchise\/qui-sommes-nous\/historique-pressetaux\/","title":{"rendered":"Historique PresseTaux"},"content":{"rendered":"<p>[vc_row][vc_column][vc_empty_space height=\u00a0\u00bb8px\u00a0\u00bb][\/vc_column][\/vc_row][vc_row][vc_column offset=\u00a0\u00bbvc_hidden-sm vc_hidden-xs\u00a0\u00bb][vc_single_image image=\u00a0\u00bb1081&Prime; img_size=\u00a0\u00bbfull\u00a0\u00bb][\/vc_column][\/vc_row][vc_row el_class=\u00a0\u00bbmobile-only\u00a0\u00bb][vc_column offset=\u00a0\u00bbvc_hidden-lg vc_hidden-md\u00a0\u00bb][vc_column_text]<\/p>\n<p style=\"text-align: center;\">N\u00e9 en 2004, notre concept ne demande qu&rsquo;\u00e0 se d\u00e9velopper.<\/p>\n<p>[\/vc_column_text][\/vc_column][\/vc_row][vc_row][vc_column][vc_text_separator title=\u00a0\u00bbHistorique PresseTaux\u00a0\u00bb color=\u00a0\u00bborange\u00a0\u00bb border_width=\u00a0\u00bb2&Prime; el_class=\u00a0\u00bbtitreactualite\u00a0\u00bb][\/vc_column][\/vc_row][vc_row][vc_column][vc_empty_space height=\u00a0\u00bb10px\u00a0\u00bb][\/vc_column][\/vc_row][vc_row][vc_column][vc_column_text]Le concept <strong><span style=\"color: #ff9900;\">PRESSETAUX<\/span><\/strong> est n\u00e9 en 2004 dans le nord de la France. Dans un premier temps, sur le Valenciennois puis d\u00e9velopp\u00e9 rapidement sur les r\u00e9gions de Cambrai, Maubeuge et Douai. En 2010 sous l\u2019impulsion de S\u00e9bastien Masure et de ses 4 collaborateurs principaux, le concept <strong><span style=\"color: #ff9900;\">PRESSETAUX<\/span> <\/strong>est lanc\u00e9 avec la cr\u00e9ation de <strong><span style=\"color: #ff9900;\">PRESSETAUX<\/span> <span style=\"color: #ff9900;\">D\u00e9veloppement<\/span> <\/strong>comme structure franchiseur. Pendant 2 ans nous avons souhait\u00e9 d\u00e9velopper le concept sur une zone proche du pilote pour faciliter la mise en place et \u00ab roder \u00bb notre m\u00e9thode. Apr\u00e8s la mise en place de 6 franchis\u00e9s et la constitution d\u2019une \u00e9quipe performante, nous sommes pr\u00eats pour un d\u00e9ploiement national avec un objectif ambitieux de couvrir le territoire par l&rsquo;ouverture d&rsquo;une dizaine d&rsquo;agences par an.[\/vc_column_text][\/vc_column][\/vc_row][vc_row][vc_column][vc_column_text]<img loading=\"lazy\" class=\"aligncenter wp-image-1215 size-medium\" src=\"https:\/\/pressetaux.fr\/franchise\/wp-content\/uploads\/sites\/12\/2022\/07\/CARTE-SECTEUR-FRANCHISE-300x300.png\" alt=\"\" width=\"300\" height=\"300\" srcset=\"https:\/\/pressetaux.fr\/franchise\/wp-content\/uploads\/sites\/12\/2022\/07\/CARTE-SECTEUR-FRANCHISE-300x300.png 300w, https:\/\/pressetaux.fr\/franchise\/wp-content\/uploads\/sites\/12\/2022\/07\/CARTE-SECTEUR-FRANCHISE-150x150.png 150w, https:\/\/pressetaux.fr\/franchise\/wp-content\/uploads\/sites\/12\/2022\/07\/CARTE-SECTEUR-FRANCHISE-24x24.png 24w, https:\/\/pressetaux.fr\/franchise\/wp-content\/uploads\/sites\/12\/2022\/07\/CARTE-SECTEUR-FRANCHISE-36x36.png 36w, https:\/\/pressetaux.fr\/franchise\/wp-content\/uploads\/sites\/12\/2022\/07\/CARTE-SECTEUR-FRANCHISE-48x48.png 48w, https:\/\/pressetaux.fr\/franchise\/wp-content\/uploads\/sites\/12\/2022\/07\/CARTE-SECTEUR-FRANCHISE.png 600w\" sizes=\"(max-width: 300px) 100vw, 300px\" \/>[\/vc_column_text][\/vc_column][\/vc_row][vc_row][vc_column][vc_separator color=\u00a0\u00bborange\u00a0\u00bb][\/vc_column][\/vc_row][vc_row][vc_column][vc_text_separator title=\u00a0\u00bbIls l&rsquo;on fait, ils en parlent le mieux\u00a0\u00bb color=\u00a0\u00bborange\u00a0\u00bb][\/vc_column][\/vc_row][vc_row][vc_column][vc_column_text]Retrouvez <a href=\"https:\/\/pressetaux.fr\/franchise\/temoignages\/\">ici<\/a> , les t\u00e9moignages de nos franchis\u00e9s[\/vc_column_text][\/vc_column][\/vc_row][vc_row][vc_column][vc_column_text]Nos courtiers PresseTaux, courtier en cr\u00e9dit immobilier accompagnent leurs clients afin qu&rsquo;ils obtiennent un pr\u00eat dans les meilleures conditions sur l&rsquo;ensemble de leurs projets :<\/p>\n<p style=\"text-align: justify;\"><strong>&#8211; Achat de votre r\u00e9sidence principale<\/strong><br \/>\n<strong>&#8211; Achat locatif<\/strong><br \/>\n<strong>&#8211; D\u00e9fiscalisation<\/strong><br \/>\n<strong>&#8211; Achat r\u00e9sidence secondaire<\/strong><br \/>\n<strong>&#8211; Ren\u00e9gociation de votre cr\u00e9dit immobilier<\/strong><br \/>\n<strong>&#8211; Ren\u00e9gociation de votre assurance de pr\u00eat<\/strong><br \/>\n<strong>&#8211; Restructuration de vos cr\u00e9dits pour all\u00e9ger vos mensualit\u00e9s<\/strong><br \/>\n<strong>&#8211; Rachat de soulte<\/strong><br \/>\n<strong>&#8211; Financement de travaux<\/strong><\/p>\n<p>Vous souhaitez devenir courtier en cr\u00e9dit immobilier, remplissez le <a href=\"https:\/\/pressetaux.fr\/franchise\/contact\/\"><span style=\"color: #f9b200;\"><strong>ce formulaire <\/strong><\/span><\/a>pour \u00eatre contact\u00e9.[\/vc_column_text][\/vc_column][\/vc_row][vc_row][vc_column][vc_text_separator title=\u00a0\u00bbSatisfaction de nos clients\u00a0\u00bb color=\u00a0\u00bborange\u00a0\u00bb][\/vc_column][\/vc_row][vc_row][vc_column][vc_column_text]Retrouvez les avis et t\u00e9moignages de nos franchis\u00e9s sur : <a href=\"https:\/\/pressetaux.fr\/blog\/category\/temoignagesblog\/\" target=\"blank\" rel=\"noopener\">Nos t\u00e9moignages<\/a> et <a href=\"https:\/\/www.facebook.com\/CourtiersPresseTaux\/reviews?locale=fr_FR\" target=\"blank\" rel=\"noopener\">Facebook<\/a>[\/vc_column_text][\/vc_column][\/vc_row][vc_row][vc_column][vc_text_separator title=\u00a0\u00bbNotre programme de parrainage\u00a0\u00bb color=\u00a0\u00bborange\u00a0\u00bb][\/vc_column][\/vc_row][vc_row][vc_column][vc_column_text]Nos clients nous ont fait confiance, leur satisfaction est notre priorit\u00e9.<br \/>\nGr\u00e2ce \u00e0 notre programme de parrainage, nos clients b\u00e9n\u00e9ficient d&rsquo;un bon d&rsquo;achat pour tout dossier finalis\u00e9.<br \/>\n<strong>Parrainez un de vos proches, c&rsquo;est tr\u00e8s simple, <a href=\"https:\/\/pressetaux.fr\/parrainez-vos-amis\/\" target=\"blank\" rel=\"noopener\">cliquez-ici !<\/a><\/strong>[\/vc_column_text][\/vc_column][\/vc_row]<\/p>\n","protected":false},"excerpt":{"rendered":"<p>[vc_row][vc_column][vc_empty_space height=\u00a0\u00bb8px\u00a0\u00bb][\/vc_column][\/vc_row][vc_row][vc_column offset=\u00a0\u00bbvc_hidden-sm vc_hidden-xs\u00a0\u00bb][vc_single_image image=\u00a0\u00bb1081&Prime; img_size=\u00a0\u00bbfull\u00a0\u00bb][\/vc_column][\/vc_row][vc_row el_class=\u00a0\u00bbmobile-only\u00a0\u00bb][vc_column offset=\u00a0\u00bbvc_hidden-lg vc_hidden-md\u00a0\u00bb][vc_column_text] N\u00e9 en 2004, notre concept ne demande qu&rsquo;\u00e0 se d\u00e9velopper. [\/vc_column_text][\/vc_column][\/vc_row][vc_row][vc_column][vc_text_separator title=\u00a0\u00bbHistorique PresseTaux\u00a0\u00bb color=\u00a0\u00bborange\u00a0\u00bb border_width=\u00a0\u00bb2&Prime; el_class=\u00a0\u00bbtitreactualite\u00a0\u00bb][\/vc_column][\/vc_row][vc_row][vc_column][vc_empty_space height=\u00a0\u00bb10px\u00a0\u00bb][\/vc_column][\/vc_row][vc_row][vc_column][vc_column_text]Le concept PRESSETAUX est n\u00e9 en 2004 dans le nord de la France. Dans un premier temps, sur le Valenciennois puis d\u00e9velopp\u00e9 rapidement sur les r\u00e9gions de Cambrai, Maubeuge et Douai. En 2010 sous l\u2019impulsion de S\u00e9bastien Masure et de ses 4 collaborateurs principaux, le concept PRESSETAUX est lanc\u00e9 avec la cr\u00e9ation de PRESSETAUX D\u00e9veloppement comme structure franchiseur. Pendant 2 ans nous avons souhait\u00e9 d\u00e9velopper le concept sur une zone proche du pilote pour faciliter la mise en place et \u00ab roder \u00bb notre m\u00e9thode. Apr\u00e8s la mise en place de 6 franchis\u00e9s et la constitution d\u2019une \u00e9quipe performante, nous sommes pr\u00eats pour un d\u00e9ploiement national avec un objectif ambitieux de couvrir le territoire par l&rsquo;ouverture d&rsquo;une dizaine d&rsquo;agences par an.[\/vc_column_text][\/vc_column][\/vc_row][vc_row][vc_column][vc_column_text][\/vc_column_text][\/vc_column][\/vc_row][vc_row][vc_column][vc_separator color=\u00a0\u00bborange\u00a0\u00bb][\/vc_column][\/vc_row][vc_row][vc_column][vc_text_separator title=\u00a0\u00bbIls l&rsquo;on fait, ils en parlent le mieux\u00a0\u00bb color=\u00a0\u00bborange\u00a0\u00bb][\/vc_column][\/vc_row][vc_row][vc_column][vc_column_text]Retrouvez ici , les t\u00e9moignages de nos franchis\u00e9s[\/vc_column_text][\/vc_column][\/vc_row][vc_row][vc_column][vc_column_text]Nos courtiers PresseTaux, courtier en cr\u00e9dit immobilier accompagnent leurs clients afin qu&rsquo;ils obtiennent un pr\u00eat dans les meilleures conditions sur l&rsquo;ensemble de leurs projets : &#8211; Achat de votre r\u00e9sidence principale &#8211; Achat locatif &#8211; D\u00e9fiscalisation &#8211; Achat r\u00e9sidence secondaire &#8211; Ren\u00e9gociation de votre cr\u00e9dit immobilier &#8211; Ren\u00e9gociation de votre assurance de pr\u00eat &#8211; Restructuration de vos cr\u00e9dits pour all\u00e9ger vos mensualit\u00e9s &#8211; Rachat de soulte &#8211; Financement de travaux Vous souhaitez devenir courtier en cr\u00e9dit immobilier, remplissez le ce formulaire pour \u00eatre contact\u00e9.[\/vc_column_text][\/vc_column][\/vc_row][vc_row][vc_column][vc_text_separator title=\u00a0\u00bbSatisfaction de nos clients\u00a0\u00bb color=\u00a0\u00bborange\u00a0\u00bb][\/vc_column][\/vc_row][vc_row][vc_column][vc_column_text]Retrouvez les avis et t\u00e9moignages de nos franchis\u00e9s sur : Nos t\u00e9moignages et Facebook[\/vc_column_text][\/vc_column][\/vc_row][vc_row][vc_column][vc_text_separator title=\u00a0\u00bbNotre programme de parrainage\u00a0\u00bb color=\u00a0\u00bborange\u00a0\u00bb][\/vc_column][\/vc_row][vc_row][vc_column][vc_column_text]Nos clients nous ont fait confiance, leur satisfaction est notre priorit\u00e9. Gr\u00e2ce \u00e0 notre programme de parrainage, nos clients b\u00e9n\u00e9ficient d&rsquo;un bon d&rsquo;achat pour tout dossier finalis\u00e9. Parrainez un de vos proches, c&rsquo;est tr\u00e8s simple, cliquez-ici ![\/vc_column_text][\/vc_column][\/vc_row]<\/p>\n","protected":false},"author":8,"featured_media":0,"parent":834,"menu_order":3,"comment_status":"closed","ping_status":"closed","template":"","meta":{"_genesis_hide_title":false,"_genesis_hide_breadcrumbs":false,"_genesis_hide_singular_image":false,"_genesis_hide_footer_widgets":false,"_genesis_custom_body_class":"","_genesis_custom_post_class":"","_genesis_layout":""},"yoast_head":"<!-- This site is optimized with the Yoast SEO plugin v17.8 - https:\/\/yoast.com\/wordpress\/plugins\/seo\/ -->\n<title>Le concept PresseTaux<\/title>\n<meta name=\"description\" content=\"Le concept PresseTaux : devenez courtier en pr\u00eat immobilier, contactez-nous pour plus de renseignement au 03 27 47 75 74\" \/>\n<meta name=\"robots\" content=\"index, follow, max-snippet:-1, max-image-preview:large, max-video-preview:-1\" \/>\n<link rel=\"canonical\" href=\"https:\/\/pressetaux.fr\/franchise\/qui-sommes-nous\/historique-pressetaux\/\" \/>\n<meta name=\"twitter:label1\" content=\"Dur\u00e9e de lecture estim\u00e9e\" \/>\n\t<meta name=\"twitter:data1\" content=\"2 minutes\" \/>\n<script type=\"application\/ld+json\" class=\"yoast-schema-graph\">{\"@context\":\"https:\/\/schema.org\",\"@graph\":[{\"@type\":\"Organization\",\"@id\":\"https:\/\/pressetaux.fr\/franchise\/#organization\",\"name\":\"PresseTaux\",\"url\":\"https:\/\/pressetaux.fr\/franchise\/\",\"sameAs\":[],\"logo\":{\"@type\":\"ImageObject\",\"@id\":\"https:\/\/pressetaux.fr\/franchise\/#logo\",\"inLanguage\":\"fr-FR\",\"url\":\"https:\/\/pressetaux.fr\/franchise\/wp-content\/uploads\/sites\/12\/2022\/06\/LogoPressetaux.jpg\",\"contentUrl\":\"https:\/\/pressetaux.fr\/franchise\/wp-content\/uploads\/sites\/12\/2022\/06\/LogoPressetaux.jpg\",\"width\":1776,\"height\":997,\"caption\":\"PresseTaux\"},\"image\":{\"@id\":\"https:\/\/pressetaux.fr\/franchise\/#logo\"}},{\"@type\":\"WebSite\",\"@id\":\"https:\/\/pressetaux.fr\/franchise\/#website\",\"url\":\"https:\/\/pressetaux.fr\/franchise\/\",\"name\":\"Franchise PresseTaux\",\"description\":\"COURTIER EN CREDIT\",\"publisher\":{\"@id\":\"https:\/\/pressetaux.fr\/franchise\/#organization\"},\"potentialAction\":[{\"@type\":\"SearchAction\",\"target\":{\"@type\":\"EntryPoint\",\"urlTemplate\":\"https:\/\/pressetaux.fr\/franchise\/?s={search_term_string}\"},\"query-input\":\"required name=search_term_string\"}],\"inLanguage\":\"fr-FR\"},{\"@type\":\"ImageObject\",\"@id\":\"https:\/\/pressetaux.fr\/franchise\/qui-sommes-nous\/historique-pressetaux\/#primaryimage\",\"inLanguage\":\"fr-FR\",\"url\":\"https:\/\/pressetaux.fr\/franchise\/wp-content\/uploads\/sites\/12\/2022\/07\/CARTE-SECTEUR-FRANCHISE.png\",\"contentUrl\":\"https:\/\/pressetaux.fr\/franchise\/wp-content\/uploads\/sites\/12\/2022\/07\/CARTE-SECTEUR-FRANCHISE.png\",\"width\":600,\"height\":600},{\"@type\":\"WebPage\",\"@id\":\"https:\/\/pressetaux.fr\/franchise\/qui-sommes-nous\/historique-pressetaux\/#webpage\",\"url\":\"https:\/\/pressetaux.fr\/franchise\/qui-sommes-nous\/historique-pressetaux\/\",\"name\":\"Le concept PresseTaux\",\"isPartOf\":{\"@id\":\"https:\/\/pressetaux.fr\/franchise\/#website\"},\"primaryImageOfPage\":{\"@id\":\"https:\/\/pressetaux.fr\/franchise\/qui-sommes-nous\/historique-pressetaux\/#primaryimage\"},\"datePublished\":\"2014-01-06T09:00:31+00:00\",\"dateModified\":\"2022-07-05T14:15:57+00:00\",\"description\":\"Le concept PresseTaux : devenez courtier en pr\\u00eat immobilier, contactez-nous pour plus de renseignement au 03 27 47 75 74\",\"breadcrumb\":{\"@id\":\"https:\/\/pressetaux.fr\/franchise\/qui-sommes-nous\/historique-pressetaux\/#breadcrumb\"},\"inLanguage\":\"fr-FR\",\"potentialAction\":[{\"@type\":\"ReadAction\",\"target\":[\"https:\/\/pressetaux.fr\/franchise\/qui-sommes-nous\/historique-pressetaux\/\"]}]},{\"@type\":\"BreadcrumbList\",\"@id\":\"https:\/\/pressetaux.fr\/franchise\/qui-sommes-nous\/historique-pressetaux\/#breadcrumb\",\"itemListElement\":[{\"@type\":\"ListItem\",\"position\":1,\"name\":\"Qui sommes-nous ?\",\"item\":\"https:\/\/pressetaux.fr\/franchise\/qui-sommes-nous\/\"},{\"@type\":\"ListItem\",\"position\":2,\"name\":\"Historique PresseTaux\"}]}]}<\/script>\n<!-- \/ Yoast SEO plugin. -->","yoast_head_json":{"title":"Le concept PresseTaux","description":"Le concept PresseTaux : devenez courtier en pr\u00eat immobilier, contactez-nous pour plus de renseignement au 03 27 47 75 74","robots":{"index":"index","follow":"follow","max-snippet":"max-snippet:-1","max-image-preview":"max-image-preview:large","max-video-preview":"max-video-preview:-1"},"canonical":"https:\/\/pressetaux.fr\/franchise\/qui-sommes-nous\/historique-pressetaux\/","twitter_misc":{"Dur\u00e9e de lecture estim\u00e9e":"2 minutes"},"schema":{"@context":"https:\/\/schema.org","@graph":[{"@type":"Organization","@id":"https:\/\/pressetaux.fr\/franchise\/#organization","name":"PresseTaux","url":"https:\/\/pressetaux.fr\/franchise\/","sameAs":[],"logo":{"@type":"ImageObject","@id":"https:\/\/pressetaux.fr\/franchise\/#logo","inLanguage":"fr-FR","url":"https:\/\/pressetaux.fr\/franchise\/wp-content\/uploads\/sites\/12\/2022\/06\/LogoPressetaux.jpg","contentUrl":"https:\/\/pressetaux.fr\/franchise\/wp-content\/uploads\/sites\/12\/2022\/06\/LogoPressetaux.jpg","width":1776,"height":997,"caption":"PresseTaux"},"image":{"@id":"https:\/\/pressetaux.fr\/franchise\/#logo"}},{"@type":"WebSite","@id":"https:\/\/pressetaux.fr\/franchise\/#website","url":"https:\/\/pressetaux.fr\/franchise\/","name":"Franchise PresseTaux","description":"COURTIER EN CREDIT","publisher":{"@id":"https:\/\/pressetaux.fr\/franchise\/#organization"},"potentialAction":[{"@type":"SearchAction","target":{"@type":"EntryPoint","urlTemplate":"https:\/\/pressetaux.fr\/franchise\/?s={search_term_string}"},"query-input":"required name=search_term_string"}],"inLanguage":"fr-FR"},{"@type":"ImageObject","@id":"https:\/\/pressetaux.fr\/franchise\/qui-sommes-nous\/historique-pressetaux\/#primaryimage","inLanguage":"fr-FR","url":"https:\/\/pressetaux.fr\/franchise\/wp-content\/uploads\/sites\/12\/2022\/07\/CARTE-SECTEUR-FRANCHISE.png","contentUrl":"https:\/\/pressetaux.fr\/franchise\/wp-content\/uploads\/sites\/12\/2022\/07\/CARTE-SECTEUR-FRANCHISE.png","width":600,"height":600},{"@type":"WebPage","@id":"https:\/\/pressetaux.fr\/franchise\/qui-sommes-nous\/historique-pressetaux\/#webpage","url":"https:\/\/pressetaux.fr\/franchise\/qui-sommes-nous\/historique-pressetaux\/","name":"Le concept PresseTaux","isPartOf":{"@id":"https:\/\/pressetaux.fr\/franchise\/#website"},"primaryImageOfPage":{"@id":"https:\/\/pressetaux.fr\/franchise\/qui-sommes-nous\/historique-pressetaux\/#primaryimage"},"datePublished":"2014-01-06T09:00:31+00:00","dateModified":"2022-07-05T14:15:57+00:00","description":"Le concept PresseTaux : devenez courtier en pr\u00eat immobilier, contactez-nous pour plus de renseignement au 03 27 47 75 74","breadcrumb":{"@id":"https:\/\/pressetaux.fr\/franchise\/qui-sommes-nous\/historique-pressetaux\/#breadcrumb"},"inLanguage":"fr-FR","potentialAction":[{"@type":"ReadAction","target":["https:\/\/pressetaux.fr\/franchise\/qui-sommes-nous\/historique-pressetaux\/"]}]},{"@type":"BreadcrumbList","@id":"https:\/\/pressetaux.fr\/franchise\/qui-sommes-nous\/historique-pressetaux\/#breadcrumb","itemListElement":[{"@type":"ListItem","position":1,"name":"Qui sommes-nous ?","item":"https:\/\/pressetaux.fr\/franchise\/qui-sommes-nous\/"},{"@type":"ListItem","position":2,"name":"Historique PresseTaux"}]}]}},"_links":{"self":[{"href":"https:\/\/pressetaux.fr\/franchise\/wp-json\/wp\/v2\/pages\/108"}],"collection":[{"href":"https:\/\/pressetaux.fr\/franchise\/wp-json\/wp\/v2\/pages"}],"about":[{"href":"https:\/\/pressetaux.fr\/franchise\/wp-json\/wp\/v2\/types\/page"}],"author":[{"embeddable":true,"href":"https:\/\/pressetaux.fr\/franchise\/wp-json\/wp\/v2\/users\/8"}],"replies":[{"embeddable":true,"href":"https:\/\/pressetaux.fr\/franchise\/wp-json\/wp\/v2\/comments?post=108"}],"version-history":[{"count":0,"href":"https:\/\/pressetaux.fr\/franchise\/wp-json\/wp\/v2\/pages\/108\/revisions"}],"up":[{"embeddable":true,"href":"https:\/\/pressetaux.fr\/franchise\/wp-json\/wp\/v2\/pages\/834"}],"wp:attachment":[{"href":"https:\/\/pressetaux.fr\/franchise\/wp-json\/wp\/v2\/media?parent=108"}],"curies":[{"name":"wp","href":"https:\/\/api.w.org\/{rel}","templated":true}]}}