{"id":953,"date":"2016-09-13T10:52:26","date_gmt":"2016-09-13T09:52:26","guid":{"rendered":"http:\/\/pressetaux.fr\/franchise\/?page_id=953"},"modified":"2022-07-04T14:59:29","modified_gmt":"2022-07-04T13:59:29","slug":"formation-pressetaux","status":"publish","type":"page","link":"https:\/\/pressetaux.fr\/franchise\/le-concept\/formation-pressetaux\/","title":{"rendered":"Notre Formation"},"content":{"rendered":"<p>[vc_row][vc_column offset=\u00a0\u00bbvc_hidden-sm vc_hidden-xs\u00a0\u00bb][vc_single_image image=\u00a0\u00bb648&Prime; img_size=\u00a0\u00bbfull\u00a0\u00bb][\/vc_column][\/vc_row][vc_row el_class=\u00a0\u00bbmobile-only\u00a0\u00bb][vc_column offset=\u00a0\u00bbvc_hidden-lg vc_hidden-md\u00a0\u00bb][vc_column_text]<\/p>\n<p style=\"text-align: center;\">Chez <strong>PresseTaux<\/strong> la formation c&rsquo;est 8 semaines. L&rsquo;une des plus compl\u00e8tes du march\u00e9.<\/p>\n<p>[\/vc_column_text][\/vc_column][\/vc_row][vc_row][vc_column][vc_text_separator title=\u00a0\u00bbNotre formation\u00a0\u00bb color=\u00a0\u00bborange\u00a0\u00bb border_width=\u00a0\u00bb2&Prime; el_class=\u00a0\u00bbtitreactualite\u00a0\u00bb][\/vc_column][\/vc_row][vc_row][vc_column][vc_column_text]Pour obtenir de tels r\u00e9sultats, le r\u00e9seau <span style=\"color: #ff9900;\">PRESSETAUX<\/span> propose \u00e0 ses franchis\u00e9s 3 avantages majeurs\u00a0:<br \/>\n<a name=\"formation\"><\/a><br \/>\nLa formation <span style=\"color: #ff9900;\">PRESSETAUX<\/span> est l\u2019une des plus compl\u00e8tes du march\u00e9. Un <b>cursus de 8 semaines<\/b> assur\u00e9 par nos \u00e9quipes de professionnels qui sont aussi des intervenants actifs de l\u2019activit\u00e9 de nos centres pilotes. [\/vc_column_text][\/vc_column][\/vc_row][vc_row][vc_column width=\u00a0\u00bb1\/2&Prime;][vc_column_text]<b>Une formation \u00e0 3 niveaux\u00a0:<\/b><\/p>\n<p>\u2022 <b>Les obligations l\u00e9gales \u2013 IOBSP<\/b><\/p>\n<p>A l\u2019issue de votre cursus, vous serez en parfait accord avec les demandes de l\u2019ORIAS pour vous permettre une inscription rapide.<\/p>\n<p>\u2022 <b>La ma\u00eetrise th\u00e9orique<\/b><br \/>\nDurant votre formation, vous d\u00e9buterez chaque jour par une approche th\u00e9orique\u00a0et technique du m\u00e9tier. Vous aborderez et utiliserez l\u2019ensemble des outils d\u00e9velopp\u00e9s par <span style=\"color: #ff9900;\">PRESSETAUX\u00a0<\/span> vous permettant de monter, de pr\u00e9senter, de n\u00e9gocier et de finaliser un dossier client dans le cadre juridique qui nous incombe.<\/p>\n<p>\u2022<b> La formation op\u00e9rationnelle<\/b><br \/>\nAu del\u00e0 des qualit\u00e9s th\u00e9oriques et techniques que vous int\u00e9grerez, nous mettrons en application l\u2019ensemble de ces notions par des accompagnements quotidiens sur le terrain.[\/vc_column_text][\/vc_column][vc_column width=\u00a0\u00bb1\/2&Prime;][vc_column_text]<img loading=\"lazy\" class=\"aligncenter wp-image-1197 size-full\" src=\"https:\/\/pressetaux.fr\/franchise\/wp-content\/uploads\/sites\/12\/2022\/07\/reseau-de-courtiers-pressetaux.png\" alt=\"\" width=\"179\" height=\"300\" srcset=\"https:\/\/pressetaux.fr\/franchise\/wp-content\/uploads\/sites\/12\/2022\/07\/reseau-de-courtiers-pressetaux.png 179w, https:\/\/pressetaux.fr\/franchise\/wp-content\/uploads\/sites\/12\/2022\/07\/reseau-de-courtiers-pressetaux-14x24.png 14w, https:\/\/pressetaux.fr\/franchise\/wp-content\/uploads\/sites\/12\/2022\/07\/reseau-de-courtiers-pressetaux-21x36.png 21w, https:\/\/pressetaux.fr\/franchise\/wp-content\/uploads\/sites\/12\/2022\/07\/reseau-de-courtiers-pressetaux-29x48.png 29w\" sizes=\"(max-width: 179px) 100vw, 179px\" \/>[\/vc_column_text][\/vc_column][\/vc_row][vc_row][vc_column][vc_column_text]Gr\u00e2ce \u00e0 notre syst\u00e8me de formation chaque franchis\u00e9 <span style=\"color: #ff9900;\">PRESSETAUX\u00a0<\/span> est <b>100 % op\u00e9rationnel<\/b> et arrive sur sa zone avec toutes les capacit\u00e9s, la technique et l\u2019aisance que doit avoir un professionnel du financement.[\/vc_column_text][\/vc_column][\/vc_row][vc_row][vc_column][vc_separator color=\u00a0\u00bborange\u00a0\u00bb][\/vc_column][\/vc_row][vc_row][vc_column][vc_text_separator title=\u00a0\u00bbIls l&rsquo;on fait, ils en parlent le mieux\u00a0\u00bb color=\u00a0\u00bborange\u00a0\u00bb][\/vc_column][\/vc_row][vc_row][vc_column][vc_column_text]Retrouvez <a href=\"https:\/\/pressetaux.fr\/franchise\/temoignages\/\">ici<\/a> , les t\u00e9moignages de nos franchis\u00e9s[\/vc_column_text][\/vc_column][\/vc_row][vc_row][vc_column][vc_column_text]Nos courtiers PresseTaux, courtier en cr\u00e9dit immobilier accompagnent leurs clients afin qu&rsquo;ils obtiennent un pr\u00eat dans les meilleures conditions sur l&rsquo;ensemble de leurs projets :<\/p>\n<p style=\"text-align: justify;\"><strong>&#8211; Achat de votre r\u00e9sidence principale<\/strong><br \/>\n<strong>&#8211; Achat locatif<\/strong><br \/>\n<strong>&#8211; D\u00e9fiscalisation<\/strong><br \/>\n<strong>&#8211; Achat r\u00e9sidence secondaire<\/strong><br \/>\n<strong>&#8211; Ren\u00e9gociation de votre cr\u00e9dit immobilier<\/strong><br \/>\n<strong>&#8211; Ren\u00e9gociation de votre assurance de pr\u00eat<\/strong><br \/>\n<strong>&#8211; Restructuration de vos cr\u00e9dits pour all\u00e9ger vos mensualit\u00e9s<\/strong><br \/>\n<strong>&#8211; Rachat de soulte<\/strong><br \/>\n<strong>&#8211; Financement de travaux<\/strong><\/p>\n<p>Vous souhaitez devenir courtier en cr\u00e9dit immobilier, remplissez le <a href=\"https:\/\/pressetaux.fr\/franchise\/contact\/\"><span style=\"color: #f9b200;\"><strong>ce formulaire <\/strong><\/span><\/a>pour \u00eatre contact\u00e9.[\/vc_column_text][\/vc_column][\/vc_row][vc_row][vc_column][vc_text_separator title=\u00a0\u00bbSatisfaction de nos clients\u00a0\u00bb color=\u00a0\u00bborange\u00a0\u00bb][\/vc_column][\/vc_row][vc_row][vc_column][vc_column_text]Retrouvez les avis et t\u00e9moignages de nos franchis\u00e9s sur : <a href=\"https:\/\/pressetaux.fr\/blog\/category\/temoignagesblog\/\" target=\"blank\" rel=\"noopener\">Nos t\u00e9moignages<\/a> et <a href=\"https:\/\/www.facebook.com\/CourtiersPresseTaux\/reviews?locale=fr_FR\" target=\"blank\" rel=\"noopener\">Facebook<\/a>[\/vc_column_text][\/vc_column][\/vc_row][vc_row][vc_column][vc_text_separator title=\u00a0\u00bbNotre programme de parrainage\u00a0\u00bb color=\u00a0\u00bborange\u00a0\u00bb][\/vc_column][\/vc_row][vc_row][vc_column][vc_column_text]Nos clients nous ont fait confiance, leur satisfaction est notre priorit\u00e9.<br \/>\nGr\u00e2ce \u00e0 notre programme de parrainage, nos clients b\u00e9n\u00e9ficient d&rsquo;un bon d&rsquo;achat pour tout dossier finalis\u00e9.<br \/>\n<strong>Parrainez un de vos proches, c&rsquo;est tr\u00e8s simple, <a href=\"https:\/\/pressetaux.fr\/parrainez-vos-amis\/\" target=\"blank\" rel=\"noopener\">cliquez-ici !<\/a><\/strong>[\/vc_column_text][\/vc_column][\/vc_row]<\/p>\n","protected":false},"excerpt":{"rendered":"<p>[vc_row][vc_column offset=\u00a0\u00bbvc_hidden-sm vc_hidden-xs\u00a0\u00bb][vc_single_image image=\u00a0\u00bb648&Prime; img_size=\u00a0\u00bbfull\u00a0\u00bb][\/vc_column][\/vc_row][vc_row el_class=\u00a0\u00bbmobile-only\u00a0\u00bb][vc_column offset=\u00a0\u00bbvc_hidden-lg vc_hidden-md\u00a0\u00bb][vc_column_text] Chez PresseTaux la formation c&rsquo;est 8 semaines. L&rsquo;une des plus compl\u00e8tes du march\u00e9. [\/vc_column_text][\/vc_column][\/vc_row][vc_row][vc_column][vc_text_separator title=\u00a0\u00bbNotre formation\u00a0\u00bb color=\u00a0\u00bborange\u00a0\u00bb border_width=\u00a0\u00bb2&Prime; el_class=\u00a0\u00bbtitreactualite\u00a0\u00bb][\/vc_column][\/vc_row][vc_row][vc_column][vc_column_text]Pour obtenir de tels r\u00e9sultats, le r\u00e9seau PRESSETAUX propose \u00e0 ses franchis\u00e9s 3 avantages majeurs\u00a0: La formation PRESSETAUX est l\u2019une des plus compl\u00e8tes du march\u00e9. Un cursus de 8 semaines assur\u00e9 par nos \u00e9quipes de professionnels qui sont aussi des intervenants actifs de l\u2019activit\u00e9 de nos centres pilotes. [\/vc_column_text][\/vc_column][\/vc_row][vc_row][vc_column width=\u00a0\u00bb1\/2&Prime;][vc_column_text]Une formation \u00e0 3 niveaux\u00a0: \u2022 Les obligations l\u00e9gales \u2013 IOBSP A l\u2019issue de votre cursus, vous serez en parfait accord avec les demandes de l\u2019ORIAS pour vous permettre une inscription rapide. \u2022 La ma\u00eetrise th\u00e9orique Durant votre formation, vous d\u00e9buterez chaque jour par une approche th\u00e9orique\u00a0et technique du m\u00e9tier. Vous aborderez et utiliserez l\u2019ensemble des outils d\u00e9velopp\u00e9s par PRESSETAUX\u00a0 vous permettant de monter, de pr\u00e9senter, de n\u00e9gocier et de finaliser un dossier client dans le cadre juridique qui nous incombe. \u2022 La formation op\u00e9rationnelle Au del\u00e0 des qualit\u00e9s th\u00e9oriques et techniques que vous int\u00e9grerez, nous mettrons en application l\u2019ensemble de ces notions par des accompagnements quotidiens sur le terrain.[\/vc_column_text][\/vc_column][vc_column width=\u00a0\u00bb1\/2&Prime;][vc_column_text][\/vc_column_text][\/vc_column][\/vc_row][vc_row][vc_column][vc_column_text]Gr\u00e2ce \u00e0 notre syst\u00e8me de formation chaque franchis\u00e9 PRESSETAUX\u00a0 est 100 % op\u00e9rationnel et arrive sur sa zone avec toutes les capacit\u00e9s, la technique et l\u2019aisance que doit avoir un professionnel du financement.[\/vc_column_text][\/vc_column][\/vc_row][vc_row][vc_column][vc_separator color=\u00a0\u00bborange\u00a0\u00bb][\/vc_column][\/vc_row][vc_row][vc_column][vc_text_separator title=\u00a0\u00bbIls l&rsquo;on fait, ils en parlent le mieux\u00a0\u00bb color=\u00a0\u00bborange\u00a0\u00bb][\/vc_column][\/vc_row][vc_row][vc_column][vc_column_text]Retrouvez ici , les t\u00e9moignages de nos franchis\u00e9s[\/vc_column_text][\/vc_column][\/vc_row][vc_row][vc_column][vc_column_text]Nos courtiers PresseTaux, courtier en cr\u00e9dit immobilier accompagnent leurs clients afin qu&rsquo;ils obtiennent un pr\u00eat dans les meilleures conditions sur l&rsquo;ensemble de leurs projets : &#8211; Achat de votre r\u00e9sidence principale &#8211; Achat locatif &#8211; D\u00e9fiscalisation &#8211; Achat r\u00e9sidence secondaire &#8211; Ren\u00e9gociation de votre cr\u00e9dit immobilier &#8211; Ren\u00e9gociation de votre assurance de pr\u00eat &#8211; Restructuration de vos cr\u00e9dits pour all\u00e9ger vos mensualit\u00e9s &#8211; Rachat de soulte &#8211; Financement de travaux Vous souhaitez devenir courtier en cr\u00e9dit immobilier, remplissez le ce formulaire pour \u00eatre contact\u00e9.[\/vc_column_text][\/vc_column][\/vc_row][vc_row][vc_column][vc_text_separator title=\u00a0\u00bbSatisfaction de nos clients\u00a0\u00bb color=\u00a0\u00bborange\u00a0\u00bb][\/vc_column][\/vc_row][vc_row][vc_column][vc_column_text]Retrouvez les avis et t\u00e9moignages de nos franchis\u00e9s sur : Nos t\u00e9moignages et Facebook[\/vc_column_text][\/vc_column][\/vc_row][vc_row][vc_column][vc_text_separator title=\u00a0\u00bbNotre programme de parrainage\u00a0\u00bb color=\u00a0\u00bborange\u00a0\u00bb][\/vc_column][\/vc_row][vc_row][vc_column][vc_column_text]Nos clients nous ont fait confiance, leur satisfaction est notre priorit\u00e9. Gr\u00e2ce \u00e0 notre programme de parrainage, nos clients b\u00e9n\u00e9ficient d&rsquo;un bon d&rsquo;achat pour tout dossier finalis\u00e9. Parrainez un de vos proches, c&rsquo;est tr\u00e8s simple, cliquez-ici ![\/vc_column_text][\/vc_column][\/vc_row]<\/p>\n","protected":false},"author":8,"featured_media":0,"parent":835,"menu_order":0,"comment_status":"closed","ping_status":"closed","template":"","meta":{"_genesis_hide_title":false,"_genesis_hide_breadcrumbs":false,"_genesis_hide_singular_image":false,"_genesis_hide_footer_widgets":false,"_genesis_custom_body_class":"","_genesis_custom_post_class":"","_genesis_layout":""},"yoast_head":"<!-- This site is optimized with the Yoast SEO plugin v17.8 - https:\/\/yoast.com\/wordpress\/plugins\/seo\/ -->\n<title>Notre Formation : bien plus que du courtage en pr\u00eat immobilier traditionnel<\/title>\n<meta name=\"description\" content=\"Notre Formation PresseTaux est l\u2019une des plus compl\u00e8tes du march\u00e9. Un cursus de 8 semaines assur\u00e9 par nos \u00e9quipes de professionnels.\" \/>\n<meta name=\"robots\" content=\"index, follow, max-snippet:-1, max-image-preview:large, max-video-preview:-1\" \/>\n<link rel=\"canonical\" href=\"https:\/\/pressetaux.fr\/franchise\/le-concept\/formation-pressetaux\/\" \/>\n<meta name=\"twitter:label1\" content=\"Dur\u00e9e de lecture estim\u00e9e\" \/>\n\t<meta name=\"twitter:data1\" content=\"3 minutes\" \/>\n<script type=\"application\/ld+json\" class=\"yoast-schema-graph\">{\"@context\":\"https:\/\/schema.org\",\"@graph\":[{\"@type\":\"Organization\",\"@id\":\"https:\/\/pressetaux.fr\/franchise\/#organization\",\"name\":\"PresseTaux\",\"url\":\"https:\/\/pressetaux.fr\/franchise\/\",\"sameAs\":[],\"logo\":{\"@type\":\"ImageObject\",\"@id\":\"https:\/\/pressetaux.fr\/franchise\/#logo\",\"inLanguage\":\"fr-FR\",\"url\":\"https:\/\/pressetaux.fr\/franchise\/wp-content\/uploads\/sites\/12\/2022\/06\/LogoPressetaux.jpg\",\"contentUrl\":\"https:\/\/pressetaux.fr\/franchise\/wp-content\/uploads\/sites\/12\/2022\/06\/LogoPressetaux.jpg\",\"width\":1776,\"height\":997,\"caption\":\"PresseTaux\"},\"image\":{\"@id\":\"https:\/\/pressetaux.fr\/franchise\/#logo\"}},{\"@type\":\"WebSite\",\"@id\":\"https:\/\/pressetaux.fr\/franchise\/#website\",\"url\":\"https:\/\/pressetaux.fr\/franchise\/\",\"name\":\"Franchise PresseTaux\",\"description\":\"COURTIER EN CREDIT\",\"publisher\":{\"@id\":\"https:\/\/pressetaux.fr\/franchise\/#organization\"},\"potentialAction\":[{\"@type\":\"SearchAction\",\"target\":{\"@type\":\"EntryPoint\",\"urlTemplate\":\"https:\/\/pressetaux.fr\/franchise\/?s={search_term_string}\"},\"query-input\":\"required name=search_term_string\"}],\"inLanguage\":\"fr-FR\"},{\"@type\":\"ImageObject\",\"@id\":\"https:\/\/pressetaux.fr\/franchise\/le-concept\/formation-pressetaux\/#primaryimage\",\"inLanguage\":\"fr-FR\",\"url\":\"https:\/\/pressetaux.fr\/franchise\/wp-content\/uploads\/sites\/12\/2022\/07\/reseau-de-courtiers-pressetaux.png\",\"contentUrl\":\"https:\/\/pressetaux.fr\/franchise\/wp-content\/uploads\/sites\/12\/2022\/07\/reseau-de-courtiers-pressetaux.png\",\"width\":179,\"height\":300},{\"@type\":\"WebPage\",\"@id\":\"https:\/\/pressetaux.fr\/franchise\/le-concept\/formation-pressetaux\/#webpage\",\"url\":\"https:\/\/pressetaux.fr\/franchise\/le-concept\/formation-pressetaux\/\",\"name\":\"Notre Formation : bien plus que du courtage en pr\\u00eat immobilier traditionnel\",\"isPartOf\":{\"@id\":\"https:\/\/pressetaux.fr\/franchise\/#website\"},\"primaryImageOfPage\":{\"@id\":\"https:\/\/pressetaux.fr\/franchise\/le-concept\/formation-pressetaux\/#primaryimage\"},\"datePublished\":\"2016-09-13T09:52:26+00:00\",\"dateModified\":\"2022-07-04T13:59:29+00:00\",\"description\":\"Notre Formation PresseTaux est l\\u2019une des plus compl\\u00e8tes du march\\u00e9. Un cursus de 8 semaines assur\\u00e9 par nos \\u00e9quipes de professionnels.\",\"breadcrumb\":{\"@id\":\"https:\/\/pressetaux.fr\/franchise\/le-concept\/formation-pressetaux\/#breadcrumb\"},\"inLanguage\":\"fr-FR\",\"potentialAction\":[{\"@type\":\"ReadAction\",\"target\":[\"https:\/\/pressetaux.fr\/franchise\/le-concept\/formation-pressetaux\/\"]}]},{\"@type\":\"BreadcrumbList\",\"@id\":\"https:\/\/pressetaux.fr\/franchise\/le-concept\/formation-pressetaux\/#breadcrumb\",\"itemListElement\":[{\"@type\":\"ListItem\",\"position\":1,\"name\":\"Le concept\",\"item\":\"https:\/\/pressetaux.fr\/franchise\/le-concept\/\"},{\"@type\":\"ListItem\",\"position\":2,\"name\":\"Notre Formation\"}]}]}<\/script>\n<!-- \/ Yoast SEO plugin. -->","yoast_head_json":{"title":"Notre Formation : bien plus que du courtage en pr\u00eat immobilier traditionnel","description":"Notre Formation PresseTaux est l\u2019une des plus compl\u00e8tes du march\u00e9. Un cursus de 8 semaines assur\u00e9 par nos \u00e9quipes de professionnels.","robots":{"index":"index","follow":"follow","max-snippet":"max-snippet:-1","max-image-preview":"max-image-preview:large","max-video-preview":"max-video-preview:-1"},"canonical":"https:\/\/pressetaux.fr\/franchise\/le-concept\/formation-pressetaux\/","twitter_misc":{"Dur\u00e9e de lecture estim\u00e9e":"3 minutes"},"schema":{"@context":"https:\/\/schema.org","@graph":[{"@type":"Organization","@id":"https:\/\/pressetaux.fr\/franchise\/#organization","name":"PresseTaux","url":"https:\/\/pressetaux.fr\/franchise\/","sameAs":[],"logo":{"@type":"ImageObject","@id":"https:\/\/pressetaux.fr\/franchise\/#logo","inLanguage":"fr-FR","url":"https:\/\/pressetaux.fr\/franchise\/wp-content\/uploads\/sites\/12\/2022\/06\/LogoPressetaux.jpg","contentUrl":"https:\/\/pressetaux.fr\/franchise\/wp-content\/uploads\/sites\/12\/2022\/06\/LogoPressetaux.jpg","width":1776,"height":997,"caption":"PresseTaux"},"image":{"@id":"https:\/\/pressetaux.fr\/franchise\/#logo"}},{"@type":"WebSite","@id":"https:\/\/pressetaux.fr\/franchise\/#website","url":"https:\/\/pressetaux.fr\/franchise\/","name":"Franchise PresseTaux","description":"COURTIER EN CREDIT","publisher":{"@id":"https:\/\/pressetaux.fr\/franchise\/#organization"},"potentialAction":[{"@type":"SearchAction","target":{"@type":"EntryPoint","urlTemplate":"https:\/\/pressetaux.fr\/franchise\/?s={search_term_string}"},"query-input":"required name=search_term_string"}],"inLanguage":"fr-FR"},{"@type":"ImageObject","@id":"https:\/\/pressetaux.fr\/franchise\/le-concept\/formation-pressetaux\/#primaryimage","inLanguage":"fr-FR","url":"https:\/\/pressetaux.fr\/franchise\/wp-content\/uploads\/sites\/12\/2022\/07\/reseau-de-courtiers-pressetaux.png","contentUrl":"https:\/\/pressetaux.fr\/franchise\/wp-content\/uploads\/sites\/12\/2022\/07\/reseau-de-courtiers-pressetaux.png","width":179,"height":300},{"@type":"WebPage","@id":"https:\/\/pressetaux.fr\/franchise\/le-concept\/formation-pressetaux\/#webpage","url":"https:\/\/pressetaux.fr\/franchise\/le-concept\/formation-pressetaux\/","name":"Notre Formation : bien plus que du courtage en pr\u00eat immobilier traditionnel","isPartOf":{"@id":"https:\/\/pressetaux.fr\/franchise\/#website"},"primaryImageOfPage":{"@id":"https:\/\/pressetaux.fr\/franchise\/le-concept\/formation-pressetaux\/#primaryimage"},"datePublished":"2016-09-13T09:52:26+00:00","dateModified":"2022-07-04T13:59:29+00:00","description":"Notre Formation PresseTaux est l\u2019une des plus compl\u00e8tes du march\u00e9. Un cursus de 8 semaines assur\u00e9 par nos \u00e9quipes de professionnels.","breadcrumb":{"@id":"https:\/\/pressetaux.fr\/franchise\/le-concept\/formation-pressetaux\/#breadcrumb"},"inLanguage":"fr-FR","potentialAction":[{"@type":"ReadAction","target":["https:\/\/pressetaux.fr\/franchise\/le-concept\/formation-pressetaux\/"]}]},{"@type":"BreadcrumbList","@id":"https:\/\/pressetaux.fr\/franchise\/le-concept\/formation-pressetaux\/#breadcrumb","itemListElement":[{"@type":"ListItem","position":1,"name":"Le concept","item":"https:\/\/pressetaux.fr\/franchise\/le-concept\/"},{"@type":"ListItem","position":2,"name":"Notre Formation"}]}]}},"_links":{"self":[{"href":"https:\/\/pressetaux.fr\/franchise\/wp-json\/wp\/v2\/pages\/953"}],"collection":[{"href":"https:\/\/pressetaux.fr\/franchise\/wp-json\/wp\/v2\/pages"}],"about":[{"href":"https:\/\/pressetaux.fr\/franchise\/wp-json\/wp\/v2\/types\/page"}],"author":[{"embeddable":true,"href":"https:\/\/pressetaux.fr\/franchise\/wp-json\/wp\/v2\/users\/8"}],"replies":[{"embeddable":true,"href":"https:\/\/pressetaux.fr\/franchise\/wp-json\/wp\/v2\/comments?post=953"}],"version-history":[{"count":0,"href":"https:\/\/pressetaux.fr\/franchise\/wp-json\/wp\/v2\/pages\/953\/revisions"}],"up":[{"embeddable":true,"href":"https:\/\/pressetaux.fr\/franchise\/wp-json\/wp\/v2\/pages\/835"}],"wp:attachment":[{"href":"https:\/\/pressetaux.fr\/franchise\/wp-json\/wp\/v2\/media?parent=953"}],"curies":[{"name":"wp","href":"https:\/\/api.w.org\/{rel}","templated":true}]}}