{"id":961,"date":"2016-09-13T11:22:19","date_gmt":"2016-09-13T10:22:19","guid":{"rendered":"http:\/\/pressetaux.fr\/franchise\/?page_id=961"},"modified":"2022-07-04T14:07:05","modified_gmt":"2022-07-04T13:07:05","slug":"profil-du-candidat","status":"publish","type":"page","link":"https:\/\/pressetaux.fr\/franchise\/condition-dacces\/profil-du-candidat\/","title":{"rendered":"Profil du candidat"},"content":{"rendered":"<p>[vc_row][vc_column offset=\u00a0\u00bbvc_hidden-sm vc_hidden-xs\u00a0\u00bb][vc_single_image image=\u00a0\u00bb783&Prime; img_size=\u00a0\u00bbfull\u00a0\u00bb][\/vc_column][\/vc_row][vc_row el_class=\u00a0\u00bbmobile-only\u00a0\u00bb][vc_column offset=\u00a0\u00bbvc_hidden-lg vc_hidden-md\u00a0\u00bb][vc_column_text]<\/p>\n<p style=\"text-align: center;\">Profil du candidat <strong>PresseTaux<\/strong><\/p>\n<p>[\/vc_column_text][\/vc_column][\/vc_row][vc_row][vc_column width=\u00a0\u00bb1\/2&Prime;][vc_column_text]Afin de conserver et d\u00e9velopper notre r\u00e9putation, nous souhaitons int\u00e9grer des candidats qui partagent les valeurs de notre enseigne : Proximit\u00e9, Service, Int\u00e9grit\u00e9 et Partage. Vous devez faire preuve d\u2019implication, de s\u00e9rieux et avoir la volont\u00e9 de devenir les leaders de votre march\u00e9. Il n\u2019est pas n\u00e9cessaire d\u2019\u00eatre un financier, notre formation vous en donnera la ma\u00eetrise.<\/p>\n<p>En revanche, le courtier <span style=\"color: #ff9900;\">PRESSETAUX<\/span> doit \u00eatre :<\/p>\n<p>Volontaire, int\u00e8gre, charismatique et surtout poss\u00e9der une aisance relationnelle.<\/p>\n<p><b>&gt; Un bon courtier est avant tout un excellent commercial.<\/b>[\/vc_column_text][\/vc_column][vc_column width=\u00a0\u00bb1\/2&Prime;][vc_column_text]Si vous \u00eates ambitieux et que vous souhaitez vous constituer un outil de travail performant qui sera la base d\u2019un patrimoine professionnel &#8211; Bienvenue chez PRESSETAUX !<\/p>\n<p>Vous \u00eates int\u00e9ress\u00e9 ? Vous souhaitez nous rejoindre ?<\/p>\n<p>Nous aussi, nous avons besoin d\u2019\u00eatre assur\u00e9s que vous ferez un excellent courtier PRESSETAUX !<\/p>\n<p>C\u2019est \u00e0 votre tour de nous convaincre\u2026 Participez \u00e0 l\u2019un de nos \u00ab Meeting Day \u00bb pour d\u00e9couvrir l\u2019ensemble des atouts du r\u00e9seau et pouvoir en discuter avec nos franchis\u00e9s.[\/vc_column_text][\/vc_column][\/vc_row][vc_row][vc_column][vc_column_text]<img loading=\"lazy\" class=\"aligncenter wp-image-589 size-full\" src=\"https:\/\/pressetaux.fr\/franchise\/wp-content\/uploads\/sites\/12\/2015\/10\/TRAIT1.png\" alt=\"\" width=\"745\" height=\"18\" srcset=\"https:\/\/pressetaux.fr\/franchise\/wp-content\/uploads\/sites\/12\/2015\/10\/TRAIT1.png 745w, https:\/\/pressetaux.fr\/franchise\/wp-content\/uploads\/sites\/12\/2015\/10\/TRAIT1-300x7.png 300w, https:\/\/pressetaux.fr\/franchise\/wp-content\/uploads\/sites\/12\/2015\/10\/TRAIT1-24x1.png 24w, https:\/\/pressetaux.fr\/franchise\/wp-content\/uploads\/sites\/12\/2015\/10\/TRAIT1-36x1.png 36w, https:\/\/pressetaux.fr\/franchise\/wp-content\/uploads\/sites\/12\/2015\/10\/TRAIT1-48x1.png 48w\" sizes=\"(max-width: 745px) 100vw, 745px\" \/>[\/vc_column_text][\/vc_column][\/vc_row][vc_row][vc_column][vc_text_separator title=\u00a0\u00bbIls l&rsquo;on fait, ils en parlent le mieux\u00a0\u00bb color=\u00a0\u00bborange\u00a0\u00bb][\/vc_column][\/vc_row][vc_row][vc_column][vc_column_text]Retrouvez <a href=\"https:\/\/pressetaux.fr\/franchise\/temoignages\/\">ici<\/a> , les t\u00e9moignages de nos franchis\u00e9s[\/vc_column_text][\/vc_column][\/vc_row][vc_row][vc_column][vc_separator color=\u00a0\u00bborange\u00a0\u00bb][\/vc_column][\/vc_row][vc_row][vc_column][vc_column_text]Nos courtiers PresseTaux, courtier en cr\u00e9dit immobilier accompagnent leurs clients afin qu&rsquo;ils obtiennent un pr\u00eat dans les meilleures conditions sur l&rsquo;ensemble de leurs projets :<\/p>\n<p style=\"text-align: justify;\"><strong>&#8211; Achat de votre r\u00e9sidence principale<\/strong><br \/>\n<strong>&#8211; Achat locatif<\/strong><br \/>\n<strong>&#8211; D\u00e9fiscalisation<\/strong><br \/>\n<strong>&#8211; Achat r\u00e9sidence secondaire<\/strong><br \/>\n<strong>&#8211; Ren\u00e9gociation de votre cr\u00e9dit immobilier<\/strong><br \/>\n<strong>&#8211; Ren\u00e9gociation de votre assurance de pr\u00eat<\/strong><br \/>\n<strong>&#8211; Restructuration de vos cr\u00e9dits pour all\u00e9ger vos mensualit\u00e9s<\/strong><br \/>\n<strong>&#8211; Rachat de soulte<\/strong><br \/>\n<strong>&#8211; Financement de travaux<\/strong><\/p>\n<p>Vous souhaitez devenir courtier en cr\u00e9dit immobilier, remplissez le <a href=\"https:\/\/pressetaux.fr\/franchise\/contact\/\"><span style=\"color: #f9b200;\"><strong>ce formulaire <\/strong><\/span><\/a>pour \u00eatre contact\u00e9.[\/vc_column_text][\/vc_column][\/vc_row][vc_row][vc_column][vc_text_separator title=\u00a0\u00bbSatisfaction de nos clients\u00a0\u00bb color=\u00a0\u00bborange\u00a0\u00bb][\/vc_column][\/vc_row][vc_row][vc_column][vc_column_text]Retrouvez les avis et t\u00e9moignages de nos franchis\u00e9s sur : <a href=\"https:\/\/pressetaux.fr\/blog\/category\/temoignagesblog\/\" target=\"blank\" rel=\"noopener\">Nos t\u00e9moignages<\/a> et <a href=\"https:\/\/www.facebook.com\/CourtiersPresseTaux\/reviews?locale=fr_FR\" target=\"blank\" rel=\"noopener\">Facebook<\/a>[\/vc_column_text][\/vc_column][\/vc_row][vc_row][vc_column][vc_text_separator title=\u00a0\u00bbNotre programme de parrainage\u00a0\u00bb color=\u00a0\u00bborange\u00a0\u00bb][\/vc_column][\/vc_row][vc_row][vc_column][vc_column_text]Nos clients nous ont fait confiance, leur satisfaction est notre priorit\u00e9.<br \/>\nGr\u00e2ce \u00e0 notre programme de parrainage, nos clients b\u00e9n\u00e9ficient d&rsquo;un bon d&rsquo;achat pour tout dossier finalis\u00e9.<br \/>\n<strong>Parrainez un de vos proches, c&rsquo;est tr\u00e8s simple, <a href=\"https:\/\/pressetaux.fr\/parrainez-vos-amis\/\" target=\"blank\" rel=\"noopener\">cliquez-ici !<\/a><\/strong>[\/vc_column_text][\/vc_column][\/vc_row]<\/p>\n","protected":false},"excerpt":{"rendered":"<p>[vc_row][vc_column offset=\u00a0\u00bbvc_hidden-sm vc_hidden-xs\u00a0\u00bb][vc_single_image image=\u00a0\u00bb783&Prime; img_size=\u00a0\u00bbfull\u00a0\u00bb][\/vc_column][\/vc_row][vc_row el_class=\u00a0\u00bbmobile-only\u00a0\u00bb][vc_column offset=\u00a0\u00bbvc_hidden-lg vc_hidden-md\u00a0\u00bb][vc_column_text] Profil du candidat PresseTaux [\/vc_column_text][\/vc_column][\/vc_row][vc_row][vc_column width=\u00a0\u00bb1\/2&Prime;][vc_column_text]Afin de conserver et d\u00e9velopper notre r\u00e9putation, nous souhaitons int\u00e9grer des candidats qui partagent les valeurs de notre enseigne : Proximit\u00e9, Service, Int\u00e9grit\u00e9 et Partage. Vous devez faire preuve d\u2019implication, de s\u00e9rieux et avoir la volont\u00e9 de devenir les leaders de votre march\u00e9. Il n\u2019est pas n\u00e9cessaire d\u2019\u00eatre un financier, notre formation vous en donnera la ma\u00eetrise. En revanche, le courtier PRESSETAUX doit \u00eatre : Volontaire, int\u00e8gre, charismatique et surtout poss\u00e9der une aisance relationnelle. &gt; Un bon courtier est avant tout un excellent commercial.[\/vc_column_text][\/vc_column][vc_column width=\u00a0\u00bb1\/2&Prime;][vc_column_text]Si vous \u00eates ambitieux et que vous souhaitez vous constituer un outil de travail performant qui sera la base d\u2019un patrimoine professionnel &#8211; Bienvenue chez PRESSETAUX ! Vous \u00eates int\u00e9ress\u00e9 ? Vous souhaitez nous rejoindre ? Nous aussi, nous avons besoin d\u2019\u00eatre assur\u00e9s que vous ferez un excellent courtier PRESSETAUX ! C\u2019est \u00e0 votre tour de nous convaincre\u2026 Participez \u00e0 l\u2019un de nos \u00ab Meeting Day \u00bb pour d\u00e9couvrir l\u2019ensemble des atouts du r\u00e9seau et pouvoir en discuter avec nos franchis\u00e9s.[\/vc_column_text][\/vc_column][\/vc_row][vc_row][vc_column][vc_column_text][\/vc_column_text][\/vc_column][\/vc_row][vc_row][vc_column][vc_text_separator title=\u00a0\u00bbIls l&rsquo;on fait, ils en parlent le mieux\u00a0\u00bb color=\u00a0\u00bborange\u00a0\u00bb][\/vc_column][\/vc_row][vc_row][vc_column][vc_column_text]Retrouvez ici , les t\u00e9moignages de nos franchis\u00e9s[\/vc_column_text][\/vc_column][\/vc_row][vc_row][vc_column][vc_separator color=\u00a0\u00bborange\u00a0\u00bb][\/vc_column][\/vc_row][vc_row][vc_column][vc_column_text]Nos courtiers PresseTaux, courtier en cr\u00e9dit immobilier accompagnent leurs clients afin qu&rsquo;ils obtiennent un pr\u00eat dans les meilleures conditions sur l&rsquo;ensemble de leurs projets : &#8211; Achat de votre r\u00e9sidence principale &#8211; Achat locatif &#8211; D\u00e9fiscalisation &#8211; Achat r\u00e9sidence secondaire &#8211; Ren\u00e9gociation de votre cr\u00e9dit immobilier &#8211; Ren\u00e9gociation de votre assurance de pr\u00eat &#8211; Restructuration de vos cr\u00e9dits pour all\u00e9ger vos mensualit\u00e9s &#8211; Rachat de soulte &#8211; Financement de travaux Vous souhaitez devenir courtier en cr\u00e9dit immobilier, remplissez le ce formulaire pour \u00eatre contact\u00e9.[\/vc_column_text][\/vc_column][\/vc_row][vc_row][vc_column][vc_text_separator title=\u00a0\u00bbSatisfaction de nos clients\u00a0\u00bb color=\u00a0\u00bborange\u00a0\u00bb][\/vc_column][\/vc_row][vc_row][vc_column][vc_column_text]Retrouvez les avis et t\u00e9moignages de nos franchis\u00e9s sur : Nos t\u00e9moignages et Facebook[\/vc_column_text][\/vc_column][\/vc_row][vc_row][vc_column][vc_text_separator title=\u00a0\u00bbNotre programme de parrainage\u00a0\u00bb color=\u00a0\u00bborange\u00a0\u00bb][\/vc_column][\/vc_row][vc_row][vc_column][vc_column_text]Nos clients nous ont fait confiance, leur satisfaction est notre priorit\u00e9. Gr\u00e2ce \u00e0 notre programme de parrainage, nos clients b\u00e9n\u00e9ficient d&rsquo;un bon d&rsquo;achat pour tout dossier finalis\u00e9. Parrainez un de vos proches, c&rsquo;est tr\u00e8s simple, cliquez-ici ![\/vc_column_text][\/vc_column][\/vc_row]<\/p>\n","protected":false},"author":8,"featured_media":0,"parent":836,"menu_order":0,"comment_status":"closed","ping_status":"closed","template":"","meta":{"_genesis_hide_title":false,"_genesis_hide_breadcrumbs":false,"_genesis_hide_singular_image":false,"_genesis_hide_footer_widgets":false,"_genesis_custom_body_class":"","_genesis_custom_post_class":"","_genesis_layout":""},"yoast_head":"<!-- This site is optimized with the Yoast SEO plugin v17.8 - https:\/\/yoast.com\/wordpress\/plugins\/seo\/ -->\n<title>Profil du candidat - Franchise PresseTaux<\/title>\n<meta name=\"description\" content=\"Profil : nous souhaitons int\u00e9grer des candidats qui partagent les valeurs de notre enseigne : Proximit\u00e9, Service, Int\u00e9grit\u00e9 et Partage\" \/>\n<meta name=\"robots\" content=\"index, follow, max-snippet:-1, max-image-preview:large, max-video-preview:-1\" \/>\n<link rel=\"canonical\" href=\"https:\/\/pressetaux.fr\/franchise\/condition-dacces\/profil-du-candidat\/\" \/>\n<meta name=\"twitter:label1\" content=\"Dur\u00e9e de lecture estim\u00e9e\" \/>\n\t<meta name=\"twitter:data1\" content=\"2 minutes\" \/>\n<script type=\"application\/ld+json\" class=\"yoast-schema-graph\">{\"@context\":\"https:\/\/schema.org\",\"@graph\":[{\"@type\":\"Organization\",\"@id\":\"https:\/\/pressetaux.fr\/franchise\/#organization\",\"name\":\"PresseTaux\",\"url\":\"https:\/\/pressetaux.fr\/franchise\/\",\"sameAs\":[],\"logo\":{\"@type\":\"ImageObject\",\"@id\":\"https:\/\/pressetaux.fr\/franchise\/#logo\",\"inLanguage\":\"fr-FR\",\"url\":\"https:\/\/pressetaux.fr\/franchise\/wp-content\/uploads\/sites\/12\/2022\/06\/LogoPressetaux.jpg\",\"contentUrl\":\"https:\/\/pressetaux.fr\/franchise\/wp-content\/uploads\/sites\/12\/2022\/06\/LogoPressetaux.jpg\",\"width\":1776,\"height\":997,\"caption\":\"PresseTaux\"},\"image\":{\"@id\":\"https:\/\/pressetaux.fr\/franchise\/#logo\"}},{\"@type\":\"WebSite\",\"@id\":\"https:\/\/pressetaux.fr\/franchise\/#website\",\"url\":\"https:\/\/pressetaux.fr\/franchise\/\",\"name\":\"Franchise PresseTaux\",\"description\":\"COURTIER EN CREDIT\",\"publisher\":{\"@id\":\"https:\/\/pressetaux.fr\/franchise\/#organization\"},\"potentialAction\":[{\"@type\":\"SearchAction\",\"target\":{\"@type\":\"EntryPoint\",\"urlTemplate\":\"https:\/\/pressetaux.fr\/franchise\/?s={search_term_string}\"},\"query-input\":\"required name=search_term_string\"}],\"inLanguage\":\"fr-FR\"},{\"@type\":\"ImageObject\",\"@id\":\"https:\/\/pressetaux.fr\/franchise\/condition-dacces\/profil-du-candidat\/#primaryimage\",\"inLanguage\":\"fr-FR\",\"url\":\"https:\/\/pressetaux.fr\/franchise\/wp-content\/uploads\/sites\/12\/2015\/10\/TRAIT1.png\",\"contentUrl\":\"https:\/\/pressetaux.fr\/franchise\/wp-content\/uploads\/sites\/12\/2015\/10\/TRAIT1.png\",\"width\":745,\"height\":18},{\"@type\":\"WebPage\",\"@id\":\"https:\/\/pressetaux.fr\/franchise\/condition-dacces\/profil-du-candidat\/#webpage\",\"url\":\"https:\/\/pressetaux.fr\/franchise\/condition-dacces\/profil-du-candidat\/\",\"name\":\"Profil du candidat - Franchise PresseTaux\",\"isPartOf\":{\"@id\":\"https:\/\/pressetaux.fr\/franchise\/#website\"},\"primaryImageOfPage\":{\"@id\":\"https:\/\/pressetaux.fr\/franchise\/condition-dacces\/profil-du-candidat\/#primaryimage\"},\"datePublished\":\"2016-09-13T10:22:19+00:00\",\"dateModified\":\"2022-07-04T13:07:05+00:00\",\"description\":\"Profil : nous souhaitons int\\u00e9grer des candidats qui partagent les valeurs de notre enseigne : Proximit\\u00e9, Service, Int\\u00e9grit\\u00e9 et Partage\",\"breadcrumb\":{\"@id\":\"https:\/\/pressetaux.fr\/franchise\/condition-dacces\/profil-du-candidat\/#breadcrumb\"},\"inLanguage\":\"fr-FR\",\"potentialAction\":[{\"@type\":\"ReadAction\",\"target\":[\"https:\/\/pressetaux.fr\/franchise\/condition-dacces\/profil-du-candidat\/\"]}]},{\"@type\":\"BreadcrumbList\",\"@id\":\"https:\/\/pressetaux.fr\/franchise\/condition-dacces\/profil-du-candidat\/#breadcrumb\",\"itemListElement\":[{\"@type\":\"ListItem\",\"position\":1,\"name\":\"Conditions d&rsquo;acc\\u00e8s\",\"item\":\"https:\/\/pressetaux.fr\/franchise\/condition-dacces\/\"},{\"@type\":\"ListItem\",\"position\":2,\"name\":\"Profil du candidat\"}]}]}<\/script>\n<!-- \/ Yoast SEO plugin. -->","yoast_head_json":{"title":"Profil du candidat - Franchise PresseTaux","description":"Profil : nous souhaitons int\u00e9grer des candidats qui partagent les valeurs de notre enseigne : Proximit\u00e9, Service, Int\u00e9grit\u00e9 et Partage","robots":{"index":"index","follow":"follow","max-snippet":"max-snippet:-1","max-image-preview":"max-image-preview:large","max-video-preview":"max-video-preview:-1"},"canonical":"https:\/\/pressetaux.fr\/franchise\/condition-dacces\/profil-du-candidat\/","twitter_misc":{"Dur\u00e9e de lecture estim\u00e9e":"2 minutes"},"schema":{"@context":"https:\/\/schema.org","@graph":[{"@type":"Organization","@id":"https:\/\/pressetaux.fr\/franchise\/#organization","name":"PresseTaux","url":"https:\/\/pressetaux.fr\/franchise\/","sameAs":[],"logo":{"@type":"ImageObject","@id":"https:\/\/pressetaux.fr\/franchise\/#logo","inLanguage":"fr-FR","url":"https:\/\/pressetaux.fr\/franchise\/wp-content\/uploads\/sites\/12\/2022\/06\/LogoPressetaux.jpg","contentUrl":"https:\/\/pressetaux.fr\/franchise\/wp-content\/uploads\/sites\/12\/2022\/06\/LogoPressetaux.jpg","width":1776,"height":997,"caption":"PresseTaux"},"image":{"@id":"https:\/\/pressetaux.fr\/franchise\/#logo"}},{"@type":"WebSite","@id":"https:\/\/pressetaux.fr\/franchise\/#website","url":"https:\/\/pressetaux.fr\/franchise\/","name":"Franchise PresseTaux","description":"COURTIER EN CREDIT","publisher":{"@id":"https:\/\/pressetaux.fr\/franchise\/#organization"},"potentialAction":[{"@type":"SearchAction","target":{"@type":"EntryPoint","urlTemplate":"https:\/\/pressetaux.fr\/franchise\/?s={search_term_string}"},"query-input":"required name=search_term_string"}],"inLanguage":"fr-FR"},{"@type":"ImageObject","@id":"https:\/\/pressetaux.fr\/franchise\/condition-dacces\/profil-du-candidat\/#primaryimage","inLanguage":"fr-FR","url":"https:\/\/pressetaux.fr\/franchise\/wp-content\/uploads\/sites\/12\/2015\/10\/TRAIT1.png","contentUrl":"https:\/\/pressetaux.fr\/franchise\/wp-content\/uploads\/sites\/12\/2015\/10\/TRAIT1.png","width":745,"height":18},{"@type":"WebPage","@id":"https:\/\/pressetaux.fr\/franchise\/condition-dacces\/profil-du-candidat\/#webpage","url":"https:\/\/pressetaux.fr\/franchise\/condition-dacces\/profil-du-candidat\/","name":"Profil du candidat - Franchise PresseTaux","isPartOf":{"@id":"https:\/\/pressetaux.fr\/franchise\/#website"},"primaryImageOfPage":{"@id":"https:\/\/pressetaux.fr\/franchise\/condition-dacces\/profil-du-candidat\/#primaryimage"},"datePublished":"2016-09-13T10:22:19+00:00","dateModified":"2022-07-04T13:07:05+00:00","description":"Profil : nous souhaitons int\u00e9grer des candidats qui partagent les valeurs de notre enseigne : Proximit\u00e9, Service, Int\u00e9grit\u00e9 et Partage","breadcrumb":{"@id":"https:\/\/pressetaux.fr\/franchise\/condition-dacces\/profil-du-candidat\/#breadcrumb"},"inLanguage":"fr-FR","potentialAction":[{"@type":"ReadAction","target":["https:\/\/pressetaux.fr\/franchise\/condition-dacces\/profil-du-candidat\/"]}]},{"@type":"BreadcrumbList","@id":"https:\/\/pressetaux.fr\/franchise\/condition-dacces\/profil-du-candidat\/#breadcrumb","itemListElement":[{"@type":"ListItem","position":1,"name":"Conditions d&rsquo;acc\u00e8s","item":"https:\/\/pressetaux.fr\/franchise\/condition-dacces\/"},{"@type":"ListItem","position":2,"name":"Profil du candidat"}]}]}},"_links":{"self":[{"href":"https:\/\/pressetaux.fr\/franchise\/wp-json\/wp\/v2\/pages\/961"}],"collection":[{"href":"https:\/\/pressetaux.fr\/franchise\/wp-json\/wp\/v2\/pages"}],"about":[{"href":"https:\/\/pressetaux.fr\/franchise\/wp-json\/wp\/v2\/types\/page"}],"author":[{"embeddable":true,"href":"https:\/\/pressetaux.fr\/franchise\/wp-json\/wp\/v2\/users\/8"}],"replies":[{"embeddable":true,"href":"https:\/\/pressetaux.fr\/franchise\/wp-json\/wp\/v2\/comments?post=961"}],"version-history":[{"count":0,"href":"https:\/\/pressetaux.fr\/franchise\/wp-json\/wp\/v2\/pages\/961\/revisions"}],"up":[{"embeddable":true,"href":"https:\/\/pressetaux.fr\/franchise\/wp-json\/wp\/v2\/pages\/836"}],"wp:attachment":[{"href":"https:\/\/pressetaux.fr\/franchise\/wp-json\/wp\/v2\/media?parent=961"}],"curies":[{"name":"wp","href":"https:\/\/api.w.org\/{rel}","templated":true}]}}