{"id":1141,"date":"2016-08-25T16:21:08","date_gmt":"2016-08-25T15:21:08","guid":{"rendered":"http:\/\/pressetaux.fr\/valenciennes\/?page_id=1141"},"modified":"2022-03-30T09:21:48","modified_gmt":"2022-03-30T08:21:48","slug":"nos-services","status":"publish","type":"page","link":"https:\/\/pressetaux.fr\/valenciennes\/nos-services\/","title":{"rendered":"Nos Services"},"content":{"rendered":"<p>[vc_row][vc_column offset=\u00a0\u00bbvc_hidden-sm vc_hidden-xs\u00a0\u00bb][vc_single_image image=\u00a0\u00bb1332&Prime; img_size=\u00a0\u00bbfull\u00a0\u00bb alignment=\u00a0\u00bbcenter\u00a0\u00bb][\/vc_column][\/vc_row][vc_row][vc_column offset=\u00a0\u00bbvc_hidden-lg vc_hidden-md\u00a0\u00bb][vc_column_text]Votre <strong>courtier<\/strong> vous accompagne pour tous les types de <strong>cr\u00e9dit<\/strong>.[\/vc_column_text][\/vc_column][\/vc_row][vc_row][vc_column width=\u00a0\u00bb1\/2&Prime;][vc_column_text]Depuis 2004, PresseTaux vous propose ses services pour n\u00e9gocier vos pr\u00eats et vous aide \u00e0 monter votre dossier de cr\u00e9dit de la recherche du bien jusqu\u2019\u00e0 la signature chez le notaire.[\/vc_column_text][vc_column_text]Tous les courtiers du r\u00e9seau ont le statut d\u2019<b>I<\/b>nterm\u00e9diaire en\u00a0<b>O<\/b>p\u00e9rations de\u00a0<b>B<\/b>anque et en\u00a0<b>S<\/b>ervices de\u00a0<b>P<\/b>aiement.[\/vc_column_text][vc_column_text]Tous les courtiers\u00a0<a href=\"https:\/\/pressetaux.fr\/qui-sommes-nous\/le-reseau-pressetaux\/\" target=\"blank\" rel=\"noopener noreferrer\"><strong><span style=\"color: #ff9900;\">PresseTaux<\/span><\/strong><\/a>\u00a0sont en parfait accord avec la l\u00e9gislation propre \u00e0 notre profession. Ils ont suivi une formation sp\u00e9cifique avec des crit\u00e8res de validation qui sont au-dessus des normes minimales demand\u00e9es par la l\u00e9gislation.<\/p>\n<p>[\/vc_column_text][\/vc_column][vc_column width=\u00a0\u00bb1\/2&Prime;][vc_column_text]Les r\u00e9sultats obtenus au test d&rsquo;admission pour la formation d&rsquo;IOBSP sont au minimum sup\u00e9rieur de 10 % aux notes minimales demand\u00e9es par le l\u00e9gislateur.<\/p>\n<p>Chaque courtier PresseTaux est form\u00e9 en interne par notre agence de formation, nos courtiers sont tous form\u00e9s en int\u00e9gration dans le site pilote. Nos formateurs qui sont eux-m\u00eames des courtiers en activit\u00e9s leur apportent toute l\u2019exp\u00e9rience et la technicit\u00e9 n\u00e9cessaire pour chaque montage de cr\u00e9dit. Ce mode de formation permet au r\u00e9seau PresseTaux de proposer des services \u00e9quivalents toutes zones confondues \u00e0 ses clients.<br \/>\nVous trouverez dans ces pages toutes les informations pour vos besoins de financement et toutes les demandes de contact n\u00e9cessaires, alors n&rsquo;h\u00e9sitez pas, nous sommes tous \u00e0 votre disposition.<br \/>\n[\/vc_column_text][\/vc_column][\/vc_row][vc_row][vc_column width=\u00a0\u00bb1\/5&Prime; offset=\u00a0\u00bbvc_hidden-xs\u00a0\u00bb][vc_single_image image=\u00a0\u00bb1335&Prime; img_size=\u00a0\u00bb70X70&Prime; alignment=\u00a0\u00bbcenter\u00a0\u00bb onclick=\u00a0\u00bbcustom_link\u00a0\u00bb img_link_target=\u00a0\u00bb_blank\u00a0\u00bb link=\u00a0\u00bbhttps:\/\/pressetaux.fr\/pret-immobilier\/\u00a0\u00bb el_class=\u00a0\u00bbpictoemprunt\u00a0\u00bb][\/vc_column][vc_column width=\u00a0\u00bb1\/5&Prime; offset=\u00a0\u00bbvc_hidden-xs\u00a0\u00bb][vc_single_image image=\u00a0\u00bb1336&Prime; img_size=\u00a0\u00bb70X70&Prime; alignment=\u00a0\u00bbcenter\u00a0\u00bb onclick=\u00a0\u00bbcustom_link\u00a0\u00bb img_link_target=\u00a0\u00bb_blank\u00a0\u00bb link=\u00a0\u00bbhttps:\/\/pressetaux.fr\/financement-de-travaux\/\u00a0\u00bb el_class=\u00a0\u00bbpictofinancement\u00a0\u00bb][\/vc_column][vc_column width=\u00a0\u00bb1\/5&Prime; offset=\u00a0\u00bbvc_hidden-xs\u00a0\u00bb][vc_single_image image=\u00a0\u00bb1334&Prime; img_size=\u00a0\u00bb70X70&Prime; alignment=\u00a0\u00bbcenter\u00a0\u00bb onclick=\u00a0\u00bbcustom_link\u00a0\u00bb img_link_target=\u00a0\u00bb_blank\u00a0\u00bb link=\u00a0\u00bbhttps:\/\/pressetaux.fr\/rachat-de-credits\/\u00a0\u00bb el_class=\u00a0\u00bbpictorestructu\u00a0\u00bb][\/vc_column][vc_column width=\u00a0\u00bb1\/5&Prime; offset=\u00a0\u00bbvc_hidden-xs\u00a0\u00bb][vc_single_image image=\u00a0\u00bb1337&Prime; img_size=\u00a0\u00bb70X70&Prime; alignment=\u00a0\u00bbcenter\u00a0\u00bb onclick=\u00a0\u00bbcustom_link\u00a0\u00bb img_link_target=\u00a0\u00bb_blank\u00a0\u00bb link=\u00a0\u00bbhttps:\/\/pressetaux.fr\/pret-professionnel\/\u00a0\u00bb el_class=\u00a0\u00bbpictopro\u00a0\u00bb][\/vc_column][vc_column width=\u00a0\u00bb1\/5&Prime;][vc_column_text]<img loading=\"lazy\" class=\"alignnone wp-image-52 size-full\" src=\"https:\/\/pressetaux.fr\/valenciennes\/wp-content\/uploads\/sites\/2\/2013\/06\/SLIDER-3_756x3581.jpg\" alt=\"Nos services\" width=\"756\" height=\"358\" srcset=\"https:\/\/pressetaux.fr\/valenciennes\/wp-content\/uploads\/sites\/2\/2013\/06\/SLIDER-3_756x3581.jpg 756w, https:\/\/pressetaux.fr\/valenciennes\/wp-content\/uploads\/sites\/2\/2013\/06\/SLIDER-3_756x3581-300x142.jpg 300w, https:\/\/pressetaux.fr\/valenciennes\/wp-content\/uploads\/sites\/2\/2013\/06\/SLIDER-3_756x3581-24x11.jpg 24w, https:\/\/pressetaux.fr\/valenciennes\/wp-content\/uploads\/sites\/2\/2013\/06\/SLIDER-3_756x3581-36x17.jpg 36w, https:\/\/pressetaux.fr\/valenciennes\/wp-content\/uploads\/sites\/2\/2013\/06\/SLIDER-3_756x3581-48x23.jpg 48w\" sizes=\"(max-width: 756px) 100vw, 756px\" \/>[\/vc_column_text][\/vc_column][\/vc_row][vc_row][vc_column][vc_column_text]Votre agence PresseTaux courtier en cr\u00e9dit immobilier intervient sur Valenciennes et ses environs, pour vous permettre d\u2019obtenir un pr\u00eat dans les meilleures conditions sur l&rsquo;ensemble de vos projets :<\/p>\n<p style=\"text-align: justify;\"><strong>&#8211; Achat de votre r\u00e9sidence principale<\/strong><br \/>\n<strong>&#8211; Achat locatif<\/strong><br \/>\n<strong>&#8211; D\u00e9fiscalisation<\/strong><br \/>\n<strong>&#8211; Achat r\u00e9sidence secondaire<\/strong><br \/>\n<strong>&#8211; Ren\u00e9gociation de votre cr\u00e9dit immobilier<\/strong><br \/>\n<strong>&#8211; Ren\u00e9gociation de votre assurance de pr\u00eat<\/strong><br \/>\n<strong>&#8211; Restructuration de vos cr\u00e9dits pour all\u00e9ger vos mensualit\u00e9s<\/strong><br \/>\n<strong>&#8211; Rachat de soulte<\/strong><br \/>\n<strong>&#8211; Financement de travaux<\/strong><\/p>\n<p>Nous avons h\u00e2te de vous rencontrer, n&rsquo;h\u00e9sitez pas \u00e0 nous demander <a href=\"https:\/\/pressetaux.fr\/valenciennes\/etude-personnalisee\/\"><span style=\"color: #f9b200;\"><strong>votre \u00e9tude personnalis\u00e9e gratuite !<\/strong><\/span><\/a>[\/vc_column_text][\/vc_column][\/vc_row][vc_row][vc_column][vc_text_separator title=\u00a0\u00bbSatisfaction de nos clients\u00a0\u00bb color=\u00a0\u00bborange\u00a0\u00bb][\/vc_column][\/vc_row][vc_row][vc_column][vc_column_text]Ils nous ont fait confiance, retrouvez leurs avis et t\u00e9moignages sur : <a href=\"https:\/\/www.google.fr\/search?q=PresseTaux+Valenciennes&amp;client=safari&amp;source=hp&amp;ei=KmO4YbeOGY-qa5Kdu4AG&amp;iflsig=ALs-wAMAAAAAYbhxOrHwGDiU8T-5nQEbcGFlLqqYvTFY&amp;ved=0ahUKEwi3y5e5_OL0AhUP1RoKHZLODmAQ4dUDCAs&amp;uact=5&amp;oq=PresseTaux+Valenciennes&amp;gs_lcp=Cgdnd3Mtd2l6EAMyCwguEIAEEMcBEK8BMgIIJjoLCAAQgAQQsQMQgwE6EQguEIAEELEDEIMBEMcBEKMCOg4ILhCABBCxAxDHARDRAzoLCC4QgAQQsQMQgwE6CwguEIAEEMcBEKMCOggIABCABBCxAzoOCC4QgAQQsQMQxwEQowI6BQgAEIAEOggIABCxAxCDAToICC4QgAQQsQM6BQguEIAEOgQILhADOgsIABCxAxCDARDJAzoHCAAQgAQQCjoHCCEQChCgAVAAWMguYMgyaAJwAHgAgAHNAogBzhWSAQkxMy4xMS4wLjGYAQCgAQE&amp;sclient=gws-wiz#lrd=0x47c2ed938fb00e97:0x9a0ef89905ed4099,1,,,\">Google<\/a>, <a href=\"https:\/\/pressetaux.fr\/valenciennes\/category\/temoignagesblog\/\">Nos t\u00e9moignages<\/a> et <a href=\"https:\/\/www.facebook.com\/pressetauxvalenciennes\/reviews\/?ref=page_internal&amp;locale=fr_FR\">Facebook<\/a>[\/vc_column_text][\/vc_column][\/vc_row][vc_row][vc_column][vc_text_separator title=\u00a0\u00bbNotre programme de parrainage\u00a0\u00bb color=\u00a0\u00bborange\u00a0\u00bb][\/vc_column][\/vc_row][vc_row][vc_column][vc_column_text]Nos clients nous ont fait confiance, leur satisfaction est notre priorit\u00e9.<br \/>\nGr\u00e2ce \u00e0 notre programme de parrainage, nos clients b\u00e9n\u00e9ficient d&rsquo;un bon d&rsquo;achat pour tout dossier finalis\u00e9.<br \/>\n<strong>Parrainez un de vos proches, c&rsquo;est tr\u00e8s simple, <a href=\"https:\/\/pressetaux.fr\/valenciennes\/parrainez-vos-amis\/\">cliquez-ici !<\/a><\/strong>[\/vc_column_text][\/vc_column][\/vc_row]<\/p>\n","protected":false},"excerpt":{"rendered":"<p>[vc_row][vc_column offset=\u00a0\u00bbvc_hidden-sm vc_hidden-xs\u00a0\u00bb][vc_single_image image=\u00a0\u00bb1332&Prime; img_size=\u00a0\u00bbfull\u00a0\u00bb alignment=\u00a0\u00bbcenter\u00a0\u00bb][\/vc_column][\/vc_row][vc_row][vc_column offset=\u00a0\u00bbvc_hidden-lg vc_hidden-md\u00a0\u00bb][vc_column_text]Votre courtier vous accompagne pour tous les types de cr\u00e9dit.[\/vc_column_text][\/vc_column][\/vc_row][vc_row][vc_column width=\u00a0\u00bb1\/2&Prime;][vc_column_text]Depuis 2004, PresseTaux vous propose ses services pour n\u00e9gocier vos pr\u00eats et vous aide \u00e0 monter votre dossier de cr\u00e9dit de la recherche du bien jusqu\u2019\u00e0 la signature chez le notaire.[\/vc_column_text][vc_column_text]Tous les courtiers du r\u00e9seau ont le statut d\u2019Interm\u00e9diaire en\u00a0Op\u00e9rations de\u00a0Banque et en\u00a0Services de\u00a0Paiement.[\/vc_column_text][vc_column_text]Tous les courtiers\u00a0PresseTaux\u00a0sont en parfait accord avec la l\u00e9gislation propre \u00e0 notre profession. Ils ont suivi une formation sp\u00e9cifique avec des crit\u00e8res de validation qui sont au-dessus des normes minimales demand\u00e9es par la l\u00e9gislation. [\/vc_column_text][\/vc_column][vc_column width=\u00a0\u00bb1\/2&Prime;][vc_column_text]Les r\u00e9sultats obtenus au test d&rsquo;admission pour la formation d&rsquo;IOBSP sont au minimum sup\u00e9rieur de 10 % aux notes minimales demand\u00e9es par le l\u00e9gislateur. Chaque courtier PresseTaux est form\u00e9 en interne par notre agence de formation, nos courtiers sont tous form\u00e9s en int\u00e9gration dans le site pilote. Nos formateurs qui sont eux-m\u00eames des courtiers en activit\u00e9s leur apportent toute l\u2019exp\u00e9rience et la technicit\u00e9 n\u00e9cessaire pour chaque montage de cr\u00e9dit. Ce mode de formation permet au r\u00e9seau PresseTaux de proposer des services \u00e9quivalents toutes zones confondues \u00e0 ses clients. Vous trouverez dans ces pages toutes les informations pour vos besoins de financement et toutes les demandes de contact n\u00e9cessaires, alors n&rsquo;h\u00e9sitez pas, nous sommes tous \u00e0 votre disposition. [\/vc_column_text][\/vc_column][\/vc_row][vc_row][vc_column width=\u00a0\u00bb1\/5&Prime; offset=\u00a0\u00bbvc_hidden-xs\u00a0\u00bb][vc_single_image image=\u00a0\u00bb1335&Prime; img_size=\u00a0\u00bb70X70&Prime; alignment=\u00a0\u00bbcenter\u00a0\u00bb onclick=\u00a0\u00bbcustom_link\u00a0\u00bb img_link_target=\u00a0\u00bb_blank\u00a0\u00bb link=\u00a0\u00bbhttps:\/\/pressetaux.fr\/pret-immobilier\/\u00a0\u00bb el_class=\u00a0\u00bbpictoemprunt\u00a0\u00bb][\/vc_column][vc_column width=\u00a0\u00bb1\/5&Prime; offset=\u00a0\u00bbvc_hidden-xs\u00a0\u00bb][vc_single_image image=\u00a0\u00bb1336&Prime; img_size=\u00a0\u00bb70X70&Prime; alignment=\u00a0\u00bbcenter\u00a0\u00bb onclick=\u00a0\u00bbcustom_link\u00a0\u00bb img_link_target=\u00a0\u00bb_blank\u00a0\u00bb link=\u00a0\u00bbhttps:\/\/pressetaux.fr\/financement-de-travaux\/\u00a0\u00bb el_class=\u00a0\u00bbpictofinancement\u00a0\u00bb][\/vc_column][vc_column width=\u00a0\u00bb1\/5&Prime; offset=\u00a0\u00bbvc_hidden-xs\u00a0\u00bb][vc_single_image image=\u00a0\u00bb1334&Prime; img_size=\u00a0\u00bb70X70&Prime; alignment=\u00a0\u00bbcenter\u00a0\u00bb onclick=\u00a0\u00bbcustom_link\u00a0\u00bb img_link_target=\u00a0\u00bb_blank\u00a0\u00bb link=\u00a0\u00bbhttps:\/\/pressetaux.fr\/rachat-de-credits\/\u00a0\u00bb el_class=\u00a0\u00bbpictorestructu\u00a0\u00bb][\/vc_column][vc_column width=\u00a0\u00bb1\/5&Prime; offset=\u00a0\u00bbvc_hidden-xs\u00a0\u00bb][vc_single_image image=\u00a0\u00bb1337&Prime; img_size=\u00a0\u00bb70X70&Prime; alignment=\u00a0\u00bbcenter\u00a0\u00bb onclick=\u00a0\u00bbcustom_link\u00a0\u00bb img_link_target=\u00a0\u00bb_blank\u00a0\u00bb link=\u00a0\u00bbhttps:\/\/pressetaux.fr\/pret-professionnel\/\u00a0\u00bb el_class=\u00a0\u00bbpictopro\u00a0\u00bb][\/vc_column][vc_column width=\u00a0\u00bb1\/5&Prime;][vc_column_text][\/vc_column_text][\/vc_column][\/vc_row][vc_row][vc_column][vc_column_text]Votre agence PresseTaux courtier en cr\u00e9dit immobilier intervient sur Valenciennes et ses environs, pour vous permettre d\u2019obtenir un pr\u00eat dans les meilleures conditions sur l&rsquo;ensemble de vos projets : &#8211; Achat de votre r\u00e9sidence principale &#8211; Achat locatif &#8211; D\u00e9fiscalisation &#8211; Achat r\u00e9sidence secondaire &#8211; Ren\u00e9gociation de votre cr\u00e9dit immobilier &#8211; Ren\u00e9gociation de votre assurance de pr\u00eat &#8211; Restructuration de vos cr\u00e9dits pour all\u00e9ger vos mensualit\u00e9s &#8211; Rachat de soulte &#8211; Financement de travaux Nous avons h\u00e2te de vous rencontrer, n&rsquo;h\u00e9sitez pas \u00e0 nous demander votre \u00e9tude personnalis\u00e9e gratuite ![\/vc_column_text][\/vc_column][\/vc_row][vc_row][vc_column][vc_text_separator title=\u00a0\u00bbSatisfaction de nos clients\u00a0\u00bb color=\u00a0\u00bborange\u00a0\u00bb][\/vc_column][\/vc_row][vc_row][vc_column][vc_column_text]Ils nous ont fait confiance, retrouvez leurs avis et t\u00e9moignages sur : Google, Nos t\u00e9moignages et Facebook[\/vc_column_text][\/vc_column][\/vc_row][vc_row][vc_column][vc_text_separator title=\u00a0\u00bbNotre programme de parrainage\u00a0\u00bb color=\u00a0\u00bborange\u00a0\u00bb][\/vc_column][\/vc_row][vc_row][vc_column][vc_column_text]Nos clients nous ont fait confiance, leur satisfaction est notre priorit\u00e9. Gr\u00e2ce \u00e0 notre programme de parrainage, nos clients b\u00e9n\u00e9ficient d&rsquo;un bon d&rsquo;achat pour tout dossier finalis\u00e9. Parrainez un de vos proches, c&rsquo;est tr\u00e8s simple, cliquez-ici ![\/vc_column_text][\/vc_column][\/vc_row]<\/p>\n","protected":false},"author":8,"featured_media":0,"parent":0,"menu_order":0,"comment_status":"closed","ping_status":"closed","template":"","meta":{"_genesis_hide_title":false,"_genesis_hide_breadcrumbs":false,"_genesis_hide_singular_image":false,"_genesis_hide_footer_widgets":false,"_genesis_custom_body_class":"nos-services","_genesis_custom_post_class":"","_genesis_layout":""},"yoast_head":"<!-- This site is optimized with the Yoast SEO plugin v17.8 - https:\/\/yoast.com\/wordpress\/plugins\/seo\/ -->\n<title>Retrouvez les diff\u00e9rents services de PresseTaux Valenciennes...<\/title>\n<meta name=\"description\" content=\"PresseTaux Valenciennes vous propose ses services : Acquisition, ren\u00e9gociation, rachat de pr\u00eats. Contactez-nous pour une \u00e9tude gratuite !\" \/>\n<meta name=\"robots\" content=\"index, follow, max-snippet:-1, max-image-preview:large, max-video-preview:-1\" \/>\n<link rel=\"canonical\" href=\"https:\/\/pressetaux.fr\/valenciennes\/nos-services\/\" \/>\n<meta property=\"og:locale\" content=\"fr_FR\" \/>\n<meta property=\"og:type\" content=\"article\" \/>\n<meta property=\"og:title\" content=\"Retrouvez les diff\u00e9rents services de PresseTaux Valenciennes...\" \/>\n<meta property=\"og:description\" content=\"PresseTaux Valenciennes vous propose ses services : Acquisition, ren\u00e9gociation, rachat de pr\u00eats. Contactez-nous pour une \u00e9tude gratuite !\" \/>\n<meta property=\"og:url\" content=\"https:\/\/pressetaux.fr\/valenciennes\/nos-services\/\" \/>\n<meta property=\"og:site_name\" content=\"PresseTaux Valenciennes\" \/>\n<meta property=\"article:publisher\" content=\"https:\/\/www.facebook.com\/pressetauxvalenciennes?locale=fr_FR\" \/>\n<meta property=\"article:modified_time\" content=\"2022-03-30T08:21:48+00:00\" \/>\n<meta property=\"og:image\" content=\"https:\/\/pressetaux.fr\/valenciennes\/wp-content\/uploads\/sites\/2\/2013\/06\/SLIDER-3_756x3581.jpg\" \/>\n<meta name=\"twitter:label1\" content=\"Dur\u00e9e de lecture estim\u00e9e\" \/>\n\t<meta name=\"twitter:data1\" content=\"3 minutes\" \/>\n<script type=\"application\/ld+json\" class=\"yoast-schema-graph\">{\"@context\":\"https:\/\/schema.org\",\"@graph\":[{\"@type\":\"Organization\",\"@id\":\"https:\/\/pressetaux.fr\/valenciennes\/#organization\",\"name\":\"PresseTaux Valenciennes\",\"url\":\"https:\/\/pressetaux.fr\/valenciennes\/\",\"sameAs\":[\"https:\/\/www.facebook.com\/pressetauxvalenciennes?locale=fr_FR\"],\"logo\":{\"@type\":\"ImageObject\",\"@id\":\"https:\/\/pressetaux.fr\/valenciennes\/#logo\",\"inLanguage\":\"fr-FR\",\"url\":\"https:\/\/pressetaux.fr\/valenciennes\/wp-content\/uploads\/sites\/2\/2020\/11\/LogoPressetaux.png\",\"contentUrl\":\"https:\/\/pressetaux.fr\/valenciennes\/wp-content\/uploads\/sites\/2\/2020\/11\/LogoPressetaux.png\",\"width\":488,\"height\":278,\"caption\":\"PresseTaux Valenciennes\"},\"image\":{\"@id\":\"https:\/\/pressetaux.fr\/valenciennes\/#logo\"}},{\"@type\":\"WebSite\",\"@id\":\"https:\/\/pressetaux.fr\/valenciennes\/#website\",\"url\":\"https:\/\/pressetaux.fr\/valenciennes\/\",\"name\":\"PresseTaux Valenciennes\",\"description\":\"COURTIER EN CREDIT\",\"publisher\":{\"@id\":\"https:\/\/pressetaux.fr\/valenciennes\/#organization\"},\"potentialAction\":[{\"@type\":\"SearchAction\",\"target\":{\"@type\":\"EntryPoint\",\"urlTemplate\":\"https:\/\/pressetaux.fr\/valenciennes\/?s={search_term_string}\"},\"query-input\":\"required name=search_term_string\"}],\"inLanguage\":\"fr-FR\"},{\"@type\":\"ImageObject\",\"@id\":\"https:\/\/pressetaux.fr\/valenciennes\/nos-services\/#primaryimage\",\"inLanguage\":\"fr-FR\",\"url\":\"https:\/\/pressetaux.fr\/valenciennes\/wp-content\/uploads\/sites\/2\/2013\/06\/SLIDER-3_756x3581.jpg\",\"contentUrl\":\"https:\/\/pressetaux.fr\/valenciennes\/wp-content\/uploads\/sites\/2\/2013\/06\/SLIDER-3_756x3581.jpg\",\"width\":756,\"height\":358},{\"@type\":\"WebPage\",\"@id\":\"https:\/\/pressetaux.fr\/valenciennes\/nos-services\/#webpage\",\"url\":\"https:\/\/pressetaux.fr\/valenciennes\/nos-services\/\",\"name\":\"Retrouvez les diff\\u00e9rents services de PresseTaux Valenciennes...\",\"isPartOf\":{\"@id\":\"https:\/\/pressetaux.fr\/valenciennes\/#website\"},\"primaryImageOfPage\":{\"@id\":\"https:\/\/pressetaux.fr\/valenciennes\/nos-services\/#primaryimage\"},\"datePublished\":\"2016-08-25T15:21:08+00:00\",\"dateModified\":\"2022-03-30T08:21:48+00:00\",\"description\":\"PresseTaux Valenciennes vous propose ses services : Acquisition, ren\\u00e9gociation, rachat de pr\\u00eats. Contactez-nous pour une \\u00e9tude gratuite !\",\"breadcrumb\":{\"@id\":\"https:\/\/pressetaux.fr\/valenciennes\/nos-services\/#breadcrumb\"},\"inLanguage\":\"fr-FR\",\"potentialAction\":[{\"@type\":\"ReadAction\",\"target\":[\"https:\/\/pressetaux.fr\/valenciennes\/nos-services\/\"]}]},{\"@type\":\"BreadcrumbList\",\"@id\":\"https:\/\/pressetaux.fr\/valenciennes\/nos-services\/#breadcrumb\",\"itemListElement\":[{\"@type\":\"ListItem\",\"position\":1,\"name\":\"Nos Services\"}]}]}<\/script>\n<!-- \/ Yoast SEO plugin. -->","yoast_head_json":{"title":"Retrouvez les diff\u00e9rents services de PresseTaux Valenciennes...","description":"PresseTaux Valenciennes vous propose ses services : Acquisition, ren\u00e9gociation, rachat de pr\u00eats. Contactez-nous pour une \u00e9tude gratuite !","robots":{"index":"index","follow":"follow","max-snippet":"max-snippet:-1","max-image-preview":"max-image-preview:large","max-video-preview":"max-video-preview:-1"},"canonical":"https:\/\/pressetaux.fr\/valenciennes\/nos-services\/","og_locale":"fr_FR","og_type":"article","og_title":"Retrouvez les diff\u00e9rents services de PresseTaux Valenciennes...","og_description":"PresseTaux Valenciennes vous propose ses services : Acquisition, ren\u00e9gociation, rachat de pr\u00eats. Contactez-nous pour une \u00e9tude gratuite !","og_url":"https:\/\/pressetaux.fr\/valenciennes\/nos-services\/","og_site_name":"PresseTaux Valenciennes","article_publisher":"https:\/\/www.facebook.com\/pressetauxvalenciennes?locale=fr_FR","article_modified_time":"2022-03-30T08:21:48+00:00","og_image":[{"url":"https:\/\/pressetaux.fr\/valenciennes\/wp-content\/uploads\/sites\/2\/2013\/06\/SLIDER-3_756x3581.jpg"}],"twitter_misc":{"Dur\u00e9e de lecture estim\u00e9e":"3 minutes"},"schema":{"@context":"https:\/\/schema.org","@graph":[{"@type":"Organization","@id":"https:\/\/pressetaux.fr\/valenciennes\/#organization","name":"PresseTaux Valenciennes","url":"https:\/\/pressetaux.fr\/valenciennes\/","sameAs":["https:\/\/www.facebook.com\/pressetauxvalenciennes?locale=fr_FR"],"logo":{"@type":"ImageObject","@id":"https:\/\/pressetaux.fr\/valenciennes\/#logo","inLanguage":"fr-FR","url":"https:\/\/pressetaux.fr\/valenciennes\/wp-content\/uploads\/sites\/2\/2020\/11\/LogoPressetaux.png","contentUrl":"https:\/\/pressetaux.fr\/valenciennes\/wp-content\/uploads\/sites\/2\/2020\/11\/LogoPressetaux.png","width":488,"height":278,"caption":"PresseTaux Valenciennes"},"image":{"@id":"https:\/\/pressetaux.fr\/valenciennes\/#logo"}},{"@type":"WebSite","@id":"https:\/\/pressetaux.fr\/valenciennes\/#website","url":"https:\/\/pressetaux.fr\/valenciennes\/","name":"PresseTaux Valenciennes","description":"COURTIER EN CREDIT","publisher":{"@id":"https:\/\/pressetaux.fr\/valenciennes\/#organization"},"potentialAction":[{"@type":"SearchAction","target":{"@type":"EntryPoint","urlTemplate":"https:\/\/pressetaux.fr\/valenciennes\/?s={search_term_string}"},"query-input":"required name=search_term_string"}],"inLanguage":"fr-FR"},{"@type":"ImageObject","@id":"https:\/\/pressetaux.fr\/valenciennes\/nos-services\/#primaryimage","inLanguage":"fr-FR","url":"https:\/\/pressetaux.fr\/valenciennes\/wp-content\/uploads\/sites\/2\/2013\/06\/SLIDER-3_756x3581.jpg","contentUrl":"https:\/\/pressetaux.fr\/valenciennes\/wp-content\/uploads\/sites\/2\/2013\/06\/SLIDER-3_756x3581.jpg","width":756,"height":358},{"@type":"WebPage","@id":"https:\/\/pressetaux.fr\/valenciennes\/nos-services\/#webpage","url":"https:\/\/pressetaux.fr\/valenciennes\/nos-services\/","name":"Retrouvez les diff\u00e9rents services de PresseTaux Valenciennes...","isPartOf":{"@id":"https:\/\/pressetaux.fr\/valenciennes\/#website"},"primaryImageOfPage":{"@id":"https:\/\/pressetaux.fr\/valenciennes\/nos-services\/#primaryimage"},"datePublished":"2016-08-25T15:21:08+00:00","dateModified":"2022-03-30T08:21:48+00:00","description":"PresseTaux Valenciennes vous propose ses services : Acquisition, ren\u00e9gociation, rachat de pr\u00eats. Contactez-nous pour une \u00e9tude gratuite !","breadcrumb":{"@id":"https:\/\/pressetaux.fr\/valenciennes\/nos-services\/#breadcrumb"},"inLanguage":"fr-FR","potentialAction":[{"@type":"ReadAction","target":["https:\/\/pressetaux.fr\/valenciennes\/nos-services\/"]}]},{"@type":"BreadcrumbList","@id":"https:\/\/pressetaux.fr\/valenciennes\/nos-services\/#breadcrumb","itemListElement":[{"@type":"ListItem","position":1,"name":"Nos Services"}]}]}},"_links":{"self":[{"href":"https:\/\/pressetaux.fr\/valenciennes\/wp-json\/wp\/v2\/pages\/1141"}],"collection":[{"href":"https:\/\/pressetaux.fr\/valenciennes\/wp-json\/wp\/v2\/pages"}],"about":[{"href":"https:\/\/pressetaux.fr\/valenciennes\/wp-json\/wp\/v2\/types\/page"}],"author":[{"embeddable":true,"href":"https:\/\/pressetaux.fr\/valenciennes\/wp-json\/wp\/v2\/users\/8"}],"replies":[{"embeddable":true,"href":"https:\/\/pressetaux.fr\/valenciennes\/wp-json\/wp\/v2\/comments?post=1141"}],"version-history":[{"count":0,"href":"https:\/\/pressetaux.fr\/valenciennes\/wp-json\/wp\/v2\/pages\/1141\/revisions"}],"wp:attachment":[{"href":"https:\/\/pressetaux.fr\/valenciennes\/wp-json\/wp\/v2\/media?parent=1141"}],"curies":[{"name":"wp","href":"https:\/\/api.w.org\/{rel}","templated":true}]}}