{"id":870,"date":"2013-05-02T14:08:19","date_gmt":"2013-05-02T13:08:19","guid":{"rendered":"http:\/\/www.pressetaux.fr\/wordpress351\/valenciennes\/?page_id=9"},"modified":"2024-04-22T14:36:26","modified_gmt":"2024-04-22T13:36:26","slug":"courtier-valenciennes","status":"publish","type":"page","link":"https:\/\/pressetaux.fr\/valenciennes\/courtier-valenciennes\/","title":{"rendered":"Courtier en cr\u00e9dit \u00e0 Valenciennes"},"content":{"rendered":"<p>[vc_row][vc_column offset=\u00a0\u00bbvc_hidden-sm vc_hidden-xs\u00a0\u00bb][vc_single_image image=\u00a0\u00bb2749&Prime; img_size=\u00a0\u00bbfull\u00a0\u00bb alignment=\u00a0\u00bbcenter\u00a0\u00bb][\/vc_column][\/vc_row][vc_row][vc_column offset=\u00a0\u00bbvc_hidden-lg vc_hidden-md\u00a0\u00bb][vc_column_text]Votre\u00a0<strong>courtier<\/strong>\u00a0en cr\u00e9dit PresseTaux sur Valenciennes.[\/vc_column_text][\/vc_column][\/vc_row][vc_row][vc_column][vc_single_image image=\u00a0\u00bb704&Prime; img_size=\u00a0\u00bbfull\u00a0\u00bb alignment=\u00a0\u00bbcenter\u00a0\u00bb][\/vc_column][\/vc_row][vc_row][vc_column width=\u00a0\u00bb1\/2&Prime;][vc_single_image image=\u00a0\u00bb1307&Prime; img_size=\u00a0\u00bbfull\u00a0\u00bb][\/vc_column][vc_column width=\u00a0\u00bb1\/2&Prime;][vc_column_text]<a href=\"mailto:contact@pressetaux.fr\"><img loading=\"lazy\" class=\"size-full wp-image-2670 alignleft\" src=\"https:\/\/pressetaux.fr\/wp-content\/uploads\/2015\/04\/contacter-conseiller.png\" alt=\"contacter-conseiller\" width=\"350\" height=\"80\" \/><\/a>[\/vc_column_text][\/vc_column][\/vc_row][vc_row][vc_column offset=\u00a0\u00bbvc_hidden-sm vc_hidden-xs\u00a0\u00bb][vc_single_image image=\u00a0\u00bb2891&Prime; img_size=\u00a0\u00bbfull\u00a0\u00bb onclick=\u00a0\u00bbcustom_link\u00a0\u00bb link=\u00a0\u00bbhttps:\/\/pressetaux.fr\/valenciennes\/\u00a0\u00bb][\/vc_column][\/vc_row][vc_row el_class=\u00a0\u00bbmobile-only\u00a0\u00bb][vc_column offset=\u00a0\u00bbvc_hidden-lg vc_hidden-md\u00a0\u00bb el_class=\u00a0\u00bbcourtage\u00a0\u00bb][vc_column_text]<\/p>\n<h3>PRESSETAUX VALENCIENNES<\/h3>\n<p>SAS SM COM<br \/>\nN\u00b0 SIRET : 451 977 789 00051<br \/>\nCourtier ind\u00e9pendant immatricul\u00e9 \u00e0 l&rsquo;ORIAS N\u00b013002388<\/p>\n<p>179, rue Jean-Jaur\u00e8s<br \/>\n59880 &#8211;\u00a0Saint-Saulve<br \/>\nT\u00e9l.: 03 27 47 75 74<br \/>\nPort. : 06 16 39 86 86[\/vc_column_text][vc_btn title=\u00a0\u00bbAppeler\u00a0\u00bb style=\u00a0\u00bbclassic\u00a0\u00bb color=\u00a0\u00bbblack\u00a0\u00bb align=\u00a0\u00bbcenter\u00a0\u00bb button_block=\u00a0\u00bbtrue\u00a0\u00bb link=\u00a0\u00bburl:tel%3A0616398686|||rel:nofollow\u00a0\u00bb][\/vc_column][\/vc_row][vc_row][vc_column][vc_single_image image=\u00a0\u00bb704&Prime; img_size=\u00a0\u00bbfull\u00a0\u00bb alignment=\u00a0\u00bbcenter\u00a0\u00bb][\/vc_column][\/vc_row][vc_row][vc_column][vc_column_text]<\/p>\n<h2 style=\"text-align: center;\">Gr\u00e9gory Willay, votre courtier en cr\u00e9dit \u00e0 Valenciennes.<\/h2>\n<p>[\/vc_column_text][\/vc_column][\/vc_row][vc_row][vc_column][vc_column_text]<strong><b>Gr\u00e9gory Willay, <\/b><\/strong>dipl\u00f4m\u00e9 bancaire est conseiller financier chez <strong><b><span style=\"color: #000;\">PRESSETAUX<\/span><\/b><\/strong> depuis 2006 sur le secteur de Valenciennes.<br \/>\nEn tant que conseiller de client\u00e8le au sein d&rsquo;une banque pendant 8 ans, son exp\u00e9rience dans le domaine bancaire lui permet de ma\u00eetriser l&rsquo;environnement bancaire notamment dans les <strong><b>pr\u00eats aux particuliers et aux professionnels<\/b><\/strong>.<br \/>\nCela lui permet de <strong><b>conseiller et d&rsquo;accompagner<\/b><\/strong> au mieux ses clients dans leurs recherches de financement et pour l&rsquo;aboutissement de leurs projets.<\/p>\n<p>Je suis \u00e0 votre disposition pour diff\u00e9rents <strong>types de pr\u00eats<\/strong> :<\/p>\n<p><strong>&#8211; Pr\u00eat immobilier :<\/strong>\u00a0Vous avez un projet immobilier ? Je\u00a0vous accompagne pour devenir propri\u00e9taire sereinement et au meilleur co\u00fbt&#8230;<br \/>\n<strong>&#8211; Ren\u00e9gociation de cr\u00e9dit :<\/strong>\u00a0Vous avez un emprunt immobilier en cours ? Obtenez des conditions de pr\u00eat plus avantageuses en r\u00e9duisant votre dur\u00e9e de cr\u00e9dit ou en all\u00e9geant votre mensualit\u00e9&#8230;<br \/>\n<strong>&#8211; Financement de travaux :<\/strong>\u00a0Vous souhaitez r\u00e9aliser des travaux\u2026<br \/>\n&#8211;\u00a0<strong>Regroupement de cr\u00e9dit :\u00a0<\/strong>Vous avez plusieurs cr\u00e9dits en cours, regrouper l&rsquo;ensemble de vos cr\u00e9dits en un seul afin de diminuer la mensualit\u00e9 globale et donner de l\u2019air \u00e0 votre budget.<br \/>\n<strong>&#8211; Pr\u00eat professionnel :\u00a0<\/strong>financement pour votre entreprise, aide \u00e0 la cr\u00e9ation de votre entreprise, d\u00e9veloppement de votre activit\u00e9, nos courtiers en cr\u00e9dit n\u00e9goci\u00e9 dans le\u00a0<b>Nord<\/b>\u00a0trouvent les meilleurs opportunit\u00e9s que vous soyez entrepreneur individuel, en soci\u00e9t\u00e9 (SARL, SAS, etc..) ou m\u00eame install\u00e9 en profession lib\u00e9rale.<\/p>\n<p>N\u2019h\u00e9sitez pas \u00e0 me contacter, que ce soit pour <a href=\"https:\/\/pressetaux.fr\/valenciennes\/etude-personnalisee\/\">une \u00e9tude de budget gratuite personnalis\u00e9e<\/a>, ou si vous avez d\u00e9j\u00e0 sign\u00e9, pour votre compromis.<\/p>\n<p>Gr\u00e9gory Willay au <a href=\"tel:0616398686\">06\u00a016 39 86 86<\/a>[\/vc_column_text][\/vc_column][\/vc_row][vc_row][vc_column][vc_column_text]Ils nous ont fait confiance, retrouvez leurs avis et t\u00e9moignages sur : <a href=\"https:\/\/www.google.fr\/search?q=PresseTaux+Valenciennes&amp;client=safari&amp;source=hp&amp;ei=KmO4YbeOGY-qa5Kdu4AG&amp;iflsig=ALs-wAMAAAAAYbhxOrHwGDiU8T-5nQEbcGFlLqqYvTFY&amp;ved=0ahUKEwi3y5e5_OL0AhUP1RoKHZLODmAQ4dUDCAs&amp;uact=5&amp;oq=PresseTaux+Valenciennes&amp;gs_lcp=Cgdnd3Mtd2l6EAMyCwguEIAEEMcBEK8BMgIIJjoLCAAQgAQQsQMQgwE6EQguEIAEELEDEIMBEMcBEKMCOg4ILhCABBCxAxDHARDRAzoLCC4QgAQQsQMQgwE6CwguEIAEEMcBEKMCOggIABCABBCxAzoOCC4QgAQQsQMQxwEQowI6BQgAEIAEOggIABCxAxCDAToICC4QgAQQsQM6BQguEIAEOgQILhADOgsIABCxAxCDARDJAzoHCAAQgAQQCjoHCCEQChCgAVAAWMguYMgyaAJwAHgAgAHNAogBzhWSAQkxMy4xMS4wLjGYAQCgAQE&amp;sclient=gws-wiz#lrd=0x47c2ed938fb00e97:0x9a0ef89905ed4099,1,,,\">Google<\/a>, <a href=\"https:\/\/pressetaux.fr\/valenciennes\/category\/temoignagesblog\/\">Nos t\u00e9moignages<\/a> et <a href=\"https:\/\/www.facebook.com\/pressetauxvalenciennes\/reviews\/?ref=page_internal&amp;locale=fr_FR\">Facebook<\/a>[\/vc_column_text][\/vc_column][\/vc_row][vc_row][vc_column][vc_single_image image=\u00a0\u00bb704&Prime; img_size=\u00a0\u00bbfull\u00a0\u00bb alignment=\u00a0\u00bbcenter\u00a0\u00bb][\/vc_column][\/vc_row][vc_row][vc_column][vc_column_text]<\/p>\n<p style=\"text-align: center;\"><strong>Les diff\u00e9rentes zones d&rsquo;intervention de votre courtier :<\/strong><\/p>\n<p>[\/vc_column_text][\/vc_column][\/vc_row][vc_row][vc_column][vc_column_text]Anzin, Cond\u00e9-sur l&rsquo;Escaut, Hergnies, Maing, Lecelles, Onnaing, Odomez, Quarouble&#8230;.[\/vc_column_text][vc_single_image image=\u00a0\u00bb1190&Prime; img_size=\u00a0\u00bbfull\u00a0\u00bb alignment=\u00a0\u00bbcenter\u00a0\u00bb onclick=\u00a0\u00bbcustom_link\u00a0\u00bb link=\u00a0\u00bbhttps:\/\/pressetaux.fr\/valenciennes\/zone-interventions-sm-com\u00a0\u00bb][\/vc_column][\/vc_row][vc_row][vc_column][vc_single_image image=\u00a0\u00bb704&Prime; img_size=\u00a0\u00bbfull\u00a0\u00bb alignment=\u00a0\u00bbcenter\u00a0\u00bb][\/vc_column][\/vc_row]<\/p>\n","protected":false},"excerpt":{"rendered":"<p>[vc_row][vc_column offset=\u00a0\u00bbvc_hidden-sm vc_hidden-xs\u00a0\u00bb][vc_single_image image=\u00a0\u00bb2749&Prime; img_size=\u00a0\u00bbfull\u00a0\u00bb alignment=\u00a0\u00bbcenter\u00a0\u00bb][\/vc_column][\/vc_row][vc_row][vc_column offset=\u00a0\u00bbvc_hidden-lg vc_hidden-md\u00a0\u00bb][vc_column_text]Votre\u00a0courtier\u00a0en cr\u00e9dit PresseTaux sur Valenciennes.[\/vc_column_text][\/vc_column][\/vc_row][vc_row][vc_column][vc_single_image image=\u00a0\u00bb704&Prime; img_size=\u00a0\u00bbfull\u00a0\u00bb alignment=\u00a0\u00bbcenter\u00a0\u00bb][\/vc_column][\/vc_row][vc_row][vc_column width=\u00a0\u00bb1\/2&Prime;][vc_single_image image=\u00a0\u00bb1307&Prime; img_size=\u00a0\u00bbfull\u00a0\u00bb][\/vc_column][vc_column width=\u00a0\u00bb1\/2&Prime;][vc_column_text][\/vc_column_text][\/vc_column][\/vc_row][vc_row][vc_column offset=\u00a0\u00bbvc_hidden-sm vc_hidden-xs\u00a0\u00bb][vc_single_image image=\u00a0\u00bb2891&Prime; img_size=\u00a0\u00bbfull\u00a0\u00bb onclick=\u00a0\u00bbcustom_link\u00a0\u00bb link=\u00a0\u00bbhttps:\/\/pressetaux.fr\/valenciennes\/\u00a0\u00bb][\/vc_column][\/vc_row][vc_row el_class=\u00a0\u00bbmobile-only\u00a0\u00bb][vc_column offset=\u00a0\u00bbvc_hidden-lg vc_hidden-md\u00a0\u00bb el_class=\u00a0\u00bbcourtage\u00a0\u00bb][vc_column_text] PRESSETAUX VALENCIENNES SAS SM COM N\u00b0 SIRET : 451 977 789 00051 Courtier ind\u00e9pendant immatricul\u00e9 \u00e0 l&rsquo;ORIAS N\u00b013002388 179, rue Jean-Jaur\u00e8s 59880 &#8211;\u00a0Saint-Saulve T\u00e9l.: 03 27 47 75 74 Port. : 06 16 39 86 86[\/vc_column_text][vc_btn title=\u00a0\u00bbAppeler\u00a0\u00bb style=\u00a0\u00bbclassic\u00a0\u00bb color=\u00a0\u00bbblack\u00a0\u00bb align=\u00a0\u00bbcenter\u00a0\u00bb button_block=\u00a0\u00bbtrue\u00a0\u00bb link=\u00a0\u00bburl:tel%3A0616398686|||rel:nofollow\u00a0\u00bb][\/vc_column][\/vc_row][vc_row][vc_column][vc_single_image image=\u00a0\u00bb704&Prime; img_size=\u00a0\u00bbfull\u00a0\u00bb alignment=\u00a0\u00bbcenter\u00a0\u00bb][\/vc_column][\/vc_row][vc_row][vc_column][vc_column_text] Gr\u00e9gory Willay, votre courtier en cr\u00e9dit \u00e0 Valenciennes. [\/vc_column_text][\/vc_column][\/vc_row][vc_row][vc_column][vc_column_text]Gr\u00e9gory Willay, dipl\u00f4m\u00e9 bancaire est conseiller financier chez PRESSETAUX depuis 2006 sur le secteur de Valenciennes. En tant que conseiller de client\u00e8le au sein d&rsquo;une banque pendant 8 ans, son exp\u00e9rience dans le domaine bancaire lui permet de ma\u00eetriser l&rsquo;environnement bancaire notamment dans les pr\u00eats aux particuliers et aux professionnels. Cela lui permet de conseiller et d&rsquo;accompagner au mieux ses clients dans leurs recherches de financement et pour l&rsquo;aboutissement de leurs projets. Je suis \u00e0 votre disposition pour diff\u00e9rents types de pr\u00eats : &#8211; Pr\u00eat immobilier :\u00a0Vous avez un projet immobilier ? Je\u00a0vous accompagne pour devenir propri\u00e9taire sereinement et au meilleur co\u00fbt&#8230; &#8211; Ren\u00e9gociation de cr\u00e9dit :\u00a0Vous avez un emprunt immobilier en cours ? Obtenez des conditions de pr\u00eat plus avantageuses en r\u00e9duisant votre dur\u00e9e de cr\u00e9dit ou en all\u00e9geant votre mensualit\u00e9&#8230; &#8211; Financement de travaux :\u00a0Vous souhaitez r\u00e9aliser des travaux\u2026 &#8211;\u00a0Regroupement de cr\u00e9dit :\u00a0Vous avez plusieurs cr\u00e9dits en cours, regrouper l&rsquo;ensemble de vos cr\u00e9dits en un seul afin de diminuer la mensualit\u00e9 globale et donner de l\u2019air \u00e0 votre budget. &#8211; Pr\u00eat professionnel :\u00a0financement pour votre entreprise, aide \u00e0 la cr\u00e9ation de votre entreprise, d\u00e9veloppement de votre activit\u00e9, nos courtiers en cr\u00e9dit n\u00e9goci\u00e9 dans le\u00a0Nord\u00a0trouvent les meilleurs opportunit\u00e9s que vous soyez entrepreneur individuel, en soci\u00e9t\u00e9 (SARL, SAS, etc..) ou m\u00eame install\u00e9 en profession lib\u00e9rale. N\u2019h\u00e9sitez pas \u00e0 me contacter, que ce soit pour une \u00e9tude de budget gratuite personnalis\u00e9e, ou si vous avez d\u00e9j\u00e0 sign\u00e9, pour votre compromis. Gr\u00e9gory Willay au 06\u00a016 39 86 86[\/vc_column_text][\/vc_column][\/vc_row][vc_row][vc_column][vc_column_text]Ils nous ont fait confiance, retrouvez leurs avis et t\u00e9moignages sur : Google, Nos t\u00e9moignages et Facebook[\/vc_column_text][\/vc_column][\/vc_row][vc_row][vc_column][vc_single_image image=\u00a0\u00bb704&Prime; img_size=\u00a0\u00bbfull\u00a0\u00bb alignment=\u00a0\u00bbcenter\u00a0\u00bb][\/vc_column][\/vc_row][vc_row][vc_column][vc_column_text] Les diff\u00e9rentes zones d&rsquo;intervention de votre courtier : [\/vc_column_text][\/vc_column][\/vc_row][vc_row][vc_column][vc_column_text]Anzin, Cond\u00e9-sur l&rsquo;Escaut, Hergnies, Maing, Lecelles, Onnaing, Odomez, Quarouble&#8230;.[\/vc_column_text][vc_single_image image=\u00a0\u00bb1190&Prime; img_size=\u00a0\u00bbfull\u00a0\u00bb alignment=\u00a0\u00bbcenter\u00a0\u00bb onclick=\u00a0\u00bbcustom_link\u00a0\u00bb link=\u00a0\u00bbhttps:\/\/pressetaux.fr\/valenciennes\/zone-interventions-sm-com\u00a0\u00bb][\/vc_column][\/vc_row][vc_row][vc_column][vc_single_image image=\u00a0\u00bb704&Prime; img_size=\u00a0\u00bbfull\u00a0\u00bb alignment=\u00a0\u00bbcenter\u00a0\u00bb][\/vc_column][\/vc_row]<\/p>\n","protected":false},"author":8,"featured_media":0,"parent":0,"menu_order":0,"comment_status":"closed","ping_status":"closed","template":"","meta":{"_genesis_hide_title":false,"_genesis_hide_breadcrumbs":false,"_genesis_hide_singular_image":false,"_genesis_hide_footer_widgets":false,"_genesis_custom_body_class":"","_genesis_custom_post_class":"","_genesis_layout":""},"yoast_head":"<!-- This site is optimized with the Yoast SEO plugin v17.8 - https:\/\/yoast.com\/wordpress\/plugins\/seo\/ -->\n<title>Votre courtier en cr\u00e9dit \u00e0 Valenciennes - PresseTaux<\/title>\n<meta name=\"description\" content=\"Gr\u00e9gory Willay, je suis votre courtier en cr\u00e9dit \u00e0 Valenciennes. Venez me rencontrer afin que je vous fasse \u00c9CONOMISER de l&#039;argent !\" \/>\n<meta name=\"robots\" content=\"index, follow, max-snippet:-1, max-image-preview:large, max-video-preview:-1\" \/>\n<link rel=\"canonical\" href=\"https:\/\/pressetaux.fr\/valenciennes\/courtier-valenciennes\/\" \/>\n<meta property=\"og:locale\" content=\"fr_FR\" \/>\n<meta property=\"og:type\" content=\"article\" \/>\n<meta property=\"og:title\" content=\"Votre courtier en cr\u00e9dit \u00e0 Valenciennes - PresseTaux\" \/>\n<meta property=\"og:description\" content=\"Gr\u00e9gory Willay, je suis votre courtier en cr\u00e9dit \u00e0 Valenciennes. Venez me rencontrer afin que je vous fasse \u00c9CONOMISER de l&#039;argent !\" \/>\n<meta property=\"og:url\" content=\"https:\/\/pressetaux.fr\/valenciennes\/courtier-valenciennes\/\" \/>\n<meta property=\"og:site_name\" content=\"PresseTaux Valenciennes\" \/>\n<meta property=\"article:publisher\" content=\"https:\/\/www.facebook.com\/pressetauxvalenciennes?locale=fr_FR\" \/>\n<meta property=\"article:modified_time\" content=\"2024-04-22T13:36:26+00:00\" \/>\n<meta property=\"og:image\" content=\"https:\/\/pressetaux.fr\/wp-content\/uploads\/2015\/04\/contacter-conseiller.png\" \/>\n<meta name=\"twitter:label1\" content=\"Dur\u00e9e de lecture estim\u00e9e\" \/>\n\t<meta name=\"twitter:data1\" content=\"3 minutes\" \/>\n<script type=\"application\/ld+json\" class=\"yoast-schema-graph\">{\"@context\":\"https:\/\/schema.org\",\"@graph\":[{\"@type\":\"Organization\",\"@id\":\"https:\/\/pressetaux.fr\/valenciennes\/#organization\",\"name\":\"PresseTaux Valenciennes\",\"url\":\"https:\/\/pressetaux.fr\/valenciennes\/\",\"sameAs\":[\"https:\/\/www.facebook.com\/pressetauxvalenciennes?locale=fr_FR\"],\"logo\":{\"@type\":\"ImageObject\",\"@id\":\"https:\/\/pressetaux.fr\/valenciennes\/#logo\",\"inLanguage\":\"fr-FR\",\"url\":\"https:\/\/pressetaux.fr\/valenciennes\/wp-content\/uploads\/sites\/2\/2020\/11\/LogoPressetaux.png\",\"contentUrl\":\"https:\/\/pressetaux.fr\/valenciennes\/wp-content\/uploads\/sites\/2\/2020\/11\/LogoPressetaux.png\",\"width\":488,\"height\":278,\"caption\":\"PresseTaux Valenciennes\"},\"image\":{\"@id\":\"https:\/\/pressetaux.fr\/valenciennes\/#logo\"}},{\"@type\":\"WebSite\",\"@id\":\"https:\/\/pressetaux.fr\/valenciennes\/#website\",\"url\":\"https:\/\/pressetaux.fr\/valenciennes\/\",\"name\":\"PresseTaux Valenciennes\",\"description\":\"COURTIER EN CREDIT\",\"publisher\":{\"@id\":\"https:\/\/pressetaux.fr\/valenciennes\/#organization\"},\"potentialAction\":[{\"@type\":\"SearchAction\",\"target\":{\"@type\":\"EntryPoint\",\"urlTemplate\":\"https:\/\/pressetaux.fr\/valenciennes\/?s={search_term_string}\"},\"query-input\":\"required name=search_term_string\"}],\"inLanguage\":\"fr-FR\"},{\"@type\":\"ImageObject\",\"@id\":\"https:\/\/pressetaux.fr\/valenciennes\/courtier-valenciennes\/#primaryimage\",\"inLanguage\":\"fr-FR\",\"url\":\"https:\/\/pressetaux.fr\/wp-content\/uploads\/2015\/04\/contacter-conseiller.png\",\"contentUrl\":\"https:\/\/pressetaux.fr\/wp-content\/uploads\/2015\/04\/contacter-conseiller.png\"},{\"@type\":\"WebPage\",\"@id\":\"https:\/\/pressetaux.fr\/valenciennes\/courtier-valenciennes\/#webpage\",\"url\":\"https:\/\/pressetaux.fr\/valenciennes\/courtier-valenciennes\/\",\"name\":\"Votre courtier en cr\\u00e9dit \\u00e0 Valenciennes - PresseTaux\",\"isPartOf\":{\"@id\":\"https:\/\/pressetaux.fr\/valenciennes\/#website\"},\"primaryImageOfPage\":{\"@id\":\"https:\/\/pressetaux.fr\/valenciennes\/courtier-valenciennes\/#primaryimage\"},\"datePublished\":\"2013-05-02T13:08:19+00:00\",\"dateModified\":\"2024-04-22T13:36:26+00:00\",\"description\":\"Gr\\u00e9gory Willay, je suis votre courtier en cr\\u00e9dit \\u00e0 Valenciennes. Venez me rencontrer afin que je vous fasse \\u00c9CONOMISER de l'argent !\",\"breadcrumb\":{\"@id\":\"https:\/\/pressetaux.fr\/valenciennes\/courtier-valenciennes\/#breadcrumb\"},\"inLanguage\":\"fr-FR\",\"potentialAction\":[{\"@type\":\"ReadAction\",\"target\":[\"https:\/\/pressetaux.fr\/valenciennes\/courtier-valenciennes\/\"]}]},{\"@type\":\"BreadcrumbList\",\"@id\":\"https:\/\/pressetaux.fr\/valenciennes\/courtier-valenciennes\/#breadcrumb\",\"itemListElement\":[{\"@type\":\"ListItem\",\"position\":1,\"name\":\"Courtier en cr\\u00e9dit \\u00e0 Valenciennes\"}]}]}<\/script>\n<!-- \/ Yoast SEO plugin. -->","yoast_head_json":{"title":"Votre courtier en cr\u00e9dit \u00e0 Valenciennes - PresseTaux","description":"Gr\u00e9gory Willay, je suis votre courtier en cr\u00e9dit \u00e0 Valenciennes. Venez me rencontrer afin que je vous fasse \u00c9CONOMISER de l'argent !","robots":{"index":"index","follow":"follow","max-snippet":"max-snippet:-1","max-image-preview":"max-image-preview:large","max-video-preview":"max-video-preview:-1"},"canonical":"https:\/\/pressetaux.fr\/valenciennes\/courtier-valenciennes\/","og_locale":"fr_FR","og_type":"article","og_title":"Votre courtier en cr\u00e9dit \u00e0 Valenciennes - PresseTaux","og_description":"Gr\u00e9gory Willay, je suis votre courtier en cr\u00e9dit \u00e0 Valenciennes. Venez me rencontrer afin que je vous fasse \u00c9CONOMISER de l'argent !","og_url":"https:\/\/pressetaux.fr\/valenciennes\/courtier-valenciennes\/","og_site_name":"PresseTaux Valenciennes","article_publisher":"https:\/\/www.facebook.com\/pressetauxvalenciennes?locale=fr_FR","article_modified_time":"2024-04-22T13:36:26+00:00","og_image":[{"url":"https:\/\/pressetaux.fr\/wp-content\/uploads\/2015\/04\/contacter-conseiller.png"}],"twitter_misc":{"Dur\u00e9e de lecture estim\u00e9e":"3 minutes"},"schema":{"@context":"https:\/\/schema.org","@graph":[{"@type":"Organization","@id":"https:\/\/pressetaux.fr\/valenciennes\/#organization","name":"PresseTaux Valenciennes","url":"https:\/\/pressetaux.fr\/valenciennes\/","sameAs":["https:\/\/www.facebook.com\/pressetauxvalenciennes?locale=fr_FR"],"logo":{"@type":"ImageObject","@id":"https:\/\/pressetaux.fr\/valenciennes\/#logo","inLanguage":"fr-FR","url":"https:\/\/pressetaux.fr\/valenciennes\/wp-content\/uploads\/sites\/2\/2020\/11\/LogoPressetaux.png","contentUrl":"https:\/\/pressetaux.fr\/valenciennes\/wp-content\/uploads\/sites\/2\/2020\/11\/LogoPressetaux.png","width":488,"height":278,"caption":"PresseTaux Valenciennes"},"image":{"@id":"https:\/\/pressetaux.fr\/valenciennes\/#logo"}},{"@type":"WebSite","@id":"https:\/\/pressetaux.fr\/valenciennes\/#website","url":"https:\/\/pressetaux.fr\/valenciennes\/","name":"PresseTaux Valenciennes","description":"COURTIER EN CREDIT","publisher":{"@id":"https:\/\/pressetaux.fr\/valenciennes\/#organization"},"potentialAction":[{"@type":"SearchAction","target":{"@type":"EntryPoint","urlTemplate":"https:\/\/pressetaux.fr\/valenciennes\/?s={search_term_string}"},"query-input":"required name=search_term_string"}],"inLanguage":"fr-FR"},{"@type":"ImageObject","@id":"https:\/\/pressetaux.fr\/valenciennes\/courtier-valenciennes\/#primaryimage","inLanguage":"fr-FR","url":"https:\/\/pressetaux.fr\/wp-content\/uploads\/2015\/04\/contacter-conseiller.png","contentUrl":"https:\/\/pressetaux.fr\/wp-content\/uploads\/2015\/04\/contacter-conseiller.png"},{"@type":"WebPage","@id":"https:\/\/pressetaux.fr\/valenciennes\/courtier-valenciennes\/#webpage","url":"https:\/\/pressetaux.fr\/valenciennes\/courtier-valenciennes\/","name":"Votre courtier en cr\u00e9dit \u00e0 Valenciennes - PresseTaux","isPartOf":{"@id":"https:\/\/pressetaux.fr\/valenciennes\/#website"},"primaryImageOfPage":{"@id":"https:\/\/pressetaux.fr\/valenciennes\/courtier-valenciennes\/#primaryimage"},"datePublished":"2013-05-02T13:08:19+00:00","dateModified":"2024-04-22T13:36:26+00:00","description":"Gr\u00e9gory Willay, je suis votre courtier en cr\u00e9dit \u00e0 Valenciennes. Venez me rencontrer afin que je vous fasse \u00c9CONOMISER de l'argent !","breadcrumb":{"@id":"https:\/\/pressetaux.fr\/valenciennes\/courtier-valenciennes\/#breadcrumb"},"inLanguage":"fr-FR","potentialAction":[{"@type":"ReadAction","target":["https:\/\/pressetaux.fr\/valenciennes\/courtier-valenciennes\/"]}]},{"@type":"BreadcrumbList","@id":"https:\/\/pressetaux.fr\/valenciennes\/courtier-valenciennes\/#breadcrumb","itemListElement":[{"@type":"ListItem","position":1,"name":"Courtier en cr\u00e9dit \u00e0 Valenciennes"}]}]}},"_links":{"self":[{"href":"https:\/\/pressetaux.fr\/valenciennes\/wp-json\/wp\/v2\/pages\/870"}],"collection":[{"href":"https:\/\/pressetaux.fr\/valenciennes\/wp-json\/wp\/v2\/pages"}],"about":[{"href":"https:\/\/pressetaux.fr\/valenciennes\/wp-json\/wp\/v2\/types\/page"}],"author":[{"embeddable":true,"href":"https:\/\/pressetaux.fr\/valenciennes\/wp-json\/wp\/v2\/users\/8"}],"replies":[{"embeddable":true,"href":"https:\/\/pressetaux.fr\/valenciennes\/wp-json\/wp\/v2\/comments?post=870"}],"version-history":[{"count":0,"href":"https:\/\/pressetaux.fr\/valenciennes\/wp-json\/wp\/v2\/pages\/870\/revisions"}],"wp:attachment":[{"href":"https:\/\/pressetaux.fr\/valenciennes\/wp-json\/wp\/v2\/media?parent=870"}],"curies":[{"name":"wp","href":"https:\/\/api.w.org\/{rel}","templated":true}]}}